{"id":3797,"date":"2024-06-23T01:24:02","date_gmt":"2024-06-23T06:24:02","guid":{"rendered":"http:\/\/data.sedema.cdmx.gob.mx:9000\/bosquedechapultepec\/?page_id=3797"},"modified":"2025-02-04T10:36:20","modified_gmt":"2025-02-04T16:36:20","slug":"primera-seccion","status":"publish","type":"page","link":"http:\/\/bosquedechapultepec.mx:9000\/bosquedechapultepec\/primera-seccion\/","title":{"rendered":"Primera Secci\u00f3n"},"content":{"rendered":"\t\t<div data-elementor-type=\"wp-page\" data-elementor-id=\"3797\" class=\"elementor elementor-3797\" data-elementor-post-type=\"page\">\n\t\t\t\t<div class=\"elementor-element elementor-element-65f3084 e-flex e-con-boxed e-con e-parent\" data-id=\"65f3084\" data-element_type=\"container\" data-settings=\"{&quot;background_background&quot;:&quot;classic&quot;}\">\n\t\t\t\t\t<div class=\"e-con-inner\">\n\t\t\t\t<div class=\"elementor-element elementor-element-cfe0907 elementor-widget elementor-widget-heading\" data-id=\"cfe0907\" data-element_type=\"widget\" data-widget_type=\"heading.default\">\n\t\t\t\t<div class=\"elementor-widget-container\">\n\t\t\t\t\t<h1 class=\"elementor-heading-title elementor-size-default\">Primera Secci\u00f3n <\/h1>\t\t\t\t<\/div>\n\t\t\t\t<\/div>\n\t\t\t\t<div class=\"elementor-element elementor-element-3d87c04 elementor-widget elementor-widget-text-editor\" data-id=\"3d87c04\" data-element_type=\"widget\" data-widget_type=\"text-editor.default\">\n\t\t\t\t<div class=\"elementor-widget-container\">\n\t\t\t\t\t\t\t\t\t<p>El &#8220;Bosque Viejo&#8221;, tiene una extensi\u00f3n de 273.83 hect\u00e1reas y una vocaci\u00f3n cultural e hist\u00f3rica<\/p>\t\t\t\t\t\t\t\t<\/div>\n\t\t\t\t<\/div>\n\t\t\t\t\t<\/div>\n\t\t\t\t<\/div>\n\t\t<div class=\"elementor-element elementor-element-e160226 e-con-full e-flex e-con e-parent\" data-id=\"e160226\" data-element_type=\"container\" data-settings=\"{&quot;background_background&quot;:&quot;classic&quot;}\">\n\t\t<div class=\"elementor-element elementor-element-7250f56 e-flex e-con-boxed e-con e-child\" data-id=\"7250f56\" data-element_type=\"container\" data-settings=\"{&quot;background_background&quot;:&quot;classic&quot;}\">\n\t\t\t\t\t<div class=\"e-con-inner\">\n\t\t<div class=\"elementor-element elementor-element-b06beb7 e-flex e-con-boxed e-con e-child\" data-id=\"b06beb7\" data-element_type=\"container\">\n\t\t\t\t\t<div class=\"e-con-inner\">\n\t\t<div class=\"elementor-element elementor-element-e17f755 e-con-full e-flex e-con e-child\" data-id=\"e17f755\" data-element_type=\"container\" data-settings=\"{&quot;background_background&quot;:&quot;classic&quot;}\">\n\t\t\t\t<div class=\"elementor-element elementor-element-2e4f5fb elementor-widget-mobile__width-initial elementor-widget elementor-widget-ucaddon_ue_select_post_filter\" data-id=\"2e4f5fb\" data-element_type=\"widget\" data-widget_type=\"ucaddon_ue_select_post_filter.default\">\n\t\t\t\t<div class=\"elementor-widget-container\">\n\t\t\t\t\t\n<!-- start Select Dropdown Filter -->\n<style>\/* widget: Select Dropdown Filter *\/\n\n#uc_ue_select_post_filter_elementor_2e4f5fb.uc-filter-hidden,\n#uc_ue_select_post_filter_elementor_2e4f5fb.uc-filter-initing.uc-initing-filter-hidden{\n  display:none !important;\n}\n\n#uc_ue_select_post_filter_elementor_2e4f5fb .uc-filter-item-hidden{\n\tdisplay:none;\n}\n\n#uc_ue_select_post_filter_elementor_2e4f5fb .uc-select-filter__loader{\n\tposition:absolute;\n  \ttop:0px;\n    width:100%;\n    height:100%;\n  \tbackground-color:lightgray;\n}\n\n#uc_ue_select_post_filter_elementor_2e4f5fb.uc-filter-initing .uc-select-filter__loader{\n\t\n  display:block !important;\n}\n\n#uc_ue_select_post_filter_elementor_2e4f5fb.uc-filter-initing{\n  opacity:1 !important;\n}\n\n#uc_ue_select_post_filter_elementor_2e4f5fb label\n{\n  flex-shrink:1;\n  display:block;\n}\n\n#uc_ue_select_post_filter_elementor_2e4f5fb \n{\n  align-items:center;\n}\n\n#uc_ue_select_post_filter_elementor_2e4f5fb select{\n\t-webkit-appearance: none;\n    -moz-appearance: none;\n    appearance:\u00a0none;\n}\n\n#uc_ue_select_post_filter_elementor_2e4f5fb .uc-select-filter__select-wrapper{\n\tposition: relative;\n}\n\n#uc_ue_select_post_filter_elementor_2e4f5fb .uc-select-filter__select-indicator{\n\tposition: absolute;\n  \ttop: 50%;\n  \ttransform: translate(0, -50%);\n  \tz-index: 1;\n  \theight: 100%;\n    display: flex;\n    align-items: center;\n    justify-content: center;\n  \tpointer-events: none;\n}\n\n<\/style>\n\n\n<div id=\"uc_ue_select_post_filter_elementor_2e4f5fb\" class=\"uc-select-filter  uc-grid-filter uc-filter-initing uc-filter-initing uc-initing-filter-hidden uc-has-selected\" data-filtertype=\"select\"  data-initafter=\"true\" data-role=\"child\" style=\"\" >\n\n  \n  <div class=\"uc-select-filter__select-wrapper\">\n    <select class=\"uc-select-filter__select select-uc_ue_select_post_filter_elementor_2e4f5fb\">\n\n      \n      \n      <option value=\"5\" class=\"uc-select-filter__option  uc-filter-item-hidden  uc-selected\"  data-id=\"5\" data-type=\"term\" data-slug=\"espacios\" data-taxonomy=\"category\" data-title=\"Espacios\" data-key=\"term|category|espacios\"   selected>\n\n          <span  class=\"uc-select-filter__name\">Espacios<\/span>\n          \n      <\/option>  \n\n      \n      \n      \n      <option value=\"3\" class=\"uc-select-filter__option  uc-filter-item-hidden \"  data-id=\"3\" data-type=\"term\" data-slug=\"primera-seccion\" data-taxonomy=\"category\" data-title=\"Primera secci\u00f3n\" data-key=\"term|category|primera-seccion\"  >\n\n          <span  class=\"uc-select-filter__name\">Primera secci\u00f3n<\/span>\n          \n      <\/option>  \n\n      \n      \n      \n      <option value=\"14\" class=\"uc-select-filter__option  uc-filter-item-hidden \"  data-id=\"14\" data-type=\"term\" data-slug=\"noticias\" data-taxonomy=\"category\" data-title=\"Noticias\" data-key=\"term|category|noticias\"  >\n\n          <span  class=\"uc-select-filter__name\">Noticias<\/span>\n          \n      <\/option>  \n\n      \n      \n      \n      <option value=\"4\" class=\"uc-select-filter__option  uc-filter-item-hidden \"  data-id=\"4\" data-type=\"term\" data-slug=\"segunda-seccion\" data-taxonomy=\"category\" data-title=\"Segunda secci\u00f3n\" data-key=\"term|category|segunda-seccion\"  >\n\n          <span  class=\"uc-select-filter__name\">Segunda secci\u00f3n<\/span>\n          \n      <\/option>  \n\n      \n      \n      \n      <option value=\"44\" class=\"uc-select-filter__option  uc-filter-item-hidden \"  data-id=\"44\" data-type=\"term\" data-slug=\"parques-y-areas-recreativas-primera-seccion\" data-taxonomy=\"category\" data-title=\"Parques y \u00e1reas recreativas\" data-key=\"term|category|parques-y-areas-recreativas-primera-seccion\"  >\n\n          <span  class=\"uc-select-filter__name\">Parques y \u00e1reas recreativas<\/span>\n          \n      <\/option>  \n\n      \n      \n      \n      <option value=\"6\" class=\"uc-select-filter__option  uc-filter-item-hidden \"  data-id=\"6\" data-type=\"term\" data-slug=\"tercera-seccion\" data-taxonomy=\"category\" data-title=\"Tercera secci\u00f3n\" data-key=\"term|category|tercera-seccion\"  >\n\n          <span  class=\"uc-select-filter__name\">Tercera secci\u00f3n<\/span>\n          \n      <\/option>  \n\n      \n      \n      \n      <option value=\"18\" class=\"uc-select-filter__option  uc-filter-item-hidden \"  data-id=\"18\" data-type=\"term\" data-slug=\"fuentes-primera-seccion\" data-taxonomy=\"category\" data-title=\"Fuentes\" data-key=\"term|category|fuentes-primera-seccion\"  >\n\n          <span  class=\"uc-select-filter__name\">Fuentes<\/span>\n          \n      <\/option>  \n\n      \n      \n      \n      <option value=\"17\" class=\"uc-select-filter__option  uc-filter-item-hidden \"  data-id=\"17\" data-type=\"term\" data-slug=\"monumentos-primera-seccion\" data-taxonomy=\"category\" data-title=\"Monumentos\" data-key=\"term|category|monumentos-primera-seccion\"  >\n\n          <span  class=\"uc-select-filter__name\">Monumentos<\/span>\n          \n      <\/option>  \n\n      \n      \n      \n      <option value=\"45\" class=\"uc-select-filter__option  uc-filter-item-hidden \"  data-id=\"45\" data-type=\"term\" data-slug=\"parques-y-areas-recreativas-segunda-seccion\" data-taxonomy=\"category\" data-title=\"Parques y \u00e1reas recreativas\" data-key=\"term|category|parques-y-areas-recreativas-segunda-seccion\"  >\n\n          <span  class=\"uc-select-filter__name\">Parques y \u00e1reas recreativas<\/span>\n          \n      <\/option>  \n\n      \n      \n      \n      <option value=\"46\" class=\"uc-select-filter__option  uc-filter-item-hidden \"  data-id=\"46\" data-type=\"term\" data-slug=\"parques-y-areas-recreativas-tercera-seccion\" data-taxonomy=\"category\" data-title=\"Parques y \u00e1reas recreativas\" data-key=\"term|category|parques-y-areas-recreativas-tercera-seccion\"  >\n\n          <span  class=\"uc-select-filter__name\">Parques y \u00e1reas recreativas<\/span>\n          \n      <\/option>  \n\n      \n      \n      \n      <option value=\"16\" class=\"uc-select-filter__option  uc-filter-item-hidden \"  data-id=\"16\" data-type=\"term\" data-slug=\"recintos-culturales-primera-seccion\" data-taxonomy=\"category\" data-title=\"Recintos culturales\" data-key=\"term|category|recintos-culturales-primera-seccion\"  >\n\n          <span  class=\"uc-select-filter__name\">Recintos culturales<\/span>\n          \n      <\/option>  \n\n      \n      \n      \n      <option value=\"15\" class=\"uc-select-filter__option  uc-filter-item-hidden \"  data-id=\"15\" data-type=\"term\" data-slug=\"museos-primera-seccion\" data-taxonomy=\"category\" data-title=\"Museos\" data-key=\"term|category|museos-primera-seccion\"  >\n\n          <span  class=\"uc-select-filter__name\">Museos<\/span>\n          \n      <\/option>  \n\n      \n      \n      \n      <option value=\"24\" class=\"uc-select-filter__option  uc-filter-item-hidden \"  data-id=\"24\" data-type=\"term\" data-slug=\"fuentes-segunda-seccion\" data-taxonomy=\"category\" data-title=\"Fuentes\" data-key=\"term|category|fuentes-segunda-seccion\"  >\n\n          <span  class=\"uc-select-filter__name\">Fuentes<\/span>\n          \n      <\/option>  \n\n      \n      \n      \n      <option value=\"33\" class=\"uc-select-filter__option  uc-filter-item-hidden \"  data-id=\"33\" data-type=\"term\" data-slug=\"cuarta-seccion\" data-taxonomy=\"category\" data-title=\"Cuarta secci\u00f3n\" data-key=\"term|category|cuarta-seccion\"  >\n\n          <span  class=\"uc-select-filter__name\">Cuarta secci\u00f3n<\/span>\n          \n      <\/option>  \n\n      \n      \n      \n      <option value=\"32\" class=\"uc-select-filter__option  uc-filter-item-hidden \"  data-id=\"32\" data-type=\"term\" data-slug=\"recintos-culturales-tercera-seccion\" data-taxonomy=\"category\" data-title=\"Recintos culturales\" data-key=\"term|category|recintos-culturales-tercera-seccion\"  >\n\n          <span  class=\"uc-select-filter__name\">Recintos culturales<\/span>\n          \n      <\/option>  \n\n      \n      \n      \n      <option value=\"22\" class=\"uc-select-filter__option  uc-filter-item-hidden \"  data-id=\"22\" data-type=\"term\" data-slug=\"recintos-culturales-segunda-seccion\" data-taxonomy=\"category\" data-title=\"Recintos culturales\" data-key=\"term|category|recintos-culturales-segunda-seccion\"  >\n\n          <span  class=\"uc-select-filter__name\">Recintos culturales<\/span>\n          \n      <\/option>  \n\n      \n      \n      \n      <option value=\"57\" class=\"uc-select-filter__option  uc-filter-item-hidden \"  data-id=\"57\" data-type=\"term\" data-slug=\"restaurantes-segunda-seccion\" data-taxonomy=\"category\" data-title=\"Restaurantes y cafeter\u00edas\" data-key=\"term|category|restaurantes-segunda-seccion\"  >\n\n          <span  class=\"uc-select-filter__name\">Restaurantes y cafeter\u00edas<\/span>\n          \n      <\/option>  \n\n      \n      \n      \n      <option value=\"39\" class=\"uc-select-filter__option  uc-filter-item-hidden \"  data-id=\"39\" data-type=\"term\" data-slug=\"recintos-culturales-cuarta-seccion\" data-taxonomy=\"category\" data-title=\"Recintos culturales\" data-key=\"term|category|recintos-culturales-cuarta-seccion\"  >\n\n          <span  class=\"uc-select-filter__name\">Recintos culturales<\/span>\n          \n      <\/option>  \n\n      \n      \n      \n      <option value=\"56\" class=\"uc-select-filter__option  uc-filter-item-hidden \"  data-id=\"56\" data-type=\"term\" data-slug=\"restaurantes-primera-seccion\" data-taxonomy=\"category\" data-title=\"Restaurantes y cafeter\u00edas\" data-key=\"term|category|restaurantes-primera-seccion\"  >\n\n          <span  class=\"uc-select-filter__name\">Restaurantes y cafeter\u00edas<\/span>\n          \n      <\/option>  \n\n      \n      \n      \n      <option value=\"40\" class=\"uc-select-filter__option  uc-filter-item-hidden \"  data-id=\"40\" data-type=\"term\" data-slug=\"galerias-primera-seccion\" data-taxonomy=\"category\" data-title=\"Galer\u00edas\" data-key=\"term|category|galerias-primera-seccion\"  >\n\n          <span  class=\"uc-select-filter__name\">Galer\u00edas<\/span>\n          \n      <\/option>  \n\n      \n      \n      \n      <option value=\"47\" class=\"uc-select-filter__option  uc-filter-item-hidden \"  data-id=\"47\" data-type=\"term\" data-slug=\"parques-y-areas-recreativas-cuarta-seccion\" data-taxonomy=\"category\" data-title=\"Parques y \u00e1reas recreativas\" data-key=\"term|category|parques-y-areas-recreativas-cuarta-seccion\"  >\n\n          <span  class=\"uc-select-filter__name\">Parques y \u00e1reas recreativas<\/span>\n          \n      <\/option>  \n\n      \n      \n      \n      <option value=\"48\" class=\"uc-select-filter__option  uc-filter-item-hidden \"  data-id=\"48\" data-type=\"term\" data-slug=\"mercados-primera-seccion\" data-taxonomy=\"category\" data-title=\"Mercados\" data-key=\"term|category|mercados-primera-seccion\"  >\n\n          <span  class=\"uc-select-filter__name\">Mercados<\/span>\n          \n      <\/option>  \n\n      \n      \n      \n      <option value=\"21\" class=\"uc-select-filter__option  uc-filter-item-hidden \"  data-id=\"21\" data-type=\"term\" data-slug=\"museos-segunda-seccion\" data-taxonomy=\"category\" data-title=\"Museos\" data-key=\"term|category|museos-segunda-seccion\"  >\n\n          <span  class=\"uc-select-filter__name\">Museos<\/span>\n          \n      <\/option>  \n\n      \n      \n      \n      <option value=\"20\" class=\"uc-select-filter__option  uc-filter-item-hidden \"  data-id=\"20\" data-type=\"term\" data-slug=\"centros-de-conservacion-primera-seccion\" data-taxonomy=\"category\" data-title=\"Centros de conservaci\u00f3n\" data-key=\"term|category|centros-de-conservacion-primera-seccion\"  >\n\n          <span  class=\"uc-select-filter__name\">Centros de conservaci\u00f3n<\/span>\n          \n      <\/option>  \n\n      \n      \n      \n      <option value=\"52\" class=\"uc-select-filter__option  uc-filter-item-hidden \"  data-id=\"52\" data-type=\"term\" data-slug=\"librerias-primera-seccion\" data-taxonomy=\"category\" data-title=\"Librer\u00edas\" data-key=\"term|category|librerias-primera-seccion\"  >\n\n          <span  class=\"uc-select-filter__name\">Librer\u00edas<\/span>\n          \n      <\/option>  \n\n      \n      \n      \n      <option value=\"64\" class=\"uc-select-filter__option  uc-filter-item-hidden \"  data-id=\"64\" data-type=\"term\" data-slug=\"rally\" data-taxonomy=\"category\" data-title=\"Rally Quir\u00f3ptera\" data-key=\"term|category|rally\"  >\n\n          <span  class=\"uc-select-filter__name\">Rally Quir\u00f3ptera<\/span>\n          \n      <\/option>  \n\n      \n      \n      \n      <option value=\"59\" class=\"uc-select-filter__option  uc-filter-item-hidden \"  data-id=\"59\" data-type=\"term\" data-slug=\"restaurantes-cuarta-seccion\" data-taxonomy=\"category\" data-title=\"Restaurantes y cafeter\u00edas\" data-key=\"term|category|restaurantes-cuarta-seccion\"  >\n\n          <span  class=\"uc-select-filter__name\">Restaurantes y cafeter\u00edas<\/span>\n          \n      <\/option>  \n\n      \n      \n      \n      <option value=\"55\" class=\"uc-select-filter__option  uc-filter-item-hidden \"  data-id=\"55\" data-type=\"term\" data-slug=\"librerias-cuarta-seccion\" data-taxonomy=\"category\" data-title=\"Librer\u00edas\" data-key=\"term|category|librerias-cuarta-seccion\"  >\n\n          <span  class=\"uc-select-filter__name\">Librer\u00edas<\/span>\n          \n      <\/option>  \n\n      \n      \n      \n      <option value=\"60\" class=\"uc-select-filter__option  uc-filter-item-hidden \"  data-id=\"60\" data-type=\"term\" data-slug=\"quiroptera\" data-taxonomy=\"category\" data-title=\"Rally\" data-key=\"term|category|quiroptera\"  >\n\n          <span  class=\"uc-select-filter__name\">Rally<\/span>\n          \n      <\/option>  \n\n      \n      \n      \n      <option value=\"58\" class=\"uc-select-filter__option  uc-filter-item-hidden \"  data-id=\"58\" data-type=\"term\" data-slug=\"restaurantes-tercera-seccion\" data-taxonomy=\"category\" data-title=\"Restaurantes y cafeter\u00edas\" data-key=\"term|category|restaurantes-tercera-seccion\"  >\n\n          <span  class=\"uc-select-filter__name\">Restaurantes y cafeter\u00edas<\/span>\n          \n      <\/option>  \n\n      \n      \n      \n      <option value=\"54\" class=\"uc-select-filter__option  uc-filter-item-hidden \"  data-id=\"54\" data-type=\"term\" data-slug=\"librerias-tercera-seccion\" data-taxonomy=\"category\" data-title=\"Librer\u00edas\" data-key=\"term|category|librerias-tercera-seccion\"  >\n\n          <span  class=\"uc-select-filter__name\">Librer\u00edas<\/span>\n          \n      <\/option>  \n\n      \n      \n      \n      <option value=\"49\" class=\"uc-select-filter__option  uc-filter-item-hidden \"  data-id=\"49\" data-type=\"term\" data-slug=\"mercados-segunda-seccion\" data-taxonomy=\"category\" data-title=\"Mercados\" data-key=\"term|category|mercados-segunda-seccion\"  >\n\n          <span  class=\"uc-select-filter__name\">Mercados<\/span>\n          \n      <\/option>  \n\n      \n      \n      \n      <option value=\"53\" class=\"uc-select-filter__option  uc-filter-item-hidden \"  data-id=\"53\" data-type=\"term\" data-slug=\"librerias-segunda-seccion\" data-taxonomy=\"category\" data-title=\"Librer\u00edas\" data-key=\"term|category|librerias-segunda-seccion\"  >\n\n          <span  class=\"uc-select-filter__name\">Librer\u00edas<\/span>\n          \n      <\/option>  \n\n      \n      \n      \n      <option value=\"50\" class=\"uc-select-filter__option  uc-filter-item-hidden \"  data-id=\"50\" data-type=\"term\" data-slug=\"mercados-tercera-seccion\" data-taxonomy=\"category\" data-title=\"Mercados\" data-key=\"term|category|mercados-tercera-seccion\"  >\n\n          <span  class=\"uc-select-filter__name\">Mercados<\/span>\n          \n      <\/option>  \n\n      \n      \n      \n      <option value=\"51\" class=\"uc-select-filter__option  uc-filter-item-hidden \"  data-id=\"51\" data-type=\"term\" data-slug=\"mercados-cuarta-seccion\" data-taxonomy=\"category\" data-title=\"Mercados\" data-key=\"term|category|mercados-cuarta-seccion\"  >\n\n          <span  class=\"uc-select-filter__name\">Mercados<\/span>\n          \n      <\/option>  \n\n      \n      \n      \n      <option value=\"43\" class=\"uc-select-filter__option  uc-filter-item-hidden \"  data-id=\"43\" data-type=\"term\" data-slug=\"galerias-cuarta-seccion\" data-taxonomy=\"category\" data-title=\"Galer\u00edas\" data-key=\"term|category|galerias-cuarta-seccion\"  >\n\n          <span  class=\"uc-select-filter__name\">Galer\u00edas<\/span>\n          \n      <\/option>  \n\n      \n      \n      \n      <option value=\"42\" class=\"uc-select-filter__option  uc-filter-item-hidden \"  data-id=\"42\" data-type=\"term\" data-slug=\"galerias-tercera-seccion\" data-taxonomy=\"category\" data-title=\"Galer\u00edas\" data-key=\"term|category|galerias-tercera-seccion\"  >\n\n          <span  class=\"uc-select-filter__name\">Galer\u00edas<\/span>\n          \n      <\/option>  \n\n      \n      \n      \n      <option value=\"10\" class=\"uc-select-filter__option  uc-filter-item-hidden \"  data-id=\"10\" data-type=\"term\" data-slug=\"talleres\" data-taxonomy=\"category\" data-title=\"Talleres\" data-key=\"term|category|talleres\"  >\n\n          <span  class=\"uc-select-filter__name\">Talleres<\/span>\n          \n      <\/option>  \n\n      \n      \n      \n      <option value=\"11\" class=\"uc-select-filter__option  uc-filter-item-hidden \"  data-id=\"11\" data-type=\"term\" data-slug=\"arte\" data-taxonomy=\"category\" data-title=\"Arte\" data-key=\"term|category|arte\"  >\n\n          <span  class=\"uc-select-filter__name\">Arte<\/span>\n          \n      <\/option>  \n\n      \n      \n      \n      <option value=\"12\" class=\"uc-select-filter__option  uc-filter-item-hidden \"  data-id=\"12\" data-type=\"term\" data-slug=\"cartelera\" data-taxonomy=\"category\" data-title=\"Cartelera\" data-key=\"term|category|cartelera\"  >\n\n          <span  class=\"uc-select-filter__name\">Cartelera<\/span>\n          \n      <\/option>  \n\n      \n      \n      \n      <option value=\"13\" class=\"uc-select-filter__option  uc-filter-item-hidden \"  data-id=\"13\" data-type=\"term\" data-slug=\"recorridos\" data-taxonomy=\"category\" data-title=\"Recorridos\" data-key=\"term|category|recorridos\"  >\n\n          <span  class=\"uc-select-filter__name\">Recorridos<\/span>\n          \n      <\/option>  \n\n      \n      \n      \n      <option value=\"1\" class=\"uc-select-filter__option  uc-filter-item-hidden \"  data-id=\"1\" data-type=\"term\" data-slug=\"uncategorized\" data-taxonomy=\"category\" data-title=\"Uncategorized\" data-key=\"term|category|uncategorized\"  >\n\n          <span  class=\"uc-select-filter__name\">Uncategorized<\/span>\n          \n      <\/option>  \n\n      \n      \n      \n      <option value=\"23\" class=\"uc-select-filter__option  uc-filter-item-hidden \"  data-id=\"23\" data-type=\"term\" data-slug=\"monumentos-segunda-seccion\" data-taxonomy=\"category\" data-title=\"Monumentos\" data-key=\"term|category|monumentos-segunda-seccion\"  >\n\n          <span  class=\"uc-select-filter__name\">Monumentos<\/span>\n          \n      <\/option>  \n\n      \n      \n      \n      <option value=\"26\" class=\"uc-select-filter__option  uc-filter-item-hidden \"  data-id=\"26\" data-type=\"term\" data-slug=\"centros-de-conservacion-segunda-seccion\" data-taxonomy=\"category\" data-title=\"Centros de conservaci\u00f3n\" data-key=\"term|category|centros-de-conservacion-segunda-seccion\"  >\n\n          <span  class=\"uc-select-filter__name\">Centros de conservaci\u00f3n<\/span>\n          \n      <\/option>  \n\n      \n      \n      \n      <option value=\"27\" class=\"uc-select-filter__option  uc-filter-item-hidden \"  data-id=\"27\" data-type=\"term\" data-slug=\"centros-de-conservacion-tercera-seccion\" data-taxonomy=\"category\" data-title=\"Centros de conservaci\u00f3n\" data-key=\"term|category|centros-de-conservacion-tercera-seccion\"  >\n\n          <span  class=\"uc-select-filter__name\">Centros de conservaci\u00f3n<\/span>\n          \n      <\/option>  \n\n      \n      \n      \n      <option value=\"29\" class=\"uc-select-filter__option  uc-filter-item-hidden \"  data-id=\"29\" data-type=\"term\" data-slug=\"fuentes-tercera-seccion\" data-taxonomy=\"category\" data-title=\"Fuentes\" data-key=\"term|category|fuentes-tercera-seccion\"  >\n\n          <span  class=\"uc-select-filter__name\">Fuentes<\/span>\n          \n      <\/option>  \n\n      \n      \n      \n      <option value=\"30\" class=\"uc-select-filter__option  uc-filter-item-hidden \"  data-id=\"30\" data-type=\"term\" data-slug=\"monumentos-tercera-seccion\" data-taxonomy=\"category\" data-title=\"Monumentos\" data-key=\"term|category|monumentos-tercera-seccion\"  >\n\n          <span  class=\"uc-select-filter__name\">Monumentos<\/span>\n          \n      <\/option>  \n\n      \n      \n      \n      <option value=\"31\" class=\"uc-select-filter__option  uc-filter-item-hidden \"  data-id=\"31\" data-type=\"term\" data-slug=\"museos-tercera-seccion\" data-taxonomy=\"category\" data-title=\"Museos\" data-key=\"term|category|museos-tercera-seccion\"  >\n\n          <span  class=\"uc-select-filter__name\">Museos<\/span>\n          \n      <\/option>  \n\n      \n      \n      \n      <option value=\"35\" class=\"uc-select-filter__option  uc-filter-item-hidden \"  data-id=\"35\" data-type=\"term\" data-slug=\"centros-de-conservacion-cuarta-seccion\" data-taxonomy=\"category\" data-title=\"Centros de conservaci\u00f3n\" data-key=\"term|category|centros-de-conservacion-cuarta-seccion\"  >\n\n          <span  class=\"uc-select-filter__name\">Centros de conservaci\u00f3n<\/span>\n          \n      <\/option>  \n\n      \n      \n      \n      <option value=\"36\" class=\"uc-select-filter__option  uc-filter-item-hidden \"  data-id=\"36\" data-type=\"term\" data-slug=\"fuentes-cuarta-seccion\" data-taxonomy=\"category\" data-title=\"Fuentes\" data-key=\"term|category|fuentes-cuarta-seccion\"  >\n\n          <span  class=\"uc-select-filter__name\">Fuentes<\/span>\n          \n      <\/option>  \n\n      \n      \n      \n      <option value=\"37\" class=\"uc-select-filter__option  uc-filter-item-hidden \"  data-id=\"37\" data-type=\"term\" data-slug=\"monumentos-cuarta-seccion\" data-taxonomy=\"category\" data-title=\"Monumentos\" data-key=\"term|category|monumentos-cuarta-seccion\"  >\n\n          <span  class=\"uc-select-filter__name\">Monumentos<\/span>\n          \n      <\/option>  \n\n      \n      \n      \n      <option value=\"38\" class=\"uc-select-filter__option  uc-filter-item-hidden \"  data-id=\"38\" data-type=\"term\" data-slug=\"museos-cuarta-seccion\" data-taxonomy=\"category\" data-title=\"Museos\" data-key=\"term|category|museos-cuarta-seccion\"  >\n\n          <span  class=\"uc-select-filter__name\">Museos<\/span>\n          \n      <\/option>  \n\n      \n      \n      \n      <option value=\"41\" class=\"uc-select-filter__option  uc-filter-item-hidden \"  data-id=\"41\" data-type=\"term\" data-slug=\"galerias-segunda-seccion\" data-taxonomy=\"category\" data-title=\"Galer\u00edas\" data-key=\"term|category|galerias-segunda-seccion\"  >\n\n          <span  class=\"uc-select-filter__name\">Galer\u00edas<\/span>\n          \n      <\/option>  \n\n      \n      \n      \n      <option value=\"9\" class=\"uc-select-filter__option  uc-filter-item-hidden \"  data-id=\"9\" data-type=\"term\" data-slug=\"conciertos\" data-taxonomy=\"category\" data-title=\"Conciertos\" data-key=\"term|category|conciertos\"  >\n\n          <span  class=\"uc-select-filter__name\">Conciertos<\/span>\n          \n      <\/option>  \n\n      \n      \n    <\/select>\n    <div class=\"uc-select-filter__select-indicator\"><i class='fas fa-angle-down'><\/i><\/div>\n  <\/div>  \n\n    \n   \n      \n   \n      \n   \n      \n   \n      \n   \n      \n   \n      \n   \n      \n   \n      \n   \n      \n   \n      \n   \n      \n   \n      \n   \n      \n   \n      \n   \n      \n   \n      \n   \n      \n   \n      \n   \n      \n   \n      \n   \n      \n   \n      \n   \n      \n   \n      \n   \n      \n   \n      \n   \n      \n   \n      \n   \n      \n   \n      \n   \n      \n   \n      \n   \n      \n   \n      \n   \n      \n   \n      \n   \n      \n   \n      \n   \n      \n   \n      \n   \n      \n   \n      \n   \n      \n   \n      \n   \n      \n   \n      \n   \n      \n   \n      \n   \n      \n   \n      \n   \n      \n   \n      \n   \n      \n   \n      \n    \n \n<div class=\"uc-select-filter__loader\" style=\"display:none\"><\/div>\n\n<\/div>\n<!-- end Select Dropdown Filter -->\t\t\t\t<\/div>\n\t\t\t\t<\/div>\n\t\t\t\t<div class=\"elementor-element elementor-element-71c4315 elementor-hidden-desktop elementor-hidden-tablet elementor-hidden-mobile elementor-widget elementor-widget-ucaddon_ue_select_post_filter\" data-id=\"71c4315\" data-element_type=\"widget\" data-widget_type=\"ucaddon_ue_select_post_filter.default\">\n\t\t\t\t<div class=\"elementor-widget-container\">\n\t\t\t\t\t\n<!-- start Select Dropdown Filter -->\n<style>\/* widget: Select Dropdown Filter *\/\n\n#uc_ue_select_post_filter_elementor_71c4315.uc-filter-hidden,\n#uc_ue_select_post_filter_elementor_71c4315.uc-filter-initing.uc-initing-filter-hidden{\n  display:none !important;\n}\n\n#uc_ue_select_post_filter_elementor_71c4315 .uc-filter-item-hidden{\n\tdisplay:none;\n}\n\n#uc_ue_select_post_filter_elementor_71c4315 .uc-select-filter__loader{\n\tposition:absolute;\n  \ttop:0px;\n    width:100%;\n    height:100%;\n  \tbackground-color:lightgray;\n}\n\n#uc_ue_select_post_filter_elementor_71c4315.uc-filter-initing .uc-select-filter__loader{\n\t\n  display:block !important;\n}\n\n#uc_ue_select_post_filter_elementor_71c4315.uc-filter-initing{\n  opacity:1 !important;\n}\n\n#uc_ue_select_post_filter_elementor_71c4315 label\n{\n  flex-shrink:1;\n  display:block;\n}\n\n#uc_ue_select_post_filter_elementor_71c4315 \n{\n  align-items:center;\n}\n\n#uc_ue_select_post_filter_elementor_71c4315 select{\n\t-webkit-appearance: none;\n    -moz-appearance: none;\n    appearance:\u00a0none;\n}\n\n#uc_ue_select_post_filter_elementor_71c4315 .uc-select-filter__select-wrapper{\n\tposition: relative;\n}\n\n#uc_ue_select_post_filter_elementor_71c4315 .uc-select-filter__select-indicator{\n\tposition: absolute;\n  \ttop: 50%;\n  \ttransform: translate(0, -50%);\n  \tz-index: 1;\n  \theight: 100%;\n    display: flex;\n    align-items: center;\n    justify-content: center;\n  \tpointer-events: none;\n}\n\n<\/style>\n\n\n<div id=\"uc_ue_select_post_filter_elementor_71c4315\" class=\"uc-select-filter  uc-grid-filter uc-filter-initing uc-has-selected\" data-filtertype=\"select\"  data-initafter=\"true\" data-role=\"main\" style=\"\" >\n\n  \n  <div class=\"uc-select-filter__select-wrapper\">\n    <select class=\"uc-select-filter__select select-uc_ue_select_post_filter_elementor_71c4315\">\n\n      \n      \n      <option value=\"3\" class=\"uc-select-filter__option  uc-filter-item-hidden  uc-selected\"  data-id=\"3\" data-type=\"term\" data-slug=\"primera-seccion\" data-taxonomy=\"category\" data-title=\"Primera secci\u00f3n\" data-key=\"term|category|primera-seccion\"   selected>\n\n          <span  class=\"uc-select-filter__name\">Primera secci\u00f3n<\/span>\n          \n      <\/option>  \n\n      \n      \n    <\/select>\n    <div class=\"uc-select-filter__select-indicator\"><i class='fas fa-angle-down'><\/i><\/div>\n  <\/div>  \n\n    \n   \n      \n    \n \n<div class=\"uc-select-filter__loader\" style=\"display:none\"><\/div>\n\n<\/div>\n<!-- end Select Dropdown Filter -->\t\t\t\t<\/div>\n\t\t\t\t<\/div>\n\t\t\t\t<div class=\"elementor-element elementor-element-fd092e4 elementor-widget__width-initial elementor-widget elementor-widget-accordion\" data-id=\"fd092e4\" data-element_type=\"widget\" data-widget_type=\"accordion.default\">\n\t\t\t\t<div class=\"elementor-widget-container\">\n\t\t\t\t\t\t\t<div class=\"elementor-accordion\">\n\t\t\t\t\t\t\t<div class=\"elementor-accordion-item\">\n\t\t\t\t\t<div id=\"elementor-tab-title-2651\" class=\"elementor-tab-title\" data-tab=\"1\" role=\"button\" aria-controls=\"elementor-tab-content-2651\" aria-expanded=\"false\">\n\t\t\t\t\t\t\t\t\t\t\t\t\t<span class=\"elementor-accordion-icon elementor-accordion-icon-right\" aria-hidden=\"true\">\n\t\t\t\t\t\t\t\t\t\t\t\t\t\t\t<span class=\"elementor-accordion-icon-closed\"><svg class=\"e-font-icon-svg e-fas-chevron-down\" viewBox=\"0 0 448 512\" xmlns=\"http:\/\/www.w3.org\/2000\/svg\"><path d=\"M207.029 381.476L12.686 187.132c-9.373-9.373-9.373-24.569 0-33.941l22.667-22.667c9.357-9.357 24.522-9.375 33.901-.04L224 284.505l154.745-154.021c9.379-9.335 24.544-9.317 33.901.04l22.667 22.667c9.373 9.373 9.373 24.569 0 33.941L240.971 381.476c-9.373 9.372-24.569 9.372-33.942 0z\"><\/path><\/svg><\/span>\n\t\t\t\t\t\t\t\t<span class=\"elementor-accordion-icon-opened\"><svg class=\"e-font-icon-svg e-fas-chevron-up\" viewBox=\"0 0 448 512\" xmlns=\"http:\/\/www.w3.org\/2000\/svg\"><path d=\"M240.971 130.524l194.343 194.343c9.373 9.373 9.373 24.569 0 33.941l-22.667 22.667c-9.357 9.357-24.522 9.375-33.901.04L224 227.495 69.255 381.516c-9.379 9.335-24.544 9.317-33.901-.04l-22.667-22.667c-9.373-9.373-9.373-24.569 0-33.941L207.03 130.525c9.372-9.373 24.568-9.373 33.941-.001z\"><\/path><\/svg><\/span>\n\t\t\t\t\t\t\t\t\t\t\t\t\t\t<\/span>\n\t\t\t\t\t\t\t\t\t\t\t\t<a class=\"elementor-accordion-title\" tabindex=\"0\">Espacios<\/a>\n\t\t\t\t\t<\/div>\n\t\t\t\t\t<div id=\"elementor-tab-content-2651\" class=\"elementor-tab-content elementor-clearfix\" data-tab=\"1\" role=\"region\" aria-labelledby=\"elementor-tab-title-2651\"><\/div>\n\t\t\t\t<\/div>\n\t\t\t\t\t\t\t<div class=\"elementor-accordion-item\">\n\t\t\t\t\t<div id=\"elementor-tab-title-2652\" class=\"elementor-tab-title\" data-tab=\"2\" role=\"button\" aria-controls=\"elementor-tab-content-2652\" aria-expanded=\"false\">\n\t\t\t\t\t\t\t\t\t\t\t\t\t<span class=\"elementor-accordion-icon elementor-accordion-icon-right\" aria-hidden=\"true\">\n\t\t\t\t\t\t\t\t\t\t\t\t\t\t\t<span class=\"elementor-accordion-icon-closed\"><svg class=\"e-font-icon-svg e-fas-chevron-down\" viewBox=\"0 0 448 512\" xmlns=\"http:\/\/www.w3.org\/2000\/svg\"><path d=\"M207.029 381.476L12.686 187.132c-9.373-9.373-9.373-24.569 0-33.941l22.667-22.667c9.357-9.357 24.522-9.375 33.901-.04L224 284.505l154.745-154.021c9.379-9.335 24.544-9.317 33.901.04l22.667 22.667c9.373 9.373 9.373 24.569 0 33.941L240.971 381.476c-9.373 9.372-24.569 9.372-33.942 0z\"><\/path><\/svg><\/span>\n\t\t\t\t\t\t\t\t<span class=\"elementor-accordion-icon-opened\"><svg class=\"e-font-icon-svg e-fas-chevron-up\" viewBox=\"0 0 448 512\" xmlns=\"http:\/\/www.w3.org\/2000\/svg\"><path d=\"M240.971 130.524l194.343 194.343c9.373 9.373 9.373 24.569 0 33.941l-22.667 22.667c-9.357 9.357-24.522 9.375-33.901.04L224 227.495 69.255 381.516c-9.379 9.335-24.544 9.317-33.901-.04l-22.667-22.667c-9.373-9.373-9.373-24.569 0-33.941L207.03 130.525c9.372-9.373 24.568-9.373 33.941-.001z\"><\/path><\/svg><\/span>\n\t\t\t\t\t\t\t\t\t\t\t\t\t\t<\/span>\n\t\t\t\t\t\t\t\t\t\t\t\t<a class=\"elementor-accordion-title\" tabindex=\"0\">Espacios<\/a>\n\t\t\t\t\t<\/div>\n\t\t\t\t\t<div id=\"elementor-tab-content-2652\" class=\"elementor-tab-content elementor-clearfix\" data-tab=\"2\" role=\"region\" aria-labelledby=\"elementor-tab-title-2652\"><p><a href=\"http:\/\/data.sedema.cdmx.gob.mx:9000\/bosquedechapultepec\/primera-seccion\/\">Primera secci\u00f3n<\/a><\/p><p><a href=\"http:\/\/data.sedema.cdmx.gob.mx:9000\/bosquedechapultepec\/segunda-seccion\/\">Segunda Secci\u00f3n<\/a><\/p><p><a href=\"http:\/\/data.sedema.cdmx.gob.mx:9000\/bosquedechapultepec\/tercera-seccion\/\">Tercera Secci\u00f3n<\/a><\/p><p><a href=\"http:\/\/data.sedema.cdmx.gob.mx:9000\/bosquedechapultepec\/cuarta-seccion\/\">Cuarta Secci\u00f3n<\/a><\/p><\/div>\n\t\t\t\t<\/div>\n\t\t\t\t\t\t\t\t<\/div>\n\t\t\t\t\t\t<\/div>\n\t\t\t\t<\/div>\n\t\t\t\t<div class=\"elementor-element elementor-element-954337b elementor-widget__width-initial elementor-hidden-desktop elementor-hidden-tablet elementor-hidden-mobile elementor-widget elementor-widget-html\" data-id=\"954337b\" data-element_type=\"widget\" data-widget_type=\"html.default\">\n\t\t\t\t<div class=\"elementor-widget-container\">\n\t\t\t\t\t<script>\r\n  document.addEventListener('DOMContentLoaded', (event) => {\r\n    var activeElement = document.querySelector('.elementor-tab-title.elementor-active');\r\n    if (activeElement) {\r\n      activeElement.classList.remove('elementor-active');\r\n    }\r\n  });\r\n<\/script>\r\n\t\t\t\t<\/div>\n\t\t\t\t<\/div>\n\t\t\t\t<\/div>\n\t\t\t\t\t<\/div>\n\t\t\t\t<\/div>\n\t\t\t\t<div class=\"elementor-element elementor-element-4a42e3d elementor-widget elementor-widget-ucaddon_post_grid\" data-id=\"4a42e3d\" data-element_type=\"widget\" data-widget_type=\"ucaddon_post_grid.default\">\n\t\t\t\t<div class=\"elementor-widget-container\">\n\t\t\t\t\t\n<!-- start Post Grid -->\n<style>\/* widget: Post Grid *\/\n\n\n\n#uc_post_grid_elementor_4a42e3d.uc_post_grid_style_one .uc_post_grid_style_one_wrap {\n   display:grid;\n}\n\n\n#uc_post_grid_elementor_4a42e3d .uc_post_grid_style_one_item\n{\n  position:relative;\n}\n\n#uc_post_grid_elementor_4a42e3d .uc_post_image\n{\n  transition:0.3s;\n  position:relative;\n  overflow:hidden;\n}\n\n#uc_post_grid_elementor_4a42e3d .uc_post_image img\n{\n  width:100%;\n  display:block;\n  transition:0.3s;\n}\n\n\n\t\n\n\n\n\n\n\n#uc_post_grid_elementor_4a42e3d .uc_post_image_overlay\n{\n  position:absolute;\n  top:0px;\n  left:0px;\n  height:100%;\n  width:100%;\n  transition:0.3s;\n}\n\n#uc_post_grid_elementor_4a42e3d .uc_more_btn-custom-field\n{\n  display:inline-block;\n  text-align:center;\n  text-decoration:none;\n  transition:0.3s;\n}\n\n#uc_post_grid_elementor_4a42e3d .uc_more_btn\n{\n  display:inline-block;\n  text-align:center;\n  text-decoration:none;\n  transition:0.3s;\n}\n\n.ue-grid-item-category a\n{\n  display:inline-block;\n  font-size:10px;\n  position: relative;\n  z-index: 1;\n}\n#uc_post_grid_elementor_4a42e3d .ue-grid-item-category a{\n    cursor: text;\n  }\n.uc_post_title\n{\n  font-size:21px;\n}\n\n\n\n\n\n\t#uc_post_grid_elementor_4a42e3d.uc_post_grid_style_one .uc_content{\n      position:absolute;\n      top:0px;\n      left:0px;\n      bottom:0px;\n      right:0px;\n      opacity:1;\n      transition:1s;\n      display:flex;\n      align-items:center;\n      flex-direction:column;\n      justify-content: center;\n    }\n\n\t#uc_post_grid_elementor_4a42e3d .uc_post_grid_style_one_item:hover .uc_content{\n      opacity:0.7;\n    }\n\n\n\n\n\n\n\n\n\n\n\n\n\n\n\n\n\n\n\n\n\n#uc_post_grid_elementor_4a42e3d .ue-meta-data\n{\n  \n  display:flex;\n\n  flex-wrap: wrap;\n  line-height:1em;\n}\n\n#uc_post_grid_elementor_4a42e3d .ue-grid-item-meta-data\n{\n      display:inline-flex;\n      align-items:center;\n}\n\n#uc_post_grid_elementor_4a42e3d .ue-grid-item-meta-data a{\n  color:inherit;\n}\n\n.ue-grid-item-meta-data\n{\n  font-size:12px;\n}\n\n#uc_post_grid_elementor_4a42e3d .ue-grid-item-meta-data-icon\n{\n  line-height:1em;\n}\n\n#uc_post_grid_elementor_4a42e3d .ue-grid-item-meta-data-icon svg\n{\n  width:1em;\n  height:1em;\n}\n\n#uc_post_grid_elementor_4a42e3d .ue-debug-meta\n{\n  padding:10px;\n  border:1px solid red;\n  position:relative;\n  line-height:1.5em;\n  font-size:11px;\n  width:100%;\n}\n\n#uc_post_grid_elementor_4a42e3d .uc_btn_inner\n{\n  display:inline-flex;\n  align-items:center;\n}\n\n#uc_post_grid_elementor_4a42e3d .uc_btn_inner svg\n{\n  width:1em;\n  height:1em;\n}\n\n  #uc_post_grid_elementor_4a42e3d .ue_post_full_link{\n    position:absolute;\n    width:100%;\n    height:100%;\n    top:0;\n    left:0;\n  }\n\n\n\n\n\n\n\n\n\n\n\n\n\n\n\n\n\n\n\n\n\n\n\n\n\n\n\n\n\n\n\n\n\n\n\n\n\n\n\n\n\n\n\n\n\n\n\n\n\n\n\n\n\n\n\n\n\n\n\n\n\n\n\n\n\n\n\n\n\n\n\n<\/style>\n\n<div class=\"uc_post_grid_style_one uc-filterable-grid \" id=\"uc_post_grid_elementor_4a42e3d\"  data-ajax='true'  data-filterbehave='ajax'  querydata='{&quot;count_posts&quot;:68,&quot;total_posts&quot;:68,&quot;page&quot;:1,&quot;num_pages&quot;:1}' >\n\t\t<div class=\"uc_post_grid_style_one_wrap ue_post_grid uc-items-wrapper\">\n\t\t\t\n\n\n\n<div id=\"uc_post_grid_elementor_4a42e3d_item1\" class=\"uc_post_grid_style_one_item ue_post_grid_item ue-item \">\n  \n      <a class=\"uc_post_grid_style_one_image \" href='http:\/\/bosquedechapultepec.mx:9000\/bosquedechapultepec\/espacios\/cencalli\/' target=\"_self\">\n    <div class=\"uc_post_image\">\n      <img decoding=\"async\" src=\"http:\/\/bosquedechapultepec.mx:9000\/bosquedechapultepec\/wp-content\/uploads\/2025\/04\/IMG_7327-scaled.jpg\" >\n      <div class=\"uc_post_image_overlay\"><\/div>\n    <\/div>\n  <\/a>\n \n  <div class=\"uc_content\">\n    <div class=\"uc_content_inner\">\n      <div class=\"uc_content-info-wrapper\" >\n        \n                 \n        \t        \t\t  \n        \t        \n        \t<div class=\"ue-grid-item-category\">\n                            \t              \t\t<a href=\"javascript:void(0);\" class=\"espacios\">Mercados<\/a>\n              \t                            \t              \t\t<a href=\"javascript:void(0);\" class=\"espacios\">Museos<\/a>\n              \t                            \t              \t\t<a href=\"javascript:void(0);\" class=\"espacios\">Recintos culturales<\/a>\n              \t                      \t<\/div>        \n      \n              \n\n            \t\t      \t\t\t<div class=\"uc_post_title\"><a class=\"\" href='http:\/\/bosquedechapultepec.mx:9000\/bosquedechapultepec\/espacios\/cencalli\/' target=\"_self\"><div class=\"ue_p_title\">Cencalli: Casa del Ma\u00edz<\/div><\/a><\/div>\n      \t\t      \t\n                      \n       \n      \n  <div class=\"ue-meta-data\">\n            \n                \t    \n                \n        \n\t\n                \n                \n                \n                \n    \t\t\t\n      \n            \n  <\/div>\t\n      \t<div class=\"uc_post_text\">Cencalli: Casa del Ma\u00edz y la Cultura Alimentaria\n\n\n\n\n\nCencalli es uno de los recintos que conforman el...<\/div>\n     \n                 \n                            \n                                  \n     <\/div>                      \n           <div class=\"uc_post_button\">\n        \n        <a class=\"uc_more_btn \" target=\"_self\" href='http:\/\/bosquedechapultepec.mx:9000\/bosquedechapultepec\/espacios\/cencalli\/'>\n          <div class=\"uc_btn_inner\">\n            <div class=\"uc_btn_txt\"><\/div>\n                      <\/div>\n      \t<\/a>\n        \n                \n      <\/div>                           \n \t<\/div>  <\/div>      \n  <a class=\"ue_post_full_link \" href='http:\/\/bosquedechapultepec.mx:9000\/bosquedechapultepec\/espacios\/cencalli\/' target=\"_self\"><\/a>      \n<\/div>\n\n\n\n\n<div id=\"uc_post_grid_elementor_4a42e3d_item2\" class=\"uc_post_grid_style_one_item ue_post_grid_item ue-item \">\n  \n      <a class=\"uc_post_grid_style_one_image \" href='http:\/\/bosquedechapultepec.mx:9000\/bosquedechapultepec\/espacios\/kiosco-marieta\/' target=\"_self\">\n    <div class=\"uc_post_image\">\n      <img decoding=\"async\" src=\"http:\/\/bosquedechapultepec.mx:9000\/bosquedechapultepec\/wp-content\/uploads\/2024\/09\/MG_1285-scaled.jpg\" >\n      <div class=\"uc_post_image_overlay\"><\/div>\n    <\/div>\n  <\/a>\n \n  <div class=\"uc_content\">\n    <div class=\"uc_content_inner\">\n      <div class=\"uc_content-info-wrapper\" >\n        \n                 \n        \t        \t\t  \n        \t        \n        \t<div class=\"ue-grid-item-category\">\n                            \t              \t\t<a href=\"javascript:void(0);\" class=\"espacios\">Restaurantes y cafeter\u00edas<\/a>\n              \t                      \t<\/div>        \n      \n              \n\n            \t\t      \t\t\t<div class=\"uc_post_title\"><a class=\"\" href='http:\/\/bosquedechapultepec.mx:9000\/bosquedechapultepec\/espacios\/kiosco-marieta\/' target=\"_self\"><div class=\"ue_p_title\">Never\u00eda Roxy Chapultepec<\/div><\/a><\/div>\n      \t\t      \t\n                      \n       \n      \n  <div class=\"ue-meta-data\">\n            \n                \t    \n                \n        \n\t\n                \n                \n                \n                \n    \t\t\t\n      \n            \n  <\/div>\t\n      \t<div class=\"uc_post_text\">Never\u00eda Roxy Chapultepec\n\n\n\n\n\nEste kiosco  es el \u00faltimo remanente del mobiliario Art Deco construido...<\/div>\n     \n                 \n                            \n                                  \n     <\/div>                      \n           <div class=\"uc_post_button\">\n        \n        <a class=\"uc_more_btn \" target=\"_self\" href='http:\/\/bosquedechapultepec.mx:9000\/bosquedechapultepec\/espacios\/kiosco-marieta\/'>\n          <div class=\"uc_btn_inner\">\n            <div class=\"uc_btn_txt\"><\/div>\n                      <\/div>\n      \t<\/a>\n        \n                \n      <\/div>                           \n \t<\/div>  <\/div>      \n  <a class=\"ue_post_full_link \" href='http:\/\/bosquedechapultepec.mx:9000\/bosquedechapultepec\/espacios\/kiosco-marieta\/' target=\"_self\"><\/a>      \n<\/div>\n\n\n\n\n<div id=\"uc_post_grid_elementor_4a42e3d_item3\" class=\"uc_post_grid_style_one_item ue_post_grid_item ue-item \">\n  \n      <a class=\"uc_post_grid_style_one_image \" href='http:\/\/bosquedechapultepec.mx:9000\/bosquedechapultepec\/espacios\/parque-amistad\/' target=\"_self\">\n    <div class=\"uc_post_image\">\n      <img decoding=\"async\" src=\"http:\/\/bosquedechapultepec.mx:9000\/bosquedechapultepec\/wp-content\/uploads\/2024\/08\/IMG_8651-scaled.jpg\" >\n      <div class=\"uc_post_image_overlay\"><\/div>\n    <\/div>\n  <\/a>\n \n  <div class=\"uc_content\">\n    <div class=\"uc_content_inner\">\n      <div class=\"uc_content-info-wrapper\" >\n        \n                 \n        \t        \t\t  \n        \t        \n        \t<div class=\"ue-grid-item-category\">\n                            \t              \t\t<a href=\"javascript:void(0);\" class=\"espacios\">Parques y \u00e1reas recreativas<\/a>\n              \t                      \t<\/div>        \n      \n              \n\n            \t\t      \t\t\t<div class=\"uc_post_title\"><a class=\"\" href='http:\/\/bosquedechapultepec.mx:9000\/bosquedechapultepec\/espacios\/parque-amistad\/' target=\"_self\"><div class=\"ue_p_title\">Parque de la Amistad\u00a0<\/div><\/a><\/div>\n      \t\t      \t\n                      \n       \n      \n  <div class=\"ue-meta-data\">\n            \n                \t    \n                \n        \n\t\n                \n                \n                \n                \n    \t\t\t\n      \n            \n  <\/div>\t\n      \t<div class=\"uc_post_text\">Parque de la Amistad\n\n\n\n\n\nInaugurado el 22 de agosto de 2012, este parque conmemora las relaciones diplom\u00e1ticas...<\/div>\n     \n                 \n                            \n                                  \n     <\/div>                      \n           <div class=\"uc_post_button\">\n        \n        <a class=\"uc_more_btn \" target=\"_self\" href='http:\/\/bosquedechapultepec.mx:9000\/bosquedechapultepec\/espacios\/parque-amistad\/'>\n          <div class=\"uc_btn_inner\">\n            <div class=\"uc_btn_txt\"><\/div>\n                      <\/div>\n      \t<\/a>\n        \n                \n      <\/div>                           \n \t<\/div>  <\/div>      \n  <a class=\"ue_post_full_link \" href='http:\/\/bosquedechapultepec.mx:9000\/bosquedechapultepec\/espacios\/parque-amistad\/' target=\"_self\"><\/a>      \n<\/div>\n\n\n\n\n<div id=\"uc_post_grid_elementor_4a42e3d_item4\" class=\"uc_post_grid_style_one_item ue_post_grid_item ue-item \">\n  \n      <a class=\"uc_post_grid_style_one_image \" href='http:\/\/bosquedechapultepec.mx:9000\/bosquedechapultepec\/espacios\/parque-libano\/' target=\"_self\">\n    <div class=\"uc_post_image\">\n      <img decoding=\"async\" src=\"http:\/\/bosquedechapultepec.mx:9000\/bosquedechapultepec\/wp-content\/uploads\/2024\/08\/DJI_0683-2-scaled.jpg\" >\n      <div class=\"uc_post_image_overlay\"><\/div>\n    <\/div>\n  <\/a>\n \n  <div class=\"uc_content\">\n    <div class=\"uc_content_inner\">\n      <div class=\"uc_content-info-wrapper\" >\n        \n                 \n        \t        \t\t  \n        \t        \n        \t<div class=\"ue-grid-item-category\">\n                            \t              \t\t<a href=\"javascript:void(0);\" class=\"espacios\">Parques y \u00e1reas recreativas<\/a>\n              \t                      \t<\/div>        \n      \n              \n\n            \t\t      \t\t\t<div class=\"uc_post_title\"><a class=\"\" href='http:\/\/bosquedechapultepec.mx:9000\/bosquedechapultepec\/espacios\/parque-libano\/' target=\"_self\"><div class=\"ue_p_title\">Parque L\u00edbano<\/div><\/a><\/div>\n      \t\t      \t\n                      \n       \n      \n  <div class=\"ue-meta-data\">\n            \n                \t    \n                \n        \n\t\n                \n                \n                \n                \n    \t\t\t\n      \n            \n  <\/div>\t\n      \t<div class=\"uc_post_text\">Parque L\u00edbano\n\n\n\n\n\nCon una extensi\u00f3n de 5.5 hect\u00e1reas, este parque fue inaugurado el 22 de noviembre...<\/div>\n     \n                 \n                            \n                                  \n     <\/div>                      \n           <div class=\"uc_post_button\">\n        \n        <a class=\"uc_more_btn \" target=\"_self\" href='http:\/\/bosquedechapultepec.mx:9000\/bosquedechapultepec\/espacios\/parque-libano\/'>\n          <div class=\"uc_btn_inner\">\n            <div class=\"uc_btn_txt\"><\/div>\n                      <\/div>\n      \t<\/a>\n        \n                \n      <\/div>                           \n \t<\/div>  <\/div>      \n  <a class=\"ue_post_full_link \" href='http:\/\/bosquedechapultepec.mx:9000\/bosquedechapultepec\/espacios\/parque-libano\/' target=\"_self\"><\/a>      \n<\/div>\n\n\n\n\n<div id=\"uc_post_grid_elementor_4a42e3d_item5\" class=\"uc_post_grid_style_one_item ue_post_grid_item ue-item \">\n  \n      <a class=\"uc_post_grid_style_one_image \" href='http:\/\/bosquedechapultepec.mx:9000\/bosquedechapultepec\/espacios\/parque-el-japones\/' target=\"_self\">\n    <div class=\"uc_post_image\">\n      <img decoding=\"async\" src=\"http:\/\/bosquedechapultepec.mx:9000\/bosquedechapultepec\/wp-content\/uploads\/2024\/08\/DJI_0686-scaled.jpg\" >\n      <div class=\"uc_post_image_overlay\"><\/div>\n    <\/div>\n  <\/a>\n \n  <div class=\"uc_content\">\n    <div class=\"uc_content_inner\">\n      <div class=\"uc_content-info-wrapper\" >\n        \n                 \n        \t        \t\t  \n        \t        \n        \t<div class=\"ue-grid-item-category\">\n                            \t              \t\t<a href=\"javascript:void(0);\" class=\"espacios\">Parques y \u00e1reas recreativas<\/a>\n              \t                      \t<\/div>        \n      \n              \n\n            \t\t      \t\t\t<div class=\"uc_post_title\"><a class=\"\" href='http:\/\/bosquedechapultepec.mx:9000\/bosquedechapultepec\/espacios\/parque-el-japones\/' target=\"_self\"><div class=\"ue_p_title\">Parque \"El Japon\u00e9s\"<\/div><\/a><\/div>\n      \t\t      \t\n                      \n       \n      \n  <div class=\"ue-meta-data\">\n            \n                \t    \n                \n        \n\t\n                \n                \n                \n                \n    \t\t\t\n      \n            \n  <\/div>\t\n      \t<div class=\"uc_post_text\">Parque &#8220;El Japon\u00e9s&#8221;\n\n\n\n\n\nEl nombre de este parque hace referencia al apodo de un trabajador...<\/div>\n     \n                 \n                            \n                                  \n     <\/div>                      \n           <div class=\"uc_post_button\">\n        \n        <a class=\"uc_more_btn \" target=\"_self\" href='http:\/\/bosquedechapultepec.mx:9000\/bosquedechapultepec\/espacios\/parque-el-japones\/'>\n          <div class=\"uc_btn_inner\">\n            <div class=\"uc_btn_txt\"><\/div>\n                      <\/div>\n      \t<\/a>\n        \n                \n      <\/div>                           \n \t<\/div>  <\/div>      \n  <a class=\"ue_post_full_link \" href='http:\/\/bosquedechapultepec.mx:9000\/bosquedechapultepec\/espacios\/parque-el-japones\/' target=\"_self\"><\/a>      \n<\/div>\n\n\n\n\n<div id=\"uc_post_grid_elementor_4a42e3d_item6\" class=\"uc_post_grid_style_one_item ue_post_grid_item ue-item \">\n  \n      <a class=\"uc_post_grid_style_one_image \" href='http:\/\/bosquedechapultepec.mx:9000\/bosquedechapultepec\/espacios\/parque-churchill\/' target=\"_self\">\n    <div class=\"uc_post_image\">\n      <img decoding=\"async\" src=\"http:\/\/bosquedechapultepec.mx:9000\/bosquedechapultepec\/wp-content\/uploads\/2024\/08\/IMG_5777-scaled.jpg\" >\n      <div class=\"uc_post_image_overlay\"><\/div>\n    <\/div>\n  <\/a>\n \n  <div class=\"uc_content\">\n    <div class=\"uc_content_inner\">\n      <div class=\"uc_content-info-wrapper\" >\n        \n                 \n        \t        \t\t  \n        \t        \n        \t<div class=\"ue-grid-item-category\">\n                            \t              \t\t<a href=\"javascript:void(0);\" class=\"espacios\">Parques y \u00e1reas recreativas<\/a>\n              \t                      \t<\/div>        \n      \n              \n\n            \t\t      \t\t\t<div class=\"uc_post_title\"><a class=\"\" href='http:\/\/bosquedechapultepec.mx:9000\/bosquedechapultepec\/espacios\/parque-churchill\/' target=\"_self\"><div class=\"ue_p_title\">Parque Winston Churchill<\/div><\/a><\/div>\n      \t\t      \t\n                      \n       \n      \n  <div class=\"ue-meta-data\">\n            \n                \t    \n                \n        \n\t\n                \n                \n                \n                \n    \t\t\t\n      \n            \n  <\/div>\t\n      \t<div class=\"uc_post_text\">Parque Winston Churchill\n\n\n\n\n\nAnteriormente conocido como &#8220;El Mexicanito&#8221;, este parque de...<\/div>\n     \n                 \n                            \n                                  \n     <\/div>                      \n           <div class=\"uc_post_button\">\n        \n        <a class=\"uc_more_btn \" target=\"_self\" href='http:\/\/bosquedechapultepec.mx:9000\/bosquedechapultepec\/espacios\/parque-churchill\/'>\n          <div class=\"uc_btn_inner\">\n            <div class=\"uc_btn_txt\"><\/div>\n                      <\/div>\n      \t<\/a>\n        \n                \n      <\/div>                           \n \t<\/div>  <\/div>      \n  <a class=\"ue_post_full_link \" href='http:\/\/bosquedechapultepec.mx:9000\/bosquedechapultepec\/espacios\/parque-churchill\/' target=\"_self\"><\/a>      \n<\/div>\n\n\n\n\n<div id=\"uc_post_grid_elementor_4a42e3d_item7\" class=\"uc_post_grid_style_one_item ue_post_grid_item ue-item \">\n  \n      <a class=\"uc_post_grid_style_one_image \" href='http:\/\/bosquedechapultepec.mx:9000\/bosquedechapultepec\/espacios\/memorial-victimas-violencia\/' target=\"_self\">\n    <div class=\"uc_post_image\">\n      <img decoding=\"async\" src=\"http:\/\/bosquedechapultepec.mx:9000\/bosquedechapultepec\/wp-content\/uploads\/2024\/08\/MG_8462-Enhanced-NR-scaled.jpg\" >\n      <div class=\"uc_post_image_overlay\"><\/div>\n    <\/div>\n  <\/a>\n \n  <div class=\"uc_content\">\n    <div class=\"uc_content_inner\">\n      <div class=\"uc_content-info-wrapper\" >\n        \n                 \n        \t        \t\t  \n        \t        \n        \t<div class=\"ue-grid-item-category\">\n                            \t              \t\t<a href=\"javascript:void(0);\" class=\"espacios\">Parques y \u00e1reas recreativas<\/a>\n              \t                      \t<\/div>        \n      \n              \n\n            \t\t      \t\t\t<div class=\"uc_post_title\"><a class=\"\" href='http:\/\/bosquedechapultepec.mx:9000\/bosquedechapultepec\/espacios\/memorial-victimas-violencia\/' target=\"_self\"><div class=\"ue_p_title\">Memorial a las V\u00edctimas de la Violencia en M\u00e9xico<\/div><\/a><\/div>\n      \t\t      \t\n                      \n       \n      \n  <div class=\"ue-meta-data\">\n            \n                \t    \n                \n        \n\t\n                \n                \n                \n                \n    \t\t\t\n      \n            \n  <\/div>\t\n      \t<div class=\"uc_post_text\">Memorial a las V\u00edctimas de la Violencia en M\u00e9xico\n\n\n\n\n\nEste espacio fue inaugurado en 5 de abril de 2015,...<\/div>\n     \n                 \n                            \n                                  \n     <\/div>                      \n           <div class=\"uc_post_button\">\n        \n        <a class=\"uc_more_btn \" target=\"_self\" href='http:\/\/bosquedechapultepec.mx:9000\/bosquedechapultepec\/espacios\/memorial-victimas-violencia\/'>\n          <div class=\"uc_btn_inner\">\n            <div class=\"uc_btn_txt\"><\/div>\n                      <\/div>\n      \t<\/a>\n        \n                \n      <\/div>                           \n \t<\/div>  <\/div>      \n  <a class=\"ue_post_full_link \" href='http:\/\/bosquedechapultepec.mx:9000\/bosquedechapultepec\/espacios\/memorial-victimas-violencia\/' target=\"_self\"><\/a>      \n<\/div>\n\n\n\n\n<div id=\"uc_post_grid_elementor_4a42e3d_item8\" class=\"uc_post_grid_style_one_item ue_post_grid_item ue-item \">\n  \n      <a class=\"uc_post_grid_style_one_image \" href='http:\/\/bosquedechapultepec.mx:9000\/bosquedechapultepec\/espacios\/parque-tamayo\/' target=\"_self\">\n    <div class=\"uc_post_image\">\n      <img decoding=\"async\" src=\"http:\/\/bosquedechapultepec.mx:9000\/bosquedechapultepec\/wp-content\/uploads\/2024\/08\/WhatsApp-Image-2024-07-16-at-7.29.17-PM.jpeg\" >\n      <div class=\"uc_post_image_overlay\"><\/div>\n    <\/div>\n  <\/a>\n \n  <div class=\"uc_content\">\n    <div class=\"uc_content_inner\">\n      <div class=\"uc_content-info-wrapper\" >\n        \n                 \n        \t        \t\t  \n        \t        \n        \t<div class=\"ue-grid-item-category\">\n                            \t              \t\t<a href=\"javascript:void(0);\" class=\"espacios\">Parques y \u00e1reas recreativas<\/a>\n              \t                      \t<\/div>        \n      \n              \n\n            \t\t      \t\t\t<div class=\"uc_post_title\"><a class=\"\" href='http:\/\/bosquedechapultepec.mx:9000\/bosquedechapultepec\/espacios\/parque-tamayo\/' target=\"_self\"><div class=\"ue_p_title\">Parque Tamayo\u00a0<\/div><\/a><\/div>\n      \t\t      \t\n                      \n       \n      \n  <div class=\"ue-meta-data\">\n            \n                \t    \n                \n        \n\t\n                \n                \n                \n                \n    \t\t\t\n      \n            \n  <\/div>\t\n      \t<div class=\"uc_post_text\">Parque Tamayo\n\n\n\n\n\nEste parque tiene una superficie de 14.7 hect\u00e1reas y cuenta con juegos infantiles,...<\/div>\n     \n                 \n                            \n                                  \n     <\/div>                      \n           <div class=\"uc_post_button\">\n        \n        <a class=\"uc_more_btn \" target=\"_self\" href='http:\/\/bosquedechapultepec.mx:9000\/bosquedechapultepec\/espacios\/parque-tamayo\/'>\n          <div class=\"uc_btn_inner\">\n            <div class=\"uc_btn_txt\"><\/div>\n                      <\/div>\n      \t<\/a>\n        \n                \n      <\/div>                           \n \t<\/div>  <\/div>      \n  <a class=\"ue_post_full_link \" href='http:\/\/bosquedechapultepec.mx:9000\/bosquedechapultepec\/espacios\/parque-tamayo\/' target=\"_self\"><\/a>      \n<\/div>\n\n\n\n\n<div id=\"uc_post_grid_elementor_4a42e3d_item9\" class=\"uc_post_grid_style_one_item ue_post_grid_item ue-item \">\n  \n      <a class=\"uc_post_grid_style_one_image \" href='http:\/\/bosquedechapultepec.mx:9000\/bosquedechapultepec\/espacios\/fuente-grutas\/' target=\"_self\">\n    <div class=\"uc_post_image\">\n      <img decoding=\"async\" src=\"http:\/\/bosquedechapultepec.mx:9000\/bosquedechapultepec\/wp-content\/uploads\/2024\/07\/DJI_0620-scaled-1.jpg\" >\n      <div class=\"uc_post_image_overlay\"><\/div>\n    <\/div>\n  <\/a>\n \n  <div class=\"uc_content\">\n    <div class=\"uc_content_inner\">\n      <div class=\"uc_content-info-wrapper\" >\n        \n                 \n        \t        \t\t  \n        \t        \n        \t<div class=\"ue-grid-item-category\">\n                            \t              \t\t<a href=\"javascript:void(0);\" class=\"espacios\">Fuentes<\/a>\n              \t                      \t<\/div>        \n      \n              \n\n            \t\t      \t\t\t<div class=\"uc_post_title\"><a class=\"\" href='http:\/\/bosquedechapultepec.mx:9000\/bosquedechapultepec\/espacios\/fuente-grutas\/' target=\"_self\"><div class=\"ue_p_title\">Fuente Grutas<\/div><\/a><\/div>\n      \t\t      \t\n                      \n       \n      \n  <div class=\"ue-meta-data\">\n            \n                \t    \n                \n        \n\t\n                \n                \n                \n                \n    \t\t\t\n      \n            \n  <\/div>\t\n      \t<div class=\"uc_post_text\">Fuente Grutas\n\n\n\n\n\nRehabilitada despu\u00e9s de no funcionar por d\u00e9cadas, esta fuente tambi\u00e9n es un sistema...<\/div>\n     \n                 \n                            \n                                  \n     <\/div>                      \n           <div class=\"uc_post_button\">\n        \n        <a class=\"uc_more_btn \" target=\"_self\" href='http:\/\/bosquedechapultepec.mx:9000\/bosquedechapultepec\/espacios\/fuente-grutas\/'>\n          <div class=\"uc_btn_inner\">\n            <div class=\"uc_btn_txt\"><\/div>\n                      <\/div>\n      \t<\/a>\n        \n                \n      <\/div>                           \n \t<\/div>  <\/div>      \n  <a class=\"ue_post_full_link \" href='http:\/\/bosquedechapultepec.mx:9000\/bosquedechapultepec\/espacios\/fuente-grutas\/' target=\"_self\"><\/a>      \n<\/div>\n\n\n\n\n<div id=\"uc_post_grid_elementor_4a42e3d_item10\" class=\"uc_post_grid_style_one_item ue_post_grid_item ue-item \">\n  \n      <a class=\"uc_post_grid_style_one_image \" href='http:\/\/bosquedechapultepec.mx:9000\/bosquedechapultepec\/espacios\/fuente-ornamental\/' target=\"_self\">\n    <div class=\"uc_post_image\">\n      <img decoding=\"async\" src=\"http:\/\/bosquedechapultepec.mx:9000\/bosquedechapultepec\/wp-content\/uploads\/2024\/07\/169576702_3008416932760133_5072961932998352283_n-1.jpg\" >\n      <div class=\"uc_post_image_overlay\"><\/div>\n    <\/div>\n  <\/a>\n \n  <div class=\"uc_content\">\n    <div class=\"uc_content_inner\">\n      <div class=\"uc_content-info-wrapper\" >\n        \n                 \n        \t        \t\t  \n        \t        \n        \t<div class=\"ue-grid-item-category\">\n                            \t              \t\t<a href=\"javascript:void(0);\" class=\"espacios\">Fuentes<\/a>\n              \t                      \t<\/div>        \n      \n              \n\n            \t\t      \t\t\t<div class=\"uc_post_title\"><a class=\"\" href='http:\/\/bosquedechapultepec.mx:9000\/bosquedechapultepec\/espacios\/fuente-ornamental\/' target=\"_self\"><div class=\"ue_p_title\">Fuente Ornamental del Lago Mayor<\/div><\/a><\/div>\n      \t\t      \t\n                      \n       \n      \n  <div class=\"ue-meta-data\">\n            \n                \t    \n                \n        \n\t\n                \n                \n                \n                \n    \t\t\t\n      \n            \n  <\/div>\t\n      \t<div class=\"uc_post_text\">Fuente Ornamental del Lago Mayor\n\n\n\n\n\nUbicada en el centro del Lago Mayor de la Primera Secci\u00f3n, fue...<\/div>\n     \n                 \n                            \n                                  \n     <\/div>                      \n           <div class=\"uc_post_button\">\n        \n        <a class=\"uc_more_btn \" target=\"_self\" href='http:\/\/bosquedechapultepec.mx:9000\/bosquedechapultepec\/espacios\/fuente-ornamental\/'>\n          <div class=\"uc_btn_inner\">\n            <div class=\"uc_btn_txt\"><\/div>\n                      <\/div>\n      \t<\/a>\n        \n                \n      <\/div>                           \n \t<\/div>  <\/div>      \n  <a class=\"ue_post_full_link \" href='http:\/\/bosquedechapultepec.mx:9000\/bosquedechapultepec\/espacios\/fuente-ornamental\/' target=\"_self\"><\/a>      \n<\/div>\n\n\n\n\n<div id=\"uc_post_grid_elementor_4a42e3d_item11\" class=\"uc_post_grid_style_one_item ue_post_grid_item ue-item \">\n  \n      <a class=\"uc_post_grid_style_one_image \" href='http:\/\/bosquedechapultepec.mx:9000\/bosquedechapultepec\/espacios\/fuente-pescador\/' target=\"_self\">\n    <div class=\"uc_post_image\">\n      <img decoding=\"async\" src=\"http:\/\/bosquedechapultepec.mx:9000\/bosquedechapultepec\/wp-content\/uploads\/2024\/07\/MG_6936-scaled-1.jpg\" >\n      <div class=\"uc_post_image_overlay\"><\/div>\n    <\/div>\n  <\/a>\n \n  <div class=\"uc_content\">\n    <div class=\"uc_content_inner\">\n      <div class=\"uc_content-info-wrapper\" >\n        \n                 \n        \t        \t\t  \n        \t        \n        \t<div class=\"ue-grid-item-category\">\n                            \t              \t\t<a href=\"javascript:void(0);\" class=\"espacios\">Fuentes<\/a>\n              \t                      \t<\/div>        \n      \n              \n\n            \t\t      \t\t\t<div class=\"uc_post_title\"><a class=\"\" href='http:\/\/bosquedechapultepec.mx:9000\/bosquedechapultepec\/espacios\/fuente-pescador\/' target=\"_self\"><div class=\"ue_p_title\">Fuente \"El Pescador\"<\/div><\/a><\/div>\n      \t\t      \t\n                      \n       \n      \n  <div class=\"ue-meta-data\">\n            \n                \t    \n                \n        \n\t\n                \n                \n                \n                \n    \t\t\t\n      \n            \n  <\/div>\t\n      \t<div class=\"uc_post_text\">Fuente &#8220;El Pescador&#8221;\n\n\n\n\n\nObra del artista Juan Carlos Canfield, elaborada en 1981 y donada...<\/div>\n     \n                 \n                            \n                                  \n     <\/div>                      \n           <div class=\"uc_post_button\">\n        \n        <a class=\"uc_more_btn \" target=\"_self\" href='http:\/\/bosquedechapultepec.mx:9000\/bosquedechapultepec\/espacios\/fuente-pescador\/'>\n          <div class=\"uc_btn_inner\">\n            <div class=\"uc_btn_txt\"><\/div>\n                      <\/div>\n      \t<\/a>\n        \n                \n      <\/div>                           \n \t<\/div>  <\/div>      \n  <a class=\"ue_post_full_link \" href='http:\/\/bosquedechapultepec.mx:9000\/bosquedechapultepec\/espacios\/fuente-pescador\/' target=\"_self\"><\/a>      \n<\/div>\n\n\n\n\n<div id=\"uc_post_grid_elementor_4a42e3d_item12\" class=\"uc_post_grid_style_one_item ue_post_grid_item ue-item \">\n  \n      <a class=\"uc_post_grid_style_one_image \" href='http:\/\/bosquedechapultepec.mx:9000\/bosquedechapultepec\/espacios\/hemiciclo-juventino-rosas\/' target=\"_self\">\n    <div class=\"uc_post_image\">\n      <img decoding=\"async\" src=\"http:\/\/bosquedechapultepec.mx:9000\/bosquedechapultepec\/wp-content\/uploads\/2024\/07\/DJI_0520-scaled-1-1.jpg\" >\n      <div class=\"uc_post_image_overlay\"><\/div>\n    <\/div>\n  <\/a>\n \n  <div class=\"uc_content\">\n    <div class=\"uc_content_inner\">\n      <div class=\"uc_content-info-wrapper\" >\n        \n                 \n        \t        \t\t  \n        \t        \n        \t<div class=\"ue-grid-item-category\">\n                            \t              \t\t<a href=\"javascript:void(0);\" class=\"espacios\">Parques y \u00e1reas recreativas<\/a>\n              \t                      \t<\/div>        \n      \n              \n\n            \t\t      \t\t\t<div class=\"uc_post_title\"><a class=\"\" href='http:\/\/bosquedechapultepec.mx:9000\/bosquedechapultepec\/espacios\/hemiciclo-juventino-rosas\/' target=\"_self\"><div class=\"ue_p_title\">Hemiciclo Juventino Rosas<\/div><\/a><\/div>\n      \t\t      \t\n                      \n       \n      \n  <div class=\"ue-meta-data\">\n            \n                \t    \n                \n        \n\t\n                \n                \n                \n                \n    \t\t\t\n      \n            \n  <\/div>\t\n      \t<div class=\"uc_post_text\">Hemiciclo Juventino Rosas\n\n\n\n\n\nConstruido a mediados del Siglo XX, este hemiciclo fue construido en homenaje...<\/div>\n     \n                 \n                            \n                                  \n     <\/div>                      \n           <div class=\"uc_post_button\">\n        \n        <a class=\"uc_more_btn \" target=\"_self\" href='http:\/\/bosquedechapultepec.mx:9000\/bosquedechapultepec\/espacios\/hemiciclo-juventino-rosas\/'>\n          <div class=\"uc_btn_inner\">\n            <div class=\"uc_btn_txt\"><\/div>\n                      <\/div>\n      \t<\/a>\n        \n                \n      <\/div>                           \n \t<\/div>  <\/div>      \n  <a class=\"ue_post_full_link \" href='http:\/\/bosquedechapultepec.mx:9000\/bosquedechapultepec\/espacios\/hemiciclo-juventino-rosas\/' target=\"_self\"><\/a>      \n<\/div>\n\n\n\n\n<div id=\"uc_post_grid_elementor_4a42e3d_item13\" class=\"uc_post_grid_style_one_item ue_post_grid_item ue-item \">\n  \n      <a class=\"uc_post_grid_style_one_image \" href='http:\/\/bosquedechapultepec.mx:9000\/bosquedechapultepec\/espacios\/espejo-de-agua\/' target=\"_self\">\n    <div class=\"uc_post_image\">\n      <img decoding=\"async\" src=\"http:\/\/bosquedechapultepec.mx:9000\/bosquedechapultepec\/wp-content\/uploads\/2024\/07\/IMG_8757-scaled-1.jpg\" >\n      <div class=\"uc_post_image_overlay\"><\/div>\n    <\/div>\n  <\/a>\n \n  <div class=\"uc_content\">\n    <div class=\"uc_content_inner\">\n      <div class=\"uc_content-info-wrapper\" >\n        \n                 \n        \t        \t\t  \n        \t        \n        \t<div class=\"ue-grid-item-category\">\n                            \t              \t\t<a href=\"javascript:void(0);\" class=\"espacios\">Fuentes<\/a>\n              \t                      \t<\/div>        \n      \n              \n\n            \t\t      \t\t\t<div class=\"uc_post_title\"><a class=\"\" href='http:\/\/bosquedechapultepec.mx:9000\/bosquedechapultepec\/espacios\/espejo-de-agua\/' target=\"_self\"><div class=\"ue_p_title\">Espejo de Agua<\/div><\/a><\/div>\n      \t\t      \t\n                      \n       \n      \n  <div class=\"ue-meta-data\">\n            \n                \t    \n                \n        \n\t\n                \n                \n                \n                \n    \t\t\t\n      \n            \n  <\/div>\t\n      \t<div class=\"uc_post_text\">Espejo de Agua\n\n\n\n\n\nCon una superficie de 764 metros cuadrados, este Espejo de Agua funciona como un...<\/div>\n     \n                 \n                            \n                                  \n     <\/div>                      \n           <div class=\"uc_post_button\">\n        \n        <a class=\"uc_more_btn \" target=\"_self\" href='http:\/\/bosquedechapultepec.mx:9000\/bosquedechapultepec\/espacios\/espejo-de-agua\/'>\n          <div class=\"uc_btn_inner\">\n            <div class=\"uc_btn_txt\"><\/div>\n                      <\/div>\n      \t<\/a>\n        \n                \n      <\/div>                           \n \t<\/div>  <\/div>      \n  <a class=\"ue_post_full_link \" href='http:\/\/bosquedechapultepec.mx:9000\/bosquedechapultepec\/espacios\/espejo-de-agua\/' target=\"_self\"><\/a>      \n<\/div>\n\n\n\n\n<div id=\"uc_post_grid_elementor_4a42e3d_item14\" class=\"uc_post_grid_style_one_item ue_post_grid_item ue-item \">\n  \n      <a class=\"uc_post_grid_style_one_image \" href='http:\/\/bosquedechapultepec.mx:9000\/bosquedechapultepec\/espacios\/fuente-de-las-americas\/' target=\"_self\">\n    <div class=\"uc_post_image\">\n      <img decoding=\"async\" src=\"http:\/\/bosquedechapultepec.mx:9000\/bosquedechapultepec\/wp-content\/uploads\/2024\/07\/IMG_6928-scaled-1.jpg\" >\n      <div class=\"uc_post_image_overlay\"><\/div>\n    <\/div>\n  <\/a>\n \n  <div class=\"uc_content\">\n    <div class=\"uc_content_inner\">\n      <div class=\"uc_content-info-wrapper\" >\n        \n                 \n        \t        \t\t  \n        \t        \n        \t<div class=\"ue-grid-item-category\">\n                            \t              \t\t<a href=\"javascript:void(0);\" class=\"espacios\">Fuentes<\/a>\n              \t                      \t<\/div>        \n      \n              \n\n            \t\t      \t\t\t<div class=\"uc_post_title\"><a class=\"\" href='http:\/\/bosquedechapultepec.mx:9000\/bosquedechapultepec\/espacios\/fuente-de-las-americas\/' target=\"_self\"><div class=\"ue_p_title\">Fuente de las Am\u00e9ricas<\/div><\/a><\/div>\n      \t\t      \t\n                      \n       \n      \n  <div class=\"ue-meta-data\">\n            \n                \t    \n                \n        \n\t\n                \n                \n                \n                \n    \t\t\t\n      \n            \n  <\/div>\t\n      \t<div class=\"uc_post_text\">Fuente de las Am\u00e9ricas\n\n\n\n\n\nFue construida por los trabajadores de fuentes del Bosque de Chapultepec...<\/div>\n     \n                 \n                            \n                                  \n     <\/div>                      \n           <div class=\"uc_post_button\">\n        \n        <a class=\"uc_more_btn \" target=\"_self\" href='http:\/\/bosquedechapultepec.mx:9000\/bosquedechapultepec\/espacios\/fuente-de-las-americas\/'>\n          <div class=\"uc_btn_inner\">\n            <div class=\"uc_btn_txt\"><\/div>\n                      <\/div>\n      \t<\/a>\n        \n                \n      <\/div>                           \n \t<\/div>  <\/div>      \n  <a class=\"ue_post_full_link \" href='http:\/\/bosquedechapultepec.mx:9000\/bosquedechapultepec\/espacios\/fuente-de-las-americas\/' target=\"_self\"><\/a>      \n<\/div>\n\n\n\n\n<div id=\"uc_post_grid_elementor_4a42e3d_item15\" class=\"uc_post_grid_style_one_item ue_post_grid_item ue-item \">\n  \n      <a class=\"uc_post_grid_style_one_image \" href='http:\/\/bosquedechapultepec.mx:9000\/bosquedechapultepec\/espacios\/fuente-jardin-comunidad\/' target=\"_self\">\n    <div class=\"uc_post_image\">\n      <img decoding=\"async\" src=\"http:\/\/bosquedechapultepec.mx:9000\/bosquedechapultepec\/wp-content\/uploads\/2024\/07\/257509815_4550239251735871_5076836525787907566_n-1-1.jpg\" >\n      <div class=\"uc_post_image_overlay\"><\/div>\n    <\/div>\n  <\/a>\n \n  <div class=\"uc_content\">\n    <div class=\"uc_content_inner\">\n      <div class=\"uc_content-info-wrapper\" >\n        \n                 \n        \t        \t\t  \n        \t        \n        \t<div class=\"ue-grid-item-category\">\n                            \t              \t\t<a href=\"javascript:void(0);\" class=\"espacios\">Fuentes<\/a>\n              \t                      \t<\/div>        \n      \n              \n\n            \t\t      \t\t\t<div class=\"uc_post_title\"><a class=\"\" href='http:\/\/bosquedechapultepec.mx:9000\/bosquedechapultepec\/espacios\/fuente-jardin-comunidad\/' target=\"_self\"><div class=\"ue_p_title\">Fuente y Jard\u00edn de la Comunidad\u00a0<\/div><\/a><\/div>\n      \t\t      \t\n                      \n       \n      \n  <div class=\"ue-meta-data\">\n            \n                \t    \n                \n        \n\t\n                \n                \n                \n                \n    \t\t\t\n      \n            \n  <\/div>\t\n      \t<div class=\"uc_post_text\">Fuente y Jard\u00edn de la Comunidad\n\n\n\n\n\nAnteriormente conocido como &#8220;Jard\u00edn Rosedal&#8221;, este espacio...<\/div>\n     \n                 \n                            \n                                  \n     <\/div>                      \n           <div class=\"uc_post_button\">\n        \n        <a class=\"uc_more_btn \" target=\"_self\" href='http:\/\/bosquedechapultepec.mx:9000\/bosquedechapultepec\/espacios\/fuente-jardin-comunidad\/'>\n          <div class=\"uc_btn_inner\">\n            <div class=\"uc_btn_txt\"><\/div>\n                      <\/div>\n      \t<\/a>\n        \n                \n      <\/div>                           \n \t<\/div>  <\/div>      \n  <a class=\"ue_post_full_link \" href='http:\/\/bosquedechapultepec.mx:9000\/bosquedechapultepec\/espacios\/fuente-jardin-comunidad\/' target=\"_self\"><\/a>      \n<\/div>\n\n\n\n\n<div id=\"uc_post_grid_elementor_4a42e3d_item16\" class=\"uc_post_grid_style_one_item ue_post_grid_item ue-item \">\n  \n      <a class=\"uc_post_grid_style_one_image \" href='http:\/\/bosquedechapultepec.mx:9000\/bosquedechapultepec\/espacios\/fuente-nezahualcoyotl\/' target=\"_self\">\n    <div class=\"uc_post_image\">\n      <img decoding=\"async\" src=\"http:\/\/bosquedechapultepec.mx:9000\/bosquedechapultepec\/wp-content\/uploads\/2024\/07\/IMG_6188-2-scaled-1.jpg\" >\n      <div class=\"uc_post_image_overlay\"><\/div>\n    <\/div>\n  <\/a>\n \n  <div class=\"uc_content\">\n    <div class=\"uc_content_inner\">\n      <div class=\"uc_content-info-wrapper\" >\n        \n                 \n        \t        \t\t  \n        \t        \n        \t<div class=\"ue-grid-item-category\">\n                            \t              \t\t<a href=\"javascript:void(0);\" class=\"espacios\">Fuentes<\/a>\n              \t                      \t<\/div>        \n      \n              \n\n            \t\t      \t\t\t<div class=\"uc_post_title\"><a class=\"\" href='http:\/\/bosquedechapultepec.mx:9000\/bosquedechapultepec\/espacios\/fuente-nezahualcoyotl\/' target=\"_self\"><div class=\"ue_p_title\">Fuente Monumental de Nezahualc\u00f3yotl<\/div><\/a><\/div>\n      \t\t      \t\n                      \n       \n      \n  <div class=\"ue-meta-data\">\n            \n                \t    \n                \n        \n\t\n                \n                \n                \n                \n    \t\t\t\n      \n            \n  <\/div>\t\n      \t<div class=\"uc_post_text\">Fuente Monumental de Nezahualc\u00f3yotl\n\n\n\n\n\nLa Fuente Monumental de Nezahualc\u00f3yotl es un tesoro de apariencia...<\/div>\n     \n                 \n                            \n                                  \n     <\/div>                      \n           <div class=\"uc_post_button\">\n        \n        <a class=\"uc_more_btn \" target=\"_self\" href='http:\/\/bosquedechapultepec.mx:9000\/bosquedechapultepec\/espacios\/fuente-nezahualcoyotl\/'>\n          <div class=\"uc_btn_inner\">\n            <div class=\"uc_btn_txt\"><\/div>\n                      <\/div>\n      \t<\/a>\n        \n                \n      <\/div>                           \n \t<\/div>  <\/div>      \n  <a class=\"ue_post_full_link \" href='http:\/\/bosquedechapultepec.mx:9000\/bosquedechapultepec\/espacios\/fuente-nezahualcoyotl\/' target=\"_self\"><\/a>      \n<\/div>\n\n\n\n\n<div id=\"uc_post_grid_elementor_4a42e3d_item17\" class=\"uc_post_grid_style_one_item ue_post_grid_item ue-item \">\n  \n      <a class=\"uc_post_grid_style_one_image \" href='http:\/\/bosquedechapultepec.mx:9000\/bosquedechapultepec\/espacios\/starbucks\/' target=\"_self\">\n    <div class=\"uc_post_image\">\n      <img decoding=\"async\" src=\"http:\/\/bosquedechapultepec.mx:9000\/bosquedechapultepec\/wp-content\/uploads\/2024\/02\/IMG_1382-scaled-1.jpg\" >\n      <div class=\"uc_post_image_overlay\"><\/div>\n    <\/div>\n  <\/a>\n \n  <div class=\"uc_content\">\n    <div class=\"uc_content_inner\">\n      <div class=\"uc_content-info-wrapper\" >\n        \n                 \n        \t        \t\t  \n        \t        \n        \t<div class=\"ue-grid-item-category\">\n                            \t              \t\t<a href=\"javascript:void(0);\" class=\"espacios\">Restaurantes y cafeter\u00edas<\/a>\n              \t                      \t<\/div>        \n      \n              \n\n            \t\t      \t\t\t<div class=\"uc_post_title\"><a class=\"\" href='http:\/\/bosquedechapultepec.mx:9000\/bosquedechapultepec\/espacios\/starbucks\/' target=\"_self\"><div class=\"ue_p_title\">Starbucks Chapultepec<\/div><\/a><\/div>\n      \t\t      \t\n                      \n       \n      \n  <div class=\"ue-meta-data\">\n            \n                \t    \n                \n        \n\t\n                \n                \n                \n                \n    \t\t\t\n      \n            \n  <\/div>\t\n      \t<div class=\"uc_post_text\">Starbucks Chapultepec \n\n\n\n\n\nLa arquitectura de esta sucursal permite disfrutar de la frescura del Bosque...<\/div>\n     \n                 \n                            \n                                  \n     <\/div>                      \n           <div class=\"uc_post_button\">\n        \n        <a class=\"uc_more_btn \" target=\"_self\" href='http:\/\/bosquedechapultepec.mx:9000\/bosquedechapultepec\/espacios\/starbucks\/'>\n          <div class=\"uc_btn_inner\">\n            <div class=\"uc_btn_txt\"><\/div>\n                      <\/div>\n      \t<\/a>\n        \n                \n      <\/div>                           \n \t<\/div>  <\/div>      \n  <a class=\"ue_post_full_link \" href='http:\/\/bosquedechapultepec.mx:9000\/bosquedechapultepec\/espacios\/starbucks\/' target=\"_self\"><\/a>      \n<\/div>\n\n\n\n\n<div id=\"uc_post_grid_elementor_4a42e3d_item18\" class=\"uc_post_grid_style_one_item ue_post_grid_item ue-item \">\n  \n      <a class=\"uc_post_grid_style_one_image \" href='http:\/\/bosquedechapultepec.mx:9000\/bosquedechapultepec\/espacios\/cafeteria-itzia\/' target=\"_self\">\n    <div class=\"uc_post_image\">\n      <img decoding=\"async\" src=\"http:\/\/bosquedechapultepec.mx:9000\/bosquedechapultepec\/wp-content\/uploads\/2024\/02\/Itzia-thumb-1.jpg\" >\n      <div class=\"uc_post_image_overlay\"><\/div>\n    <\/div>\n  <\/a>\n \n  <div class=\"uc_content\">\n    <div class=\"uc_content_inner\">\n      <div class=\"uc_content-info-wrapper\" >\n        \n                 \n        \t        \t\t  \n        \t        \n        \t<div class=\"ue-grid-item-category\">\n                            \t              \t\t<a href=\"javascript:void(0);\" class=\"espacios\">Restaurantes y cafeter\u00edas<\/a>\n              \t                      \t<\/div>        \n      \n              \n\n            \t\t      \t\t\t<div class=\"uc_post_title\"><a class=\"\" href='http:\/\/bosquedechapultepec.mx:9000\/bosquedechapultepec\/espacios\/cafeteria-itzia\/' target=\"_self\"><div class=\"ue_p_title\">Cafeter\u00eda Itzia<\/div><\/a><\/div>\n      \t\t      \t\n                      \n       \n      \n  <div class=\"ue-meta-data\">\n            \n                \t    \n                \n        \n\t\n                \n                \n                \n                \n    \t\t\t\n      \n            \n  <\/div>\t\n      \t<div class=\"uc_post_text\">Cafeter\u00eda Itzia\n\n\n\n\n\nEsta cafeter\u00eda ubicada en el Parque de la Amistad, es un destino perfecto para el...<\/div>\n     \n                 \n                            \n                                  \n     <\/div>                      \n           <div class=\"uc_post_button\">\n        \n        <a class=\"uc_more_btn \" target=\"_self\" href='http:\/\/bosquedechapultepec.mx:9000\/bosquedechapultepec\/espacios\/cafeteria-itzia\/'>\n          <div class=\"uc_btn_inner\">\n            <div class=\"uc_btn_txt\"><\/div>\n                      <\/div>\n      \t<\/a>\n        \n                \n      <\/div>                           \n \t<\/div>  <\/div>      \n  <a class=\"ue_post_full_link \" href='http:\/\/bosquedechapultepec.mx:9000\/bosquedechapultepec\/espacios\/cafeteria-itzia\/' target=\"_self\"><\/a>      \n<\/div>\n\n\n\n\n<div id=\"uc_post_grid_elementor_4a42e3d_item19\" class=\"uc_post_grid_style_one_item ue_post_grid_item ue-item \">\n  \n      <a class=\"uc_post_grid_style_one_image \" href='http:\/\/bosquedechapultepec.mx:9000\/bosquedechapultepec\/espacios\/libreria-porrua\/' target=\"_self\">\n    <div class=\"uc_post_image\">\n      <img decoding=\"async\" src=\"http:\/\/bosquedechapultepec.mx:9000\/bosquedechapultepec\/wp-content\/uploads\/2024\/02\/imagen_2024-07-12_142653529.png\" >\n      <div class=\"uc_post_image_overlay\"><\/div>\n    <\/div>\n  <\/a>\n \n  <div class=\"uc_content\">\n    <div class=\"uc_content_inner\">\n      <div class=\"uc_content-info-wrapper\" >\n        \n                 \n        \t        \t\t  \n        \t        \n        \t<div class=\"ue-grid-item-category\">\n                            \t              \t\t<a href=\"javascript:void(0);\" class=\"espacios\">Librer\u00edas<\/a>\n              \t                            \t              \t\t<a href=\"javascript:void(0);\" class=\"espacios\">Restaurantes y cafeter\u00edas<\/a>\n              \t                      \t<\/div>        \n      \n              \n\n            \t\t      \t\t\t<div class=\"uc_post_title\"><a class=\"\" href='http:\/\/bosquedechapultepec.mx:9000\/bosquedechapultepec\/espacios\/libreria-porrua\/' target=\"_self\"><div class=\"ue_p_title\">Librer\u00eda Porr\u00faa<\/div><\/a><\/div>\n      \t\t      \t\n                      \n       \n      \n  <div class=\"ue-meta-data\">\n            \n                \t    \n                \n        \n\t\n                \n                \n                \n                \n    \t\t\t\n      \n            \n  <\/div>\t\n      \t<div class=\"uc_post_text\">Librer\u00eda Porr\u00faa\n\n\n\n\n\nCon un dise\u00f1o arquitect\u00f3nico amigable con el entorno del Bosque, esta librer\u00eda cuenta...<\/div>\n     \n                 \n                            \n                                  \n     <\/div>                      \n           <div class=\"uc_post_button\">\n        \n        <a class=\"uc_more_btn \" target=\"_self\" href='http:\/\/bosquedechapultepec.mx:9000\/bosquedechapultepec\/espacios\/libreria-porrua\/'>\n          <div class=\"uc_btn_inner\">\n            <div class=\"uc_btn_txt\"><\/div>\n                      <\/div>\n      \t<\/a>\n        \n                \n      <\/div>                           \n \t<\/div>  <\/div>      \n  <a class=\"ue_post_full_link \" href='http:\/\/bosquedechapultepec.mx:9000\/bosquedechapultepec\/espacios\/libreria-porrua\/' target=\"_self\"><\/a>      \n<\/div>\n\n\n\n\n<div id=\"uc_post_grid_elementor_4a42e3d_item20\" class=\"uc_post_grid_style_one_item ue_post_grid_item ue-item \">\n  \n      <a class=\"uc_post_grid_style_one_image \" href='http:\/\/bosquedechapultepec.mx:9000\/bosquedechapultepec\/espacios\/mercado-flores\/' target=\"_self\">\n    <div class=\"uc_post_image\">\n      <img decoding=\"async\" src=\"http:\/\/bosquedechapultepec.mx:9000\/bosquedechapultepec\/wp-content\/uploads\/2024\/02\/Mercado-de-Flores-Cambio-de-Dolores-Thumb-1.jpg\" >\n      <div class=\"uc_post_image_overlay\"><\/div>\n    <\/div>\n  <\/a>\n \n  <div class=\"uc_content\">\n    <div class=\"uc_content_inner\">\n      <div class=\"uc_content-info-wrapper\" >\n        \n                 \n        \t        \t\t  \n        \t        \n        \t<div class=\"ue-grid-item-category\">\n                            \t              \t\t<a href=\"javascript:void(0);\" class=\"espacios\">Mercados<\/a>\n              \t                      \t<\/div>        \n      \n              \n\n            \t\t      \t\t\t<div class=\"uc_post_title\"><a class=\"\" href='http:\/\/bosquedechapultepec.mx:9000\/bosquedechapultepec\/espacios\/mercado-flores\/' target=\"_self\"><div class=\"ue_p_title\">Mercado de Flores \u201cCambio de Dolores\u201d<\/div><\/a><\/div>\n      \t\t      \t\n                      \n       \n      \n  <div class=\"ue-meta-data\">\n            \n                \t    \n                \n        \n\t\n                \n                \n                \n                \n    \t\t\t\n      \n            \n  <\/div>\t\n      \t<div class=\"uc_post_text\">Mercado de Flores \u201cCambio de Dolores\u201d\n\n\n\n\n\nEste mercado debe su nombre al antiguo cambio de v\u00eda del tranv\u00eda...<\/div>\n     \n                 \n                            \n                                  \n     <\/div>                      \n           <div class=\"uc_post_button\">\n        \n        <a class=\"uc_more_btn \" target=\"_self\" href='http:\/\/bosquedechapultepec.mx:9000\/bosquedechapultepec\/espacios\/mercado-flores\/'>\n          <div class=\"uc_btn_inner\">\n            <div class=\"uc_btn_txt\"><\/div>\n                      <\/div>\n      \t<\/a>\n        \n                \n      <\/div>                           \n \t<\/div>  <\/div>      \n  <a class=\"ue_post_full_link \" href='http:\/\/bosquedechapultepec.mx:9000\/bosquedechapultepec\/espacios\/mercado-flores\/' target=\"_self\"><\/a>      \n<\/div>\n\n\n\n\n<div id=\"uc_post_grid_elementor_4a42e3d_item21\" class=\"uc_post_grid_style_one_item ue_post_grid_item ue-item \">\n  \n      <a class=\"uc_post_grid_style_one_image \" href='http:\/\/bosquedechapultepec.mx:9000\/bosquedechapultepec\/espacios\/calzada-peatonal-chivatito\/' target=\"_self\">\n    <div class=\"uc_post_image\">\n      <img decoding=\"async\" src=\"http:\/\/bosquedechapultepec.mx:9000\/bosquedechapultepec\/wp-content\/uploads\/2024\/02\/DJI_0535-scaled.jpg\" >\n      <div class=\"uc_post_image_overlay\"><\/div>\n    <\/div>\n  <\/a>\n \n  <div class=\"uc_content\">\n    <div class=\"uc_content_inner\">\n      <div class=\"uc_content-info-wrapper\" >\n        \n                 \n        \t        \t\t  \n        \t        \n        \t<div class=\"ue-grid-item-category\">\n                            \t              \t\t<a href=\"javascript:void(0);\" class=\"espacios\">Parques y \u00e1reas recreativas<\/a>\n              \t                      \t<\/div>        \n      \n              \n\n            \t\t      \t\t\t<div class=\"uc_post_title\"><a class=\"\" href='http:\/\/bosquedechapultepec.mx:9000\/bosquedechapultepec\/espacios\/calzada-peatonal-chivatito\/' target=\"_self\"><div class=\"ue_p_title\">Calzada Flotante Chivatito<\/div><\/a><\/div>\n      \t\t      \t\n                      \n       \n      \n  <div class=\"ue-meta-data\">\n            \n                \t    \n                \n        \n\t\n                \n                \n                \n                \n    \t\t\t\n      \n            \n  <\/div>\t\n      \t<div class=\"uc_post_text\">Calzada Flotante Chivatito\n\n\n\n\n\nDise\u00f1ada para mejorar la conectividad entre la Primera y la Segunda Secci\u00f3n...<\/div>\n     \n                 \n                            \n                                  \n     <\/div>                      \n           <div class=\"uc_post_button\">\n        \n        <a class=\"uc_more_btn \" target=\"_self\" href='http:\/\/bosquedechapultepec.mx:9000\/bosquedechapultepec\/espacios\/calzada-peatonal-chivatito\/'>\n          <div class=\"uc_btn_inner\">\n            <div class=\"uc_btn_txt\"><\/div>\n                      <\/div>\n      \t<\/a>\n        \n                \n      <\/div>                           \n \t<\/div>  <\/div>      \n  <a class=\"ue_post_full_link \" href='http:\/\/bosquedechapultepec.mx:9000\/bosquedechapultepec\/espacios\/calzada-peatonal-chivatito\/' target=\"_self\"><\/a>      \n<\/div>\n\n\n\n\n<div id=\"uc_post_grid_elementor_4a42e3d_item22\" class=\"uc_post_grid_style_one_item ue_post_grid_item ue-item \">\n  \n      <a class=\"uc_post_grid_style_one_image \" href='http:\/\/bosquedechapultepec.mx:9000\/bosquedechapultepec\/espacios\/calzada-flotante\/' target=\"_self\">\n    <div class=\"uc_post_image\">\n      <img decoding=\"async\" src=\"http:\/\/bosquedechapultepec.mx:9000\/bosquedechapultepec\/wp-content\/uploads\/2024\/02\/DJI_0862-scaled.jpg\" >\n      <div class=\"uc_post_image_overlay\"><\/div>\n    <\/div>\n  <\/a>\n \n  <div class=\"uc_content\">\n    <div class=\"uc_content_inner\">\n      <div class=\"uc_content-info-wrapper\" >\n        \n                 \n        \t        \t\t  \n        \t        \n        \t<div class=\"ue-grid-item-category\">\n                            \t              \t\t<a href=\"javascript:void(0);\" class=\"espacios\">Parques y \u00e1reas recreativas<\/a>\n              \t                      \t<\/div>        \n      \n              \n\n            \t\t      \t\t\t<div class=\"uc_post_title\"><a class=\"\" href='http:\/\/bosquedechapultepec.mx:9000\/bosquedechapultepec\/espacios\/calzada-flotante\/' target=\"_self\"><div class=\"ue_p_title\">Calzada Flotante Los Pinos<\/div><\/a><\/div>\n      \t\t      \t\n                      \n       \n      \n  <div class=\"ue-meta-data\">\n            \n                \t    \n                \n        \n\t\n                \n                \n                \n                \n    \t\t\t\n      \n            \n  <\/div>\t\n      \t<div class=\"uc_post_text\">Calzada Flotante Los Pinos \n\n\n\n\n\nInaugurada el 19 de enero de 2023, cuenta con una extensi\u00f3n de 436 metros...<\/div>\n     \n                 \n                            \n                                  \n     <\/div>                      \n           <div class=\"uc_post_button\">\n        \n        <a class=\"uc_more_btn \" target=\"_self\" href='http:\/\/bosquedechapultepec.mx:9000\/bosquedechapultepec\/espacios\/calzada-flotante\/'>\n          <div class=\"uc_btn_inner\">\n            <div class=\"uc_btn_txt\"><\/div>\n                      <\/div>\n      \t<\/a>\n        \n                \n      <\/div>                           \n \t<\/div>  <\/div>      \n  <a class=\"ue_post_full_link \" href='http:\/\/bosquedechapultepec.mx:9000\/bosquedechapultepec\/espacios\/calzada-flotante\/' target=\"_self\"><\/a>      \n<\/div>\n\n\n\n\n<div id=\"uc_post_grid_elementor_4a42e3d_item23\" class=\"uc_post_grid_style_one_item ue_post_grid_item ue-item \">\n  \n      <a class=\"uc_post_grid_style_one_image \" href='http:\/\/bosquedechapultepec.mx:9000\/bosquedechapultepec\/espacios\/parque-canino\/' target=\"_self\">\n    <div class=\"uc_post_image\">\n      <img decoding=\"async\" src=\"http:\/\/bosquedechapultepec.mx:9000\/bosquedechapultepec\/wp-content\/uploads\/2024\/02\/parque-canino-thumb.jpg\" >\n      <div class=\"uc_post_image_overlay\"><\/div>\n    <\/div>\n  <\/a>\n \n  <div class=\"uc_content\">\n    <div class=\"uc_content_inner\">\n      <div class=\"uc_content-info-wrapper\" >\n        \n                 \n        \t        \t\t  \n        \t        \n        \t<div class=\"ue-grid-item-category\">\n                            \t              \t\t<a href=\"javascript:void(0);\" class=\"espacios\">Parques y \u00e1reas recreativas<\/a>\n              \t                      \t<\/div>        \n      \n              \n\n            \t\t      \t\t\t<div class=\"uc_post_title\"><a class=\"\" href='http:\/\/bosquedechapultepec.mx:9000\/bosquedechapultepec\/espacios\/parque-canino\/' target=\"_self\"><div class=\"ue_p_title\">Parque Canino Gandhi<\/div><\/a><\/div>\n      \t\t      \t\n                      \n       \n      \n  <div class=\"ue-meta-data\">\n            \n                \t    \n                \n        \n\t\n                \n                \n                \n                \n    \t\t\t\n      \n            \n  <\/div>\t\n      \t<div class=\"uc_post_text\">Parque Canino Gandhi\n\n\n\n\n\nEl Parque Canino Gandhi es el lugar perfecto para que los amigos peludos se...<\/div>\n     \n                 \n                            \n                                  \n     <\/div>                      \n           <div class=\"uc_post_button\">\n        \n        <a class=\"uc_more_btn \" target=\"_self\" href='http:\/\/bosquedechapultepec.mx:9000\/bosquedechapultepec\/espacios\/parque-canino\/'>\n          <div class=\"uc_btn_inner\">\n            <div class=\"uc_btn_txt\"><\/div>\n                      <\/div>\n      \t<\/a>\n        \n                \n      <\/div>                           \n \t<\/div>  <\/div>      \n  <a class=\"ue_post_full_link \" href='http:\/\/bosquedechapultepec.mx:9000\/bosquedechapultepec\/espacios\/parque-canino\/' target=\"_self\"><\/a>      \n<\/div>\n\n\n\n\n<div id=\"uc_post_grid_elementor_4a42e3d_item24\" class=\"uc_post_grid_style_one_item ue_post_grid_item ue-item \">\n  \n      <a class=\"uc_post_grid_style_one_image \" href='http:\/\/bosquedechapultepec.mx:9000\/bosquedechapultepec\/espacios\/jardin-escenico\/' target=\"_self\">\n    <div class=\"uc_post_image\">\n      <img decoding=\"async\" src=\"http:\/\/bosquedechapultepec.mx:9000\/bosquedechapultepec\/wp-content\/uploads\/2024\/02\/IMG_0701-scaled-1.jpg\" >\n      <div class=\"uc_post_image_overlay\"><\/div>\n    <\/div>\n  <\/a>\n \n  <div class=\"uc_content\">\n    <div class=\"uc_content_inner\">\n      <div class=\"uc_content-info-wrapper\" >\n        \n                 \n        \t        \t\t  \n        \t        \n        \t<div class=\"ue-grid-item-category\">\n                            \t              \t\t<a href=\"javascript:void(0);\" class=\"espacios\">Parques y \u00e1reas recreativas<\/a>\n              \t                            \t              \t\t<a href=\"javascript:void(0);\" class=\"espacios\">Recintos culturales<\/a>\n              \t                      \t<\/div>        \n      \n              \n\n            \t\t      \t\t\t<div class=\"uc_post_title\"><a class=\"\" href='http:\/\/bosquedechapultepec.mx:9000\/bosquedechapultepec\/espacios\/jardin-escenico\/' target=\"_self\"><div class=\"ue_p_title\">Jard\u00edn Esc\u00e9nico<\/div><\/a><\/div>\n      \t\t      \t\n                      \n       \n      \n  <div class=\"ue-meta-data\">\n            \n                \t    \n                \n        \n\t\n                \n                \n                \n                \n    \t\t\t\n      \n            \n  <\/div>\t\n      \t<div class=\"uc_post_text\">Jard\u00edn y Pabell\u00f3n Esc\u00e9nico Chapultepec \n\n\n\n\n\nDonde antes se alzaba un viejo estacionamiento, ahora se...<\/div>\n     \n                 \n                            \n                                  \n     <\/div>                      \n           <div class=\"uc_post_button\">\n        \n        <a class=\"uc_more_btn \" target=\"_self\" href='http:\/\/bosquedechapultepec.mx:9000\/bosquedechapultepec\/espacios\/jardin-escenico\/'>\n          <div class=\"uc_btn_inner\">\n            <div class=\"uc_btn_txt\"><\/div>\n                      <\/div>\n      \t<\/a>\n        \n                \n      <\/div>                           \n \t<\/div>  <\/div>      \n  <a class=\"ue_post_full_link \" href='http:\/\/bosquedechapultepec.mx:9000\/bosquedechapultepec\/espacios\/jardin-escenico\/' target=\"_self\"><\/a>      \n<\/div>\n\n\n\n\n<div id=\"uc_post_grid_elementor_4a42e3d_item25\" class=\"uc_post_grid_style_one_item ue_post_grid_item ue-item \">\n  \n      <a class=\"uc_post_grid_style_one_image \" href='http:\/\/bosquedechapultepec.mx:9000\/bosquedechapultepec\/espacios\/centro-cultural-del-bosque\/' target=\"_self\">\n    <div class=\"uc_post_image\">\n      <img decoding=\"async\" src=\"http:\/\/bosquedechapultepec.mx:9000\/bosquedechapultepec\/wp-content\/uploads\/2024\/02\/centro-cultural-del-bosque-thumb.jpg\" >\n      <div class=\"uc_post_image_overlay\"><\/div>\n    <\/div>\n  <\/a>\n \n  <div class=\"uc_content\">\n    <div class=\"uc_content_inner\">\n      <div class=\"uc_content-info-wrapper\" >\n        \n                 \n        \t        \t\t  \n        \t        \n        \t<div class=\"ue-grid-item-category\">\n                            \t              \t\t<a href=\"javascript:void(0);\" class=\"espacios\">Recintos culturales<\/a>\n              \t                      \t<\/div>        \n      \n              \n\n            \t\t      \t\t\t<div class=\"uc_post_title\"><a class=\"\" href='http:\/\/bosquedechapultepec.mx:9000\/bosquedechapultepec\/espacios\/centro-cultural-del-bosque\/' target=\"_self\"><div class=\"ue_p_title\">Centro Cultural del Bosque<\/div><\/a><\/div>\n      \t\t      \t\n                      \n       \n      \n  <div class=\"ue-meta-data\">\n            \n                \t    \n                \n        \n\t\n                \n                \n                \n                \n    \t\t\t\n      \n            \n  <\/div>\t\n      \t<div class=\"uc_post_text\">Centro Cultural del Bosque\n\n\n\n\n\nCon m\u00e1s de medio siglo de historia, el Centro Cultural del Bosque es...<\/div>\n     \n                 \n                            \n                                  \n     <\/div>                      \n           <div class=\"uc_post_button\">\n        \n        <a class=\"uc_more_btn \" target=\"_self\" href='http:\/\/bosquedechapultepec.mx:9000\/bosquedechapultepec\/espacios\/centro-cultural-del-bosque\/'>\n          <div class=\"uc_btn_inner\">\n            <div class=\"uc_btn_txt\"><\/div>\n                      <\/div>\n      \t<\/a>\n        \n                \n      <\/div>                           \n \t<\/div>  <\/div>      \n  <a class=\"ue_post_full_link \" href='http:\/\/bosquedechapultepec.mx:9000\/bosquedechapultepec\/espacios\/centro-cultural-del-bosque\/' target=\"_self\"><\/a>      \n<\/div>\n\n\n\n\n<div id=\"uc_post_grid_elementor_4a42e3d_item26\" class=\"uc_post_grid_style_one_item ue_post_grid_item ue-item \">\n  \n      <a class=\"uc_post_grid_style_one_image \" href='http:\/\/bosquedechapultepec.mx:9000\/bosquedechapultepec\/espacios\/anfibium-museo-del-axolote-y-centro-de-conservacion-de-anfibios\/' target=\"_self\">\n    <div class=\"uc_post_image\">\n      <img decoding=\"async\" src=\"http:\/\/bosquedechapultepec.mx:9000\/bosquedechapultepec\/wp-content\/uploads\/2024\/02\/1-Anfibum-thumb.jpg\" >\n      <div class=\"uc_post_image_overlay\"><\/div>\n    <\/div>\n  <\/a>\n \n  <div class=\"uc_content\">\n    <div class=\"uc_content_inner\">\n      <div class=\"uc_content-info-wrapper\" >\n        \n                 \n        \t        \t\t  \n        \t        \n        \t<div class=\"ue-grid-item-category\">\n                            \t              \t\t<a href=\"javascript:void(0);\" class=\"centros-de-conservacion-primera-seccion\">Centros de conservaci\u00f3n<\/a>\n              \t                      \t<\/div>        \n      \n              \n\n            \t\t      \t\t\t<div class=\"uc_post_title\"><a class=\"\" href='http:\/\/bosquedechapultepec.mx:9000\/bosquedechapultepec\/espacios\/anfibium-museo-del-axolote-y-centro-de-conservacion-de-anfibios\/' target=\"_self\"><div class=\"ue_p_title\">ANFIBIUM: Museo del Axolote<\/div><\/a><\/div>\n      \t\t      \t\n                      \n       \n      \n  <div class=\"ue-meta-data\">\n            \n                \t    \n                \n        \n\t\n                \n                \n                \n                \n    \t\t\t\n      \n            \n  <\/div>\t\n      \t<div class=\"uc_post_text\">ANFIBIUM: Museo del Axolote y Centro de Conservaci\u00f3n de Anfibios\n\n\n\n\n\nEl Zool\u00f3gico de Chapultepec inici\u00f3...<\/div>\n     \n                 \n                            \n                                  \n     <\/div>                      \n           <div class=\"uc_post_button\">\n        \n        <a class=\"uc_more_btn \" target=\"_self\" href='http:\/\/bosquedechapultepec.mx:9000\/bosquedechapultepec\/espacios\/anfibium-museo-del-axolote-y-centro-de-conservacion-de-anfibios\/'>\n          <div class=\"uc_btn_inner\">\n            <div class=\"uc_btn_txt\"><\/div>\n                      <\/div>\n      \t<\/a>\n        \n                \n      <\/div>                           \n \t<\/div>  <\/div>      \n  <a class=\"ue_post_full_link \" href='http:\/\/bosquedechapultepec.mx:9000\/bosquedechapultepec\/espacios\/anfibium-museo-del-axolote-y-centro-de-conservacion-de-anfibios\/' target=\"_self\"><\/a>      \n<\/div>\n\n\n\n\n<div id=\"uc_post_grid_elementor_4a42e3d_item27\" class=\"uc_post_grid_style_one_item ue_post_grid_item ue-item \">\n  \n      <a class=\"uc_post_grid_style_one_image \" href='http:\/\/bosquedechapultepec.mx:9000\/bosquedechapultepec\/espacios\/museo-de-sitio\/' target=\"_self\">\n    <div class=\"uc_post_image\">\n      <img decoding=\"async\" src=\"http:\/\/bosquedechapultepec.mx:9000\/bosquedechapultepec\/wp-content\/uploads\/2024\/01\/IMG_1261-scaled-1.jpg\" >\n      <div class=\"uc_post_image_overlay\"><\/div>\n    <\/div>\n  <\/a>\n \n  <div class=\"uc_content\">\n    <div class=\"uc_content_inner\">\n      <div class=\"uc_content-info-wrapper\" >\n        \n                 \n        \t        \t\t  \n        \t        \n        \t<div class=\"ue-grid-item-category\">\n                            \t              \t\t<a href=\"javascript:void(0);\" class=\"espacios\">Museos<\/a>\n              \t                      \t<\/div>        \n      \n              \n\n            \t\t      \t\t\t<div class=\"uc_post_title\"><a class=\"\" href='http:\/\/bosquedechapultepec.mx:9000\/bosquedechapultepec\/espacios\/museo-de-sitio\/' target=\"_self\"><div class=\"ue_p_title\">Museo de Sitio y Centro de Visitantes<\/div><\/a><\/div>\n      \t\t      \t\n                      \n       \n      \n  <div class=\"ue-meta-data\">\n            \n                \t    \n                \n        \n\t\n                \n                \n                \n                \n    \t\t\t\n      \n            \n  <\/div>\t\n      \t<div class=\"uc_post_text\">Museo de Sitio y Centro de Visitantes del Bosque de Chapultepec\n\n\n\n\n\nEl edificio de estilo neocl\u00e1sico...<\/div>\n     \n                 \n                            \n                                  \n     <\/div>                      \n           <div class=\"uc_post_button\">\n        \n        <a class=\"uc_more_btn \" target=\"_self\" href='http:\/\/bosquedechapultepec.mx:9000\/bosquedechapultepec\/espacios\/museo-de-sitio\/'>\n          <div class=\"uc_btn_inner\">\n            <div class=\"uc_btn_txt\"><\/div>\n                      <\/div>\n      \t<\/a>\n        \n                \n      <\/div>                           \n \t<\/div>  <\/div>      \n  <a class=\"ue_post_full_link \" href='http:\/\/bosquedechapultepec.mx:9000\/bosquedechapultepec\/espacios\/museo-de-sitio\/' target=\"_self\"><\/a>      \n<\/div>\n\n\n\n\n<div id=\"uc_post_grid_elementor_4a42e3d_item28\" class=\"uc_post_grid_style_one_item ue_post_grid_item ue-item \">\n  \n      <a class=\"uc_post_grid_style_one_image \" href='http:\/\/bosquedechapultepec.mx:9000\/bosquedechapultepec\/espacios\/los-pinos\/' target=\"_self\">\n    <div class=\"uc_post_image\">\n      <img decoding=\"async\" src=\"http:\/\/bosquedechapultepec.mx:9000\/bosquedechapultepec\/wp-content\/uploads\/2024\/01\/44-Centro-Cultural-LosPinos-thumb.jpg\" >\n      <div class=\"uc_post_image_overlay\"><\/div>\n    <\/div>\n  <\/a>\n \n  <div class=\"uc_content\">\n    <div class=\"uc_content_inner\">\n      <div class=\"uc_content-info-wrapper\" >\n        \n                 \n        \t        \t\t  \n        \t        \n        \t<div class=\"ue-grid-item-category\">\n                            \t              \t\t<a href=\"javascript:void(0);\" class=\"espacios\">Recintos culturales<\/a>\n              \t                      \t<\/div>        \n      \n              \n\n            \t\t      \t\t\t<div class=\"uc_post_title\"><a class=\"\" href='http:\/\/bosquedechapultepec.mx:9000\/bosquedechapultepec\/espacios\/los-pinos\/' target=\"_self\"><div class=\"ue_p_title\">Complejo Cultural Los Pinos<\/div><\/a><\/div>\n      \t\t      \t\n                      \n       \n      \n  <div class=\"ue-meta-data\">\n            \n                \t    \n                \n        \n\t\n                \n                \n                \n                \n    \t\t\t\n      \n            \n  <\/div>\t\n      \t<div class=\"uc_post_text\">Complejo Cultural Los Pinos\n\n\n\n\n\nLos Pinos fue la residencia oficial del presidente de M\u00e9xico. Este sitio...<\/div>\n     \n                 \n                            \n                                  \n     <\/div>                      \n           <div class=\"uc_post_button\">\n        \n        <a class=\"uc_more_btn \" target=\"_self\" href='http:\/\/bosquedechapultepec.mx:9000\/bosquedechapultepec\/espacios\/los-pinos\/'>\n          <div class=\"uc_btn_inner\">\n            <div class=\"uc_btn_txt\"><\/div>\n                      <\/div>\n      \t<\/a>\n        \n                \n      <\/div>                           \n \t<\/div>  <\/div>      \n  <a class=\"ue_post_full_link \" href='http:\/\/bosquedechapultepec.mx:9000\/bosquedechapultepec\/espacios\/los-pinos\/' target=\"_self\"><\/a>      \n<\/div>\n\n\n\n\n<div id=\"uc_post_grid_elementor_4a42e3d_item29\" class=\"uc_post_grid_style_one_item ue_post_grid_item ue-item \">\n  \n      <a class=\"uc_post_grid_style_one_image \" href='http:\/\/bosquedechapultepec.mx:9000\/bosquedechapultepec\/espacios\/calzada-poetas\/' target=\"_self\">\n    <div class=\"uc_post_image\">\n      <img decoding=\"async\" src=\"http:\/\/bosquedechapultepec.mx:9000\/bosquedechapultepec\/wp-content\/uploads\/2024\/01\/43-Calzada-de-los-poetas-thumb.jpg\" >\n      <div class=\"uc_post_image_overlay\"><\/div>\n    <\/div>\n  <\/a>\n \n  <div class=\"uc_content\">\n    <div class=\"uc_content_inner\">\n      <div class=\"uc_content-info-wrapper\" >\n        \n                 \n        \t        \t\t  \n        \t        \n        \t<div class=\"ue-grid-item-category\">\n                            \t              \t\t<a href=\"javascript:void(0);\" class=\"espacios\">Monumentos<\/a>\n              \t                      \t<\/div>        \n      \n              \n\n            \t\t      \t\t\t<div class=\"uc_post_title\"><a class=\"\" href='http:\/\/bosquedechapultepec.mx:9000\/bosquedechapultepec\/espacios\/calzada-poetas\/' target=\"_self\"><div class=\"ue_p_title\">Calzada de los Poetas<\/div><\/a><\/div>\n      \t\t      \t\n                      \n       \n      \n  <div class=\"ue-meta-data\">\n            \n                \t    \n                \n        \n\t\n                \n                \n                \n                \n    \t\t\t\n      \n            \n  <\/div>\t\n      \t<div class=\"uc_post_text\">Calzada de los Poetas\n\n\n\n\n\nEste paseo constituye un homenaje a los grandes escritores que han dejado...<\/div>\n     \n                 \n                            \n                                  \n     <\/div>                      \n           <div class=\"uc_post_button\">\n        \n        <a class=\"uc_more_btn \" target=\"_self\" href='http:\/\/bosquedechapultepec.mx:9000\/bosquedechapultepec\/espacios\/calzada-poetas\/'>\n          <div class=\"uc_btn_inner\">\n            <div class=\"uc_btn_txt\"><\/div>\n                      <\/div>\n      \t<\/a>\n        \n                \n      <\/div>                           \n \t<\/div>  <\/div>      \n  <a class=\"ue_post_full_link \" href='http:\/\/bosquedechapultepec.mx:9000\/bosquedechapultepec\/espacios\/calzada-poetas\/' target=\"_self\"><\/a>      \n<\/div>\n\n\n\n\n<div id=\"uc_post_grid_elementor_4a42e3d_item30\" class=\"uc_post_grid_style_one_item ue_post_grid_item ue-item \">\n  \n      <a class=\"uc_post_grid_style_one_image \" href='http:\/\/bosquedechapultepec.mx:9000\/bosquedechapultepec\/espacios\/la-milla\/' target=\"_self\">\n    <div class=\"uc_post_image\">\n      <img decoding=\"async\" src=\"http:\/\/bosquedechapultepec.mx:9000\/bosquedechapultepec\/wp-content\/uploads\/2024\/02\/La-Milla-thumb.jpg\" >\n      <div class=\"uc_post_image_overlay\"><\/div>\n    <\/div>\n  <\/a>\n \n  <div class=\"uc_content\">\n    <div class=\"uc_content_inner\">\n      <div class=\"uc_content-info-wrapper\" >\n        \n                 \n        \t        \t\t  \n        \t        \n        \t<div class=\"ue-grid-item-category\">\n                            \t              \t\t<a href=\"javascript:void(0);\" class=\"espacios\">Parques y \u00e1reas recreativas<\/a>\n              \t                      \t<\/div>        \n      \n              \n\n            \t\t      \t\t\t<div class=\"uc_post_title\"><a class=\"\" href='http:\/\/bosquedechapultepec.mx:9000\/bosquedechapultepec\/espacios\/la-milla\/' target=\"_self\"><div class=\"ue_p_title\">Calzada Heroico Colegio Militar<\/div><\/a><\/div>\n      \t\t      \t\n                      \n       \n      \n  <div class=\"ue-meta-data\">\n            \n                \t    \n                \n        \n\t\n                \n                \n                \n                \n    \t\t\t\n      \n            \n  <\/div>\t\n      \t<div class=\"uc_post_text\">Calzada Heroico Colegio Militar \u201cLa Milla\u201d&nbsp;\n\n\n\n\n\nLa Milla es una avenida del bosque que brinda un...<\/div>\n     \n                 \n                            \n                                  \n     <\/div>                      \n           <div class=\"uc_post_button\">\n        \n        <a class=\"uc_more_btn \" target=\"_self\" href='http:\/\/bosquedechapultepec.mx:9000\/bosquedechapultepec\/espacios\/la-milla\/'>\n          <div class=\"uc_btn_inner\">\n            <div class=\"uc_btn_txt\"><\/div>\n                      <\/div>\n      \t<\/a>\n        \n                \n      <\/div>                           \n \t<\/div>  <\/div>      \n  <a class=\"ue_post_full_link \" href='http:\/\/bosquedechapultepec.mx:9000\/bosquedechapultepec\/espacios\/la-milla\/' target=\"_self\"><\/a>      \n<\/div>\n\n\n\n\n<div id=\"uc_post_grid_elementor_4a42e3d_item31\" class=\"uc_post_grid_style_one_item ue_post_grid_item ue-item \">\n  \n      <a class=\"uc_post_grid_style_one_image \" href='http:\/\/bosquedechapultepec.mx:9000\/bosquedechapultepec\/espacios\/parque-gandhi\/' target=\"_self\">\n    <div class=\"uc_post_image\">\n      <img decoding=\"async\" src=\"http:\/\/bosquedechapultepec.mx:9000\/bosquedechapultepec\/wp-content\/uploads\/2024\/01\/143079853_3661720407254431_2347618965645117878_n.jpg\" >\n      <div class=\"uc_post_image_overlay\"><\/div>\n    <\/div>\n  <\/a>\n \n  <div class=\"uc_content\">\n    <div class=\"uc_content_inner\">\n      <div class=\"uc_content-info-wrapper\" >\n        \n                 \n        \t        \t\t  \n        \t        \n        \t<div class=\"ue-grid-item-category\">\n                            \t              \t\t<a href=\"javascript:void(0);\" class=\"espacios\">Parques y \u00e1reas recreativas<\/a>\n              \t                      \t<\/div>        \n      \n              \n\n            \t\t      \t\t\t<div class=\"uc_post_title\"><a class=\"\" href='http:\/\/bosquedechapultepec.mx:9000\/bosquedechapultepec\/espacios\/parque-gandhi\/' target=\"_self\"><div class=\"ue_p_title\">Parque Gandhi\u00a0<\/div><\/a><\/div>\n      \t\t      \t\n                      \n       \n      \n  <div class=\"ue-meta-data\">\n            \n                \t    \n                \n        \n\t\n                \n                \n                \n                \n    \t\t\t\n      \n            \n  <\/div>\t\n      \t<div class=\"uc_post_text\">Parque Gandhi&nbsp;\n\n\n\n\n\nEste parque tiene una superficie de 8,21 hect\u00e1reas y se encuentra dividido en...<\/div>\n     \n                 \n                            \n                                  \n     <\/div>                      \n           <div class=\"uc_post_button\">\n        \n        <a class=\"uc_more_btn \" target=\"_self\" href='http:\/\/bosquedechapultepec.mx:9000\/bosquedechapultepec\/espacios\/parque-gandhi\/'>\n          <div class=\"uc_btn_inner\">\n            <div class=\"uc_btn_txt\"><\/div>\n                      <\/div>\n      \t<\/a>\n        \n                \n      <\/div>                           \n \t<\/div>  <\/div>      \n  <a class=\"ue_post_full_link \" href='http:\/\/bosquedechapultepec.mx:9000\/bosquedechapultepec\/espacios\/parque-gandhi\/' target=\"_self\"><\/a>      \n<\/div>\n\n\n\n\n<div id=\"uc_post_grid_elementor_4a42e3d_item32\" class=\"uc_post_grid_style_one_item ue_post_grid_item ue-item \">\n  \n      <a class=\"uc_post_grid_style_one_image \" href='http:\/\/bosquedechapultepec.mx:9000\/bosquedechapultepec\/espacios\/lago-menor\/' target=\"_self\">\n    <div class=\"uc_post_image\">\n      <img decoding=\"async\" src=\"http:\/\/bosquedechapultepec.mx:9000\/bosquedechapultepec\/wp-content\/uploads\/2024\/01\/WhatsApp-Image-2024-05-09-at-3.10.04-PM-1.jpeg\" >\n      <div class=\"uc_post_image_overlay\"><\/div>\n    <\/div>\n  <\/a>\n \n  <div class=\"uc_content\">\n    <div class=\"uc_content_inner\">\n      <div class=\"uc_content-info-wrapper\" >\n        \n                 \n        \t        \t\t  \n        \t        \n        \t<div class=\"ue-grid-item-category\">\n                            \t              \t\t<a href=\"javascript:void(0);\" class=\"espacios\">Parques y \u00e1reas recreativas<\/a>\n              \t                      \t<\/div>        \n      \n              \n\n            \t\t      \t\t\t<div class=\"uc_post_title\"><a class=\"\" href='http:\/\/bosquedechapultepec.mx:9000\/bosquedechapultepec\/espacios\/lago-menor\/' target=\"_self\"><div class=\"ue_p_title\">Lago Menor\u00a0<\/div><\/a><\/div>\n      \t\t      \t\n                      \n       \n      \n  <div class=\"ue-meta-data\">\n            \n                \t    \n                \n        \n\t\n                \n                \n                \n                \n    \t\t\t\n      \n            \n  <\/div>\t\n      \t<div class=\"uc_post_text\">Lago Menor\u00a0de la Primera Secci\u00f3n\n\n\n\n\n\nEl Lago Menor se trata de un lago artificial con un valor hist\u00f3rico...<\/div>\n     \n                 \n                            \n                                  \n     <\/div>                      \n           <div class=\"uc_post_button\">\n        \n        <a class=\"uc_more_btn \" target=\"_self\" href='http:\/\/bosquedechapultepec.mx:9000\/bosquedechapultepec\/espacios\/lago-menor\/'>\n          <div class=\"uc_btn_inner\">\n            <div class=\"uc_btn_txt\"><\/div>\n                      <\/div>\n      \t<\/a>\n        \n                \n      <\/div>                           \n \t<\/div>  <\/div>      \n  <a class=\"ue_post_full_link \" href='http:\/\/bosquedechapultepec.mx:9000\/bosquedechapultepec\/espacios\/lago-menor\/' target=\"_self\"><\/a>      \n<\/div>\n\n\n\n\n<div id=\"uc_post_grid_elementor_4a42e3d_item33\" class=\"uc_post_grid_style_one_item ue_post_grid_item ue-item \">\n  \n      <a class=\"uc_post_grid_style_one_image \" href='http:\/\/bosquedechapultepec.mx:9000\/bosquedechapultepec\/espacios\/lago-mayor\/' target=\"_self\">\n    <div class=\"uc_post_image\">\n      <img decoding=\"async\" src=\"http:\/\/bosquedechapultepec.mx:9000\/bosquedechapultepec\/wp-content\/uploads\/2024\/02\/Lago-Mayor-Primera-thumb.jpg\" >\n      <div class=\"uc_post_image_overlay\"><\/div>\n    <\/div>\n  <\/a>\n \n  <div class=\"uc_content\">\n    <div class=\"uc_content_inner\">\n      <div class=\"uc_content-info-wrapper\" >\n        \n                 \n        \t        \t\t  \n        \t        \n        \t<div class=\"ue-grid-item-category\">\n                            \t              \t\t<a href=\"javascript:void(0);\" class=\"espacios\">Parques y \u00e1reas recreativas<\/a>\n              \t                      \t<\/div>        \n      \n              \n\n            \t\t      \t\t\t<div class=\"uc_post_title\"><a class=\"\" href='http:\/\/bosquedechapultepec.mx:9000\/bosquedechapultepec\/espacios\/lago-mayor\/' target=\"_self\"><div class=\"ue_p_title\">Lago Mayor\u00a0<\/div><\/a><\/div>\n      \t\t      \t\n                      \n       \n      \n  <div class=\"ue-meta-data\">\n            \n                \t    \n                \n        \n\t\n                \n                \n                \n                \n    \t\t\t\n      \n            \n  <\/div>\t\n      \t<div class=\"uc_post_text\">Lago Mayor\u00a0de la Primera Secci\u00f3n\n\n\n\n\n\nEste lago artificial fue creado a principios del siglo XX como...<\/div>\n     \n                 \n                            \n                                  \n     <\/div>                      \n           <div class=\"uc_post_button\">\n        \n        <a class=\"uc_more_btn \" target=\"_self\" href='http:\/\/bosquedechapultepec.mx:9000\/bosquedechapultepec\/espacios\/lago-mayor\/'>\n          <div class=\"uc_btn_inner\">\n            <div class=\"uc_btn_txt\"><\/div>\n                      <\/div>\n      \t<\/a>\n        \n                \n      <\/div>                           \n \t<\/div>  <\/div>      \n  <a class=\"ue_post_full_link \" href='http:\/\/bosquedechapultepec.mx:9000\/bosquedechapultepec\/espacios\/lago-mayor\/' target=\"_self\"><\/a>      \n<\/div>\n\n\n\n\n<div id=\"uc_post_grid_elementor_4a42e3d_item34\" class=\"uc_post_grid_style_one_item ue_post_grid_item ue-item \">\n  \n      <a class=\"uc_post_grid_style_one_image \" href='http:\/\/bosquedechapultepec.mx:9000\/bosquedechapultepec\/espacios\/fuente-novios\/' target=\"_self\">\n    <div class=\"uc_post_image\">\n      <img decoding=\"async\" src=\"http:\/\/bosquedechapultepec.mx:9000\/bosquedechapultepec\/wp-content\/uploads\/2024\/01\/37-fuente-los-novios-thumb.jpg\" >\n      <div class=\"uc_post_image_overlay\"><\/div>\n    <\/div>\n  <\/a>\n \n  <div class=\"uc_content\">\n    <div class=\"uc_content_inner\">\n      <div class=\"uc_content-info-wrapper\" >\n        \n                 \n        \t        \t\t  \n        \t        \n        \t<div class=\"ue-grid-item-category\">\n                            \t              \t\t<a href=\"javascript:void(0);\" class=\"espacios\">Fuentes<\/a>\n              \t                      \t<\/div>        \n      \n              \n\n            \t\t      \t\t\t<div class=\"uc_post_title\"><a class=\"\" href='http:\/\/bosquedechapultepec.mx:9000\/bosquedechapultepec\/espacios\/fuente-novios\/' target=\"_self\"><div class=\"ue_p_title\">Fuente de los Novios\u00a0<\/div><\/a><\/div>\n      \t\t      \t\n                      \n       \n      \n  <div class=\"ue-meta-data\">\n            \n                \t    \n                \n        \n\t\n                \n                \n                \n                \n    \t\t\t\n      \n            \n  <\/div>\t\n      \t<div class=\"uc_post_text\">Fuente de los Novios&nbsp;\n\n\n\n\n\nEsta rom\u00e1ntica pieza se compone de una fuente hexagonal elaborada con...<\/div>\n     \n                 \n                            \n                                  \n     <\/div>                      \n           <div class=\"uc_post_button\">\n        \n        <a class=\"uc_more_btn \" target=\"_self\" href='http:\/\/bosquedechapultepec.mx:9000\/bosquedechapultepec\/espacios\/fuente-novios\/'>\n          <div class=\"uc_btn_inner\">\n            <div class=\"uc_btn_txt\"><\/div>\n                      <\/div>\n      \t<\/a>\n        \n                \n      <\/div>                           \n \t<\/div>  <\/div>      \n  <a class=\"ue_post_full_link \" href='http:\/\/bosquedechapultepec.mx:9000\/bosquedechapultepec\/espacios\/fuente-novios\/' target=\"_self\"><\/a>      \n<\/div>\n\n\n\n\n<div id=\"uc_post_grid_elementor_4a42e3d_item35\" class=\"uc_post_grid_style_one_item ue_post_grid_item ue-item \">\n  \n      <a class=\"uc_post_grid_style_one_image \" href='http:\/\/bosquedechapultepec.mx:9000\/bosquedechapultepec\/espacios\/fuente-templanza\/' target=\"_self\">\n    <div class=\"uc_post_image\">\n      <img decoding=\"async\" src=\"http:\/\/bosquedechapultepec.mx:9000\/bosquedechapultepec\/wp-content\/uploads\/2024\/01\/MG_9072-2-scaled-1.jpg\" >\n      <div class=\"uc_post_image_overlay\"><\/div>\n    <\/div>\n  <\/a>\n \n  <div class=\"uc_content\">\n    <div class=\"uc_content_inner\">\n      <div class=\"uc_content-info-wrapper\" >\n        \n                 \n        \t        \t\t  \n        \t        \n        \t<div class=\"ue-grid-item-category\">\n                            \t              \t\t<a href=\"javascript:void(0);\" class=\"espacios\">Fuentes<\/a>\n              \t                      \t<\/div>        \n      \n              \n\n            \t\t      \t\t\t<div class=\"uc_post_title\"><a class=\"\" href='http:\/\/bosquedechapultepec.mx:9000\/bosquedechapultepec\/espacios\/fuente-templanza\/' target=\"_self\"><div class=\"ue_p_title\">Fuente de la Templanza\u00a0<\/div><\/a><\/div>\n      \t\t      \t\n                      \n       \n      \n  <div class=\"ue-meta-data\">\n            \n                \t    \n                \n        \n\t\n                \n                \n                \n                \n    \t\t\t\n      \n            \n  <\/div>\t\n      \t<div class=\"uc_post_text\">Fuente de la Templanza&nbsp;\n\n\n\n\n\nLa Fuente de la Templanza, en conjunto con una reproducci\u00f3n del David...<\/div>\n     \n                 \n                            \n                                  \n     <\/div>                      \n           <div class=\"uc_post_button\">\n        \n        <a class=\"uc_more_btn \" target=\"_self\" href='http:\/\/bosquedechapultepec.mx:9000\/bosquedechapultepec\/espacios\/fuente-templanza\/'>\n          <div class=\"uc_btn_inner\">\n            <div class=\"uc_btn_txt\"><\/div>\n                      <\/div>\n      \t<\/a>\n        \n                \n      <\/div>                           \n \t<\/div>  <\/div>      \n  <a class=\"ue_post_full_link \" href='http:\/\/bosquedechapultepec.mx:9000\/bosquedechapultepec\/espacios\/fuente-templanza\/' target=\"_self\"><\/a>      \n<\/div>\n\n\n\n\n<div id=\"uc_post_grid_elementor_4a42e3d_item36\" class=\"uc_post_grid_style_one_item ue_post_grid_item ue-item \">\n  \n      <a class=\"uc_post_grid_style_one_image \" href='http:\/\/bosquedechapultepec.mx:9000\/bosquedechapultepec\/espacios\/fuente-quijote\/' target=\"_self\">\n    <div class=\"uc_post_image\">\n      <img decoding=\"async\" src=\"http:\/\/bosquedechapultepec.mx:9000\/bosquedechapultepec\/wp-content\/uploads\/2024\/01\/Ceremonia-Restauracion-Fuente-Quijote-1-scaled-1.jpg\" >\n      <div class=\"uc_post_image_overlay\"><\/div>\n    <\/div>\n  <\/a>\n \n  <div class=\"uc_content\">\n    <div class=\"uc_content_inner\">\n      <div class=\"uc_content-info-wrapper\" >\n        \n                 \n        \t        \t\t  \n        \t        \n        \t<div class=\"ue-grid-item-category\">\n                            \t              \t\t<a href=\"javascript:void(0);\" class=\"espacios\">Fuentes<\/a>\n              \t                      \t<\/div>        \n      \n              \n\n            \t\t      \t\t\t<div class=\"uc_post_title\"><a class=\"\" href='http:\/\/bosquedechapultepec.mx:9000\/bosquedechapultepec\/espacios\/fuente-quijote\/' target=\"_self\"><div class=\"ue_p_title\">Fuente del Quijote\u00a0<\/div><\/a><\/div>\n      \t\t      \t\n                      \n       \n      \n  <div class=\"ue-meta-data\">\n            \n                \t    \n                \n        \n\t\n                \n                \n                \n                \n    \t\t\t\n      \n            \n  <\/div>\t\n      \t<div class=\"uc_post_text\">Fuente del Quijote&nbsp;\n\n\n\n\n\nLa Fuente del Quijote es un homenaje literario a la obra Don Quijote de...<\/div>\n     \n                 \n                            \n                                  \n     <\/div>                      \n           <div class=\"uc_post_button\">\n        \n        <a class=\"uc_more_btn \" target=\"_self\" href='http:\/\/bosquedechapultepec.mx:9000\/bosquedechapultepec\/espacios\/fuente-quijote\/'>\n          <div class=\"uc_btn_inner\">\n            <div class=\"uc_btn_txt\"><\/div>\n                      <\/div>\n      \t<\/a>\n        \n                \n      <\/div>                           \n \t<\/div>  <\/div>      \n  <a class=\"ue_post_full_link \" href='http:\/\/bosquedechapultepec.mx:9000\/bosquedechapultepec\/espacios\/fuente-quijote\/' target=\"_self\"><\/a>      \n<\/div>\n\n\n\n\n<div id=\"uc_post_grid_elementor_4a42e3d_item37\" class=\"uc_post_grid_style_one_item ue_post_grid_item ue-item \">\n  \n      <a class=\"uc_post_grid_style_one_image \" href='http:\/\/bosquedechapultepec.mx:9000\/bosquedechapultepec\/espacios\/fuente-ranas\/' target=\"_self\">\n    <div class=\"uc_post_image\">\n      <img decoding=\"async\" src=\"http:\/\/bosquedechapultepec.mx:9000\/bosquedechapultepec\/wp-content\/uploads\/2024\/01\/327439750_478792984463725_7860697746583312778_n-1.jpg\" >\n      <div class=\"uc_post_image_overlay\"><\/div>\n    <\/div>\n  <\/a>\n \n  <div class=\"uc_content\">\n    <div class=\"uc_content_inner\">\n      <div class=\"uc_content-info-wrapper\" >\n        \n                 \n        \t        \t\t  \n        \t        \n        \t<div class=\"ue-grid-item-category\">\n                            \t              \t\t<a href=\"javascript:void(0);\" class=\"espacios\">Fuentes<\/a>\n              \t                      \t<\/div>        \n      \n              \n\n            \t\t      \t\t\t<div class=\"uc_post_title\"><a class=\"\" href='http:\/\/bosquedechapultepec.mx:9000\/bosquedechapultepec\/espacios\/fuente-ranas\/' target=\"_self\"><div class=\"ue_p_title\">Fuente de las Ranas<\/div><\/a><\/div>\n      \t\t      \t\n                      \n       \n      \n  <div class=\"ue-meta-data\">\n            \n                \t    \n                \n        \n\t\n                \n                \n                \n                \n    \t\t\t\n      \n            \n  <\/div>\t\n      \t<div class=\"uc_post_text\">Fuente de las Ranas \n\n\n\n\n\nConstruida en 1921 por \u00f3rdenes de Miguel Alessio Robles, es una r\u00e9plica exacta...<\/div>\n     \n                 \n                            \n                                  \n     <\/div>                      \n           <div class=\"uc_post_button\">\n        \n        <a class=\"uc_more_btn \" target=\"_self\" href='http:\/\/bosquedechapultepec.mx:9000\/bosquedechapultepec\/espacios\/fuente-ranas\/'>\n          <div class=\"uc_btn_inner\">\n            <div class=\"uc_btn_txt\"><\/div>\n                      <\/div>\n      \t<\/a>\n        \n                \n      <\/div>                           \n \t<\/div>  <\/div>      \n  <a class=\"ue_post_full_link \" href='http:\/\/bosquedechapultepec.mx:9000\/bosquedechapultepec\/espacios\/fuente-ranas\/' target=\"_self\"><\/a>      \n<\/div>\n\n\n\n\n<div id=\"uc_post_grid_elementor_4a42e3d_item38\" class=\"uc_post_grid_style_one_item ue_post_grid_item ue-item \">\n  \n      <a class=\"uc_post_grid_style_one_image \" href='http:\/\/bosquedechapultepec.mx:9000\/bosquedechapultepec\/espacios\/fuente-idilio\/' target=\"_self\">\n    <div class=\"uc_post_image\">\n      <img decoding=\"async\" src=\"http:\/\/bosquedechapultepec.mx:9000\/bosquedechapultepec\/wp-content\/uploads\/2024\/01\/32-fuente-idilio-amor-thumb.jpg\" >\n      <div class=\"uc_post_image_overlay\"><\/div>\n    <\/div>\n  <\/a>\n \n  <div class=\"uc_content\">\n    <div class=\"uc_content_inner\">\n      <div class=\"uc_content-info-wrapper\" >\n        \n                 \n        \t        \t\t  \n        \t        \n        \t<div class=\"ue-grid-item-category\">\n                            \t              \t\t<a href=\"javascript:void(0);\" class=\"espacios\">Fuentes<\/a>\n              \t                      \t<\/div>        \n      \n              \n\n            \t\t      \t\t\t<div class=\"uc_post_title\"><a class=\"\" href='http:\/\/bosquedechapultepec.mx:9000\/bosquedechapultepec\/espacios\/fuente-idilio\/' target=\"_self\"><div class=\"ue_p_title\">Adagio o Fuente del Idilio del Amor<\/div><\/a><\/div>\n      \t\t      \t\n                      \n       \n      \n  <div class=\"ue-meta-data\">\n            \n                \t    \n                \n        \n\t\n                \n                \n                \n                \n    \t\t\t\n      \n            \n  <\/div>\t\n      \t<div class=\"uc_post_text\">Adagio o Fuente del Idilio del Amor\n\n\n\n\n\nEn un rinc\u00f3n de la Primera Secci\u00f3n del Bosque de Chapultepec,...<\/div>\n     \n                 \n                            \n                                  \n     <\/div>                      \n           <div class=\"uc_post_button\">\n        \n        <a class=\"uc_more_btn \" target=\"_self\" href='http:\/\/bosquedechapultepec.mx:9000\/bosquedechapultepec\/espacios\/fuente-idilio\/'>\n          <div class=\"uc_btn_inner\">\n            <div class=\"uc_btn_txt\"><\/div>\n                      <\/div>\n      \t<\/a>\n        \n                \n      <\/div>                           \n \t<\/div>  <\/div>      \n  <a class=\"ue_post_full_link \" href='http:\/\/bosquedechapultepec.mx:9000\/bosquedechapultepec\/espacios\/fuente-idilio\/' target=\"_self\"><\/a>      \n<\/div>\n\n\n\n\n<div id=\"uc_post_grid_elementor_4a42e3d_item39\" class=\"uc_post_grid_style_one_item ue_post_grid_item ue-item \">\n  \n      <a class=\"uc_post_grid_style_one_image \" href='http:\/\/bosquedechapultepec.mx:9000\/bosquedechapultepec\/espacios\/pabellon-coreano\/' target=\"_self\">\n    <div class=\"uc_post_image\">\n      <img decoding=\"async\" src=\"http:\/\/bosquedechapultepec.mx:9000\/bosquedechapultepec\/wp-content\/uploads\/2024\/01\/Coreano-scaled.jpg\" >\n      <div class=\"uc_post_image_overlay\"><\/div>\n    <\/div>\n  <\/a>\n \n  <div class=\"uc_content\">\n    <div class=\"uc_content_inner\">\n      <div class=\"uc_content-info-wrapper\" >\n        \n                 \n        \t        \t\t  \n        \t        \n        \t<div class=\"ue-grid-item-category\">\n                            \t              \t\t<a href=\"javascript:void(0);\" class=\"espacios\">Monumentos<\/a>\n              \t                      \t<\/div>        \n      \n              \n\n            \t\t      \t\t\t<div class=\"uc_post_title\"><a class=\"\" href='http:\/\/bosquedechapultepec.mx:9000\/bosquedechapultepec\/espacios\/pabellon-coreano\/' target=\"_self\"><div class=\"ue_p_title\">Pabell\u00f3n Coreano<\/div><\/a><\/div>\n      \t\t      \t\n                      \n       \n      \n  <div class=\"ue-meta-data\">\n            \n                \t    \n                \n        \n\t\n                \n                \n                \n                \n    \t\t\t\n      \n            \n  <\/div>\t\n      \t<div class=\"uc_post_text\">Pabell\u00f3n Coreano\n\n\n\n\n\nEl Pabell\u00f3n Coreano, ubicado dentro del Jard\u00edn de Adultos Mayores, es una r\u00e9plica...<\/div>\n     \n                 \n                            \n                                  \n     <\/div>                      \n           <div class=\"uc_post_button\">\n        \n        <a class=\"uc_more_btn \" target=\"_self\" href='http:\/\/bosquedechapultepec.mx:9000\/bosquedechapultepec\/espacios\/pabellon-coreano\/'>\n          <div class=\"uc_btn_inner\">\n            <div class=\"uc_btn_txt\"><\/div>\n                      <\/div>\n      \t<\/a>\n        \n                \n      <\/div>                           \n \t<\/div>  <\/div>      \n  <a class=\"ue_post_full_link \" href='http:\/\/bosquedechapultepec.mx:9000\/bosquedechapultepec\/espacios\/pabellon-coreano\/' target=\"_self\"><\/a>      \n<\/div>\n\n\n\n\n<div id=\"uc_post_grid_elementor_4a42e3d_item40\" class=\"uc_post_grid_style_one_item ue_post_grid_item ue-item \">\n  \n      <a class=\"uc_post_grid_style_one_image \" href='http:\/\/bosquedechapultepec.mx:9000\/bosquedechapultepec\/espacios\/monumento-jose-marti\/' target=\"_self\">\n    <div class=\"uc_post_image\">\n      <img decoding=\"async\" src=\"http:\/\/bosquedechapultepec.mx:9000\/bosquedechapultepec\/wp-content\/uploads\/2024\/01\/30-monumento-marti-thumb.jpg\" >\n      <div class=\"uc_post_image_overlay\"><\/div>\n    <\/div>\n  <\/a>\n \n  <div class=\"uc_content\">\n    <div class=\"uc_content_inner\">\n      <div class=\"uc_content-info-wrapper\" >\n        \n                 \n        \t        \t\t  \n        \t        \n        \t<div class=\"ue-grid-item-category\">\n                            \t              \t\t<a href=\"javascript:void(0);\" class=\"espacios\">Monumentos<\/a>\n              \t                      \t<\/div>        \n      \n              \n\n            \t\t      \t\t\t<div class=\"uc_post_title\"><a class=\"\" href='http:\/\/bosquedechapultepec.mx:9000\/bosquedechapultepec\/espacios\/monumento-jose-marti\/' target=\"_self\"><div class=\"ue_p_title\">Monumento a Jos\u00e9 Mart\u00ed<\/div><\/a><\/div>\n      \t\t      \t\n                      \n       \n      \n  <div class=\"ue-meta-data\">\n            \n                \t    \n                \n        \n\t\n                \n                \n                \n                \n    \t\t\t\n      \n            \n  <\/div>\t\n      \t<div class=\"uc_post_text\">Monumento a Jos\u00e9 Mart\u00ed\n\n\n\n\n\nEste monumento rinde homenaje al pol\u00edtico, pensador y escritor cubano Jos\u00e9...<\/div>\n     \n                 \n                            \n                                  \n     <\/div>                      \n           <div class=\"uc_post_button\">\n        \n        <a class=\"uc_more_btn \" target=\"_self\" href='http:\/\/bosquedechapultepec.mx:9000\/bosquedechapultepec\/espacios\/monumento-jose-marti\/'>\n          <div class=\"uc_btn_inner\">\n            <div class=\"uc_btn_txt\"><\/div>\n                      <\/div>\n      \t<\/a>\n        \n                \n      <\/div>                           \n \t<\/div>  <\/div>      \n  <a class=\"ue_post_full_link \" href='http:\/\/bosquedechapultepec.mx:9000\/bosquedechapultepec\/espacios\/monumento-jose-marti\/' target=\"_self\"><\/a>      \n<\/div>\n\n\n\n\n<div id=\"uc_post_grid_elementor_4a42e3d_item41\" class=\"uc_post_grid_style_one_item ue_post_grid_item ue-item \">\n  \n      <a class=\"uc_post_grid_style_one_image \" href='http:\/\/bosquedechapultepec.mx:9000\/bosquedechapultepec\/espacios\/kiosco-del-pueblo\/' target=\"_self\">\n    <div class=\"uc_post_image\">\n      <img decoding=\"async\" src=\"http:\/\/bosquedechapultepec.mx:9000\/bosquedechapultepec\/wp-content\/uploads\/2024\/01\/IMG_5847-scaled-1.jpg\" >\n      <div class=\"uc_post_image_overlay\"><\/div>\n    <\/div>\n  <\/a>\n \n  <div class=\"uc_content\">\n    <div class=\"uc_content_inner\">\n      <div class=\"uc_content-info-wrapper\" >\n        \n                 \n        \t        \t\t  \n        \t        \n        \t<div class=\"ue-grid-item-category\">\n                            \t              \t\t<a href=\"javascript:void(0);\" class=\"espacios\">Parques y \u00e1reas recreativas<\/a>\n              \t                      \t<\/div>        \n      \n              \n\n            \t\t      \t\t\t<div class=\"uc_post_title\"><a class=\"\" href='http:\/\/bosquedechapultepec.mx:9000\/bosquedechapultepec\/espacios\/kiosco-del-pueblo\/' target=\"_self\"><div class=\"ue_p_title\">Kiosco del Pueblo<\/div><\/a><\/div>\n      \t\t      \t\n                      \n       \n      \n  <div class=\"ue-meta-data\">\n            \n                \t    \n                \n        \n\t\n                \n                \n                \n                \n    \t\t\t\n      \n            \n  <\/div>\t\n      \t<div class=\"uc_post_text\">Kiosco del Pueblo\n\n\n\n\n\nEl Kiosco del Pueblo, erigido a principios del siglo XX durante el Porfiriato,...<\/div>\n     \n                 \n                            \n                                  \n     <\/div>                      \n           <div class=\"uc_post_button\">\n        \n        <a class=\"uc_more_btn \" target=\"_self\" href='http:\/\/bosquedechapultepec.mx:9000\/bosquedechapultepec\/espacios\/kiosco-del-pueblo\/'>\n          <div class=\"uc_btn_inner\">\n            <div class=\"uc_btn_txt\"><\/div>\n                      <\/div>\n      \t<\/a>\n        \n                \n      <\/div>                           \n \t<\/div>  <\/div>      \n  <a class=\"ue_post_full_link \" href='http:\/\/bosquedechapultepec.mx:9000\/bosquedechapultepec\/espacios\/kiosco-del-pueblo\/' target=\"_self\"><\/a>      \n<\/div>\n\n\n\n\n<div id=\"uc_post_grid_elementor_4a42e3d_item42\" class=\"uc_post_grid_style_one_item ue_post_grid_item ue-item \">\n  \n      <a class=\"uc_post_grid_style_one_image \" href='http:\/\/bosquedechapultepec.mx:9000\/bosquedechapultepec\/espacios\/las-tazas\/' target=\"_self\">\n    <div class=\"uc_post_image\">\n      <img decoding=\"async\" src=\"http:\/\/bosquedechapultepec.mx:9000\/bosquedechapultepec\/wp-content\/uploads\/2024\/01\/las-tazas-rincones-renacidos-del-porfiriato-thumb.jpg\" >\n      <div class=\"uc_post_image_overlay\"><\/div>\n    <\/div>\n  <\/a>\n \n  <div class=\"uc_content\">\n    <div class=\"uc_content_inner\">\n      <div class=\"uc_content-info-wrapper\" >\n        \n                 \n        \t        \t\t  \n        \t        \n        \t<div class=\"ue-grid-item-category\">\n                            \t              \t\t<a href=\"javascript:void(0);\" class=\"espacios\">Parques y \u00e1reas recreativas<\/a>\n              \t                      \t<\/div>        \n      \n              \n\n            \t\t      \t\t\t<div class=\"uc_post_title\"><a class=\"\" href='http:\/\/bosquedechapultepec.mx:9000\/bosquedechapultepec\/espacios\/las-tazas\/' target=\"_self\"><div class=\"ue_p_title\">Las Tazas<\/div><\/a><\/div>\n      \t\t      \t\n                      \n       \n      \n  <div class=\"ue-meta-data\">\n            \n                \t    \n                \n        \n\t\n                \n                \n                \n                \n    \t\t\t\n      \n            \n  <\/div>\t\n      \t<div class=\"uc_post_text\">Las Tazas\n\n\n\n\n\nLas Tazas fueron una destacada contribuci\u00f3n del proyecto de remodelaci\u00f3n porfirista a...<\/div>\n     \n                 \n                            \n                                  \n     <\/div>                      \n           <div class=\"uc_post_button\">\n        \n        <a class=\"uc_more_btn \" target=\"_self\" href='http:\/\/bosquedechapultepec.mx:9000\/bosquedechapultepec\/espacios\/las-tazas\/'>\n          <div class=\"uc_btn_inner\">\n            <div class=\"uc_btn_txt\"><\/div>\n                      <\/div>\n      \t<\/a>\n        \n                \n      <\/div>                           \n \t<\/div>  <\/div>      \n  <a class=\"ue_post_full_link \" href='http:\/\/bosquedechapultepec.mx:9000\/bosquedechapultepec\/espacios\/las-tazas\/' target=\"_self\"><\/a>      \n<\/div>\n\n\n\n\n<div id=\"uc_post_grid_elementor_4a42e3d_item43\" class=\"uc_post_grid_style_one_item ue_post_grid_item ue-item \">\n  \n      <a class=\"uc_post_grid_style_one_image \" href='http:\/\/bosquedechapultepec.mx:9000\/bosquedechapultepec\/espacios\/banos-moctezuma\/' target=\"_self\">\n    <div class=\"uc_post_image\">\n      <img decoding=\"async\" src=\"http:\/\/bosquedechapultepec.mx:9000\/bosquedechapultepec\/wp-content\/uploads\/2024\/01\/355308299_648638973960602_7842383777378887419_n-1.jpg\" >\n      <div class=\"uc_post_image_overlay\"><\/div>\n    <\/div>\n  <\/a>\n \n  <div class=\"uc_content\">\n    <div class=\"uc_content_inner\">\n      <div class=\"uc_content-info-wrapper\" >\n        \n                 \n        \t        \t\t  \n        \t        \n        \t<div class=\"ue-grid-item-category\">\n                            \t              \t\t<a href=\"javascript:void(0);\" class=\"espacios\">Monumentos<\/a>\n              \t                      \t<\/div>        \n      \n              \n\n            \t\t      \t\t\t<div class=\"uc_post_title\"><a class=\"\" href='http:\/\/bosquedechapultepec.mx:9000\/bosquedechapultepec\/espacios\/banos-moctezuma\/' target=\"_self\"><div class=\"ue_p_title\">Ba\u00f1os de Moctezuma<\/div><\/a><\/div>\n      \t\t      \t\n                      \n       \n      \n  <div class=\"ue-meta-data\">\n            \n                \t    \n                \n        \n\t\n                \n                \n                \n                \n    \t\t\t\n      \n            \n  <\/div>\t\n      \t<div class=\"uc_post_text\">Ba\u00f1os de Moctezuma\n\n\n\n\n\nDe origen prehisp\u00e1nico y anteriormente conocida como alberca de los Espinosa,...<\/div>\n     \n                 \n                            \n                                  \n     <\/div>                      \n           <div class=\"uc_post_button\">\n        \n        <a class=\"uc_more_btn \" target=\"_self\" href='http:\/\/bosquedechapultepec.mx:9000\/bosquedechapultepec\/espacios\/banos-moctezuma\/'>\n          <div class=\"uc_btn_inner\">\n            <div class=\"uc_btn_txt\"><\/div>\n                      <\/div>\n      \t<\/a>\n        \n                \n      <\/div>                           \n \t<\/div>  <\/div>      \n  <a class=\"ue_post_full_link \" href='http:\/\/bosquedechapultepec.mx:9000\/bosquedechapultepec\/espacios\/banos-moctezuma\/' target=\"_self\"><\/a>      \n<\/div>\n\n\n\n\n<div id=\"uc_post_grid_elementor_4a42e3d_item44\" class=\"uc_post_grid_style_one_item ue_post_grid_item ue-item \">\n  \n      <a class=\"uc_post_grid_style_one_image \" href='http:\/\/bosquedechapultepec.mx:9000\/bosquedechapultepec\/espacios\/el-sargento\/' target=\"_self\">\n    <div class=\"uc_post_image\">\n      <img decoding=\"async\" src=\"http:\/\/bosquedechapultepec.mx:9000\/bosquedechapultepec\/wp-content\/uploads\/2024\/01\/MG_9064-scaled-3.jpg\" >\n      <div class=\"uc_post_image_overlay\"><\/div>\n    <\/div>\n  <\/a>\n \n  <div class=\"uc_content\">\n    <div class=\"uc_content_inner\">\n      <div class=\"uc_content-info-wrapper\" >\n        \n                 \n        \t        \t\t  \n        \t        \n        \t<div class=\"ue-grid-item-category\">\n                            \t              \t\t<a href=\"javascript:void(0);\" class=\"espacios\">Monumentos<\/a>\n              \t                      \t<\/div>        \n      \n              \n\n            \t\t      \t\t\t<div class=\"uc_post_title\"><a class=\"\" href='http:\/\/bosquedechapultepec.mx:9000\/bosquedechapultepec\/espacios\/el-sargento\/' target=\"_self\"><div class=\"ue_p_title\">Ahuehuete \u201cEl Sargento\u201d<\/div><\/a><\/div>\n      \t\t      \t\n                      \n       \n      \n  <div class=\"ue-meta-data\">\n            \n                \t    \n                \n        \n\t\n                \n                \n                \n                \n    \t\t\t\n      \n            \n  <\/div>\t\n      \t<div class=\"uc_post_text\">Ahuehuete \u201cEl Sargento\u201d\n\n\n\n\n\nFrente a la Tribuna Monumental se alza imponente El Sargento o El Centinela,...<\/div>\n     \n                 \n                            \n                                  \n     <\/div>                      \n           <div class=\"uc_post_button\">\n        \n        <a class=\"uc_more_btn \" target=\"_self\" href='http:\/\/bosquedechapultepec.mx:9000\/bosquedechapultepec\/espacios\/el-sargento\/'>\n          <div class=\"uc_btn_inner\">\n            <div class=\"uc_btn_txt\"><\/div>\n                      <\/div>\n      \t<\/a>\n        \n                \n      <\/div>                           \n \t<\/div>  <\/div>      \n  <a class=\"ue_post_full_link \" href='http:\/\/bosquedechapultepec.mx:9000\/bosquedechapultepec\/espacios\/el-sargento\/' target=\"_self\"><\/a>      \n<\/div>\n\n\n\n\n<div id=\"uc_post_grid_elementor_4a42e3d_item45\" class=\"uc_post_grid_style_one_item ue_post_grid_item ue-item \">\n  \n      <a class=\"uc_post_grid_style_one_image \" href='http:\/\/bosquedechapultepec.mx:9000\/bosquedechapultepec\/espacios\/tribuna-monumental\/' target=\"_self\">\n    <div class=\"uc_post_image\">\n      <img decoding=\"async\" src=\"http:\/\/bosquedechapultepec.mx:9000\/bosquedechapultepec\/wp-content\/uploads\/2024\/01\/MG_1295-scaled-1-1.jpg\" >\n      <div class=\"uc_post_image_overlay\"><\/div>\n    <\/div>\n  <\/a>\n \n  <div class=\"uc_content\">\n    <div class=\"uc_content_inner\">\n      <div class=\"uc_content-info-wrapper\" >\n        \n                 \n        \t        \t\t  \n        \t        \n        \t<div class=\"ue-grid-item-category\">\n                            \t              \t\t<a href=\"javascript:void(0);\" class=\"espacios\">Monumentos<\/a>\n              \t                      \t<\/div>        \n      \n              \n\n            \t\t      \t\t\t<div class=\"uc_post_title\"><a class=\"\" href='http:\/\/bosquedechapultepec.mx:9000\/bosquedechapultepec\/espacios\/tribuna-monumental\/' target=\"_self\"><div class=\"ue_p_title\">Tribuna Monumental a las \u00c1guilas Ca\u00eddas<\/div><\/a><\/div>\n      \t\t      \t\n                      \n       \n      \n  <div class=\"ue-meta-data\">\n            \n                \t    \n                \n        \n\t\n                \n                \n                \n                \n    \t\t\t\n      \n            \n  <\/div>\t\n      \t<div class=\"uc_post_text\">Tribuna Monumental a las \u00c1guilas Ca\u00eddas\n\n\n\n\n\nLa Tribuna Monumental rinde homenaje a los h\u00e9roes del ej\u00e9rcito...<\/div>\n     \n                 \n                            \n                                  \n     <\/div>                      \n           <div class=\"uc_post_button\">\n        \n        <a class=\"uc_more_btn \" target=\"_self\" href='http:\/\/bosquedechapultepec.mx:9000\/bosquedechapultepec\/espacios\/tribuna-monumental\/'>\n          <div class=\"uc_btn_inner\">\n            <div class=\"uc_btn_txt\"><\/div>\n                      <\/div>\n      \t<\/a>\n        \n                \n      <\/div>                           \n \t<\/div>  <\/div>      \n  <a class=\"ue_post_full_link \" href='http:\/\/bosquedechapultepec.mx:9000\/bosquedechapultepec\/espacios\/tribuna-monumental\/' target=\"_self\"><\/a>      \n<\/div>\n\n\n\n\n<div id=\"uc_post_grid_elementor_4a42e3d_item46\" class=\"uc_post_grid_style_one_item ue_post_grid_item ue-item \">\n  \n      <a class=\"uc_post_grid_style_one_image \" href='http:\/\/bosquedechapultepec.mx:9000\/bosquedechapultepec\/espacios\/escultura-energia\/' target=\"_self\">\n    <div class=\"uc_post_image\">\n      <img decoding=\"async\" src=\"http:\/\/bosquedechapultepec.mx:9000\/bosquedechapultepec\/wp-content\/uploads\/2024\/01\/24-Escultura-Energia-Mathias-Goeritz-thumb.jpg\" >\n      <div class=\"uc_post_image_overlay\"><\/div>\n    <\/div>\n  <\/a>\n \n  <div class=\"uc_content\">\n    <div class=\"uc_content_inner\">\n      <div class=\"uc_content-info-wrapper\" >\n        \n                 \n        \t        \t\t  \n        \t        \n        \t<div class=\"ue-grid-item-category\">\n                            \t              \t\t<a href=\"javascript:void(0);\" class=\"espacios\">Monumentos<\/a>\n              \t                      \t<\/div>        \n      \n              \n\n            \t\t      \t\t\t<div class=\"uc_post_title\"><a class=\"\" href='http:\/\/bosquedechapultepec.mx:9000\/bosquedechapultepec\/espacios\/escultura-energia\/' target=\"_self\"><div class=\"ue_p_title\">Escultura Energ\u00eda<\/div><\/a><\/div>\n      \t\t      \t\n                      \n       \n      \n  <div class=\"ue-meta-data\">\n            \n                \t    \n                \n        \n\t\n                \n                \n                \n                \n    \t\t\t\n      \n            \n  <\/div>\t\n      \t<div class=\"uc_post_text\">Escultura Energ\u00eda\n\n\n\n\n\nLa Escultura Energ\u00eda, una de las obras m\u00e1s destacadas del arquitecto y escultor...<\/div>\n     \n                 \n                            \n                                  \n     <\/div>                      \n           <div class=\"uc_post_button\">\n        \n        <a class=\"uc_more_btn \" target=\"_self\" href='http:\/\/bosquedechapultepec.mx:9000\/bosquedechapultepec\/espacios\/escultura-energia\/'>\n          <div class=\"uc_btn_inner\">\n            <div class=\"uc_btn_txt\"><\/div>\n                      <\/div>\n      \t<\/a>\n        \n                \n      <\/div>                           \n \t<\/div>  <\/div>      \n  <a class=\"ue_post_full_link \" href='http:\/\/bosquedechapultepec.mx:9000\/bosquedechapultepec\/espacios\/escultura-energia\/' target=\"_self\"><\/a>      \n<\/div>\n\n\n\n\n<div id=\"uc_post_grid_elementor_4a42e3d_item47\" class=\"uc_post_grid_style_one_item ue_post_grid_item ue-item \">\n  \n      <a class=\"uc_post_grid_style_one_image \" href='http:\/\/bosquedechapultepec.mx:9000\/bosquedechapultepec\/espacios\/totem-canadiense\/' target=\"_self\">\n    <div class=\"uc_post_image\">\n      <img decoding=\"async\" src=\"http:\/\/bosquedechapultepec.mx:9000\/bosquedechapultepec\/wp-content\/uploads\/2024\/01\/23-Totem-Canadiense-thumb.jpg\" >\n      <div class=\"uc_post_image_overlay\"><\/div>\n    <\/div>\n  <\/a>\n \n  <div class=\"uc_content\">\n    <div class=\"uc_content_inner\">\n      <div class=\"uc_content-info-wrapper\" >\n        \n                 \n        \t        \t\t  \n        \t        \n        \t<div class=\"ue-grid-item-category\">\n                            \t              \t\t<a href=\"javascript:void(0);\" class=\"espacios\">Monumentos<\/a>\n              \t                      \t<\/div>        \n      \n              \n\n            \t\t      \t\t\t<div class=\"uc_post_title\"><a class=\"\" href='http:\/\/bosquedechapultepec.mx:9000\/bosquedechapultepec\/espacios\/totem-canadiense\/' target=\"_self\"><div class=\"ue_p_title\">T\u00f3tem Canadiense<\/div><\/a><\/div>\n      \t\t      \t\n                      \n       \n      \n  <div class=\"ue-meta-data\">\n            \n                \t    \n                \n        \n\t\n                \n                \n                \n                \n    \t\t\t\n      \n            \n  <\/div>\t\n      \t<div class=\"uc_post_text\">T\u00f3tem Canadiense\n\n\n\n\n\nLos t\u00f3tems son tallados por los pueblos originarios del noroeste de las costas...<\/div>\n     \n                 \n                            \n                                  \n     <\/div>                      \n           <div class=\"uc_post_button\">\n        \n        <a class=\"uc_more_btn \" target=\"_self\" href='http:\/\/bosquedechapultepec.mx:9000\/bosquedechapultepec\/espacios\/totem-canadiense\/'>\n          <div class=\"uc_btn_inner\">\n            <div class=\"uc_btn_txt\"><\/div>\n                      <\/div>\n      \t<\/a>\n        \n                \n      <\/div>                           \n \t<\/div>  <\/div>      \n  <a class=\"ue_post_full_link \" href='http:\/\/bosquedechapultepec.mx:9000\/bosquedechapultepec\/espacios\/totem-canadiense\/' target=\"_self\"><\/a>      \n<\/div>\n\n\n\n\n<div id=\"uc_post_grid_elementor_4a42e3d_item48\" class=\"uc_post_grid_style_one_item ue_post_grid_item ue-item \">\n  \n      <a class=\"uc_post_grid_style_one_image \" href='http:\/\/bosquedechapultepec.mx:9000\/bosquedechapultepec\/espacios\/puerta-leones\/' target=\"_self\">\n    <div class=\"uc_post_image\">\n      <img decoding=\"async\" src=\"http:\/\/bosquedechapultepec.mx:9000\/bosquedechapultepec\/wp-content\/uploads\/2024\/01\/33098175_1716444665115358_2905374831182610432_n-1.jpg\" >\n      <div class=\"uc_post_image_overlay\"><\/div>\n    <\/div>\n  <\/a>\n \n  <div class=\"uc_content\">\n    <div class=\"uc_content_inner\">\n      <div class=\"uc_content-info-wrapper\" >\n        \n                 \n        \t        \t\t  \n        \t        \n        \t<div class=\"ue-grid-item-category\">\n                            \t              \t\t<a href=\"javascript:void(0);\" class=\"espacios\">Monumentos<\/a>\n              \t                      \t<\/div>        \n      \n              \n\n            \t\t      \t\t\t<div class=\"uc_post_title\"><a class=\"\" href='http:\/\/bosquedechapultepec.mx:9000\/bosquedechapultepec\/espacios\/puerta-leones\/' target=\"_self\"><div class=\"ue_p_title\">Puerta Monumental de los Leones<\/div><\/a><\/div>\n      \t\t      \t\n                      \n       \n      \n  <div class=\"ue-meta-data\">\n            \n                \t    \n                \n        \n\t\n                \n                \n                \n                \n    \t\t\t\n      \n            \n  <\/div>\t\n      \t<div class=\"uc_post_text\">Puerta Monumental de los Leones\n\n\n\n\n\nLa Puerta Monumental de los Leones se erige como la entrada principal...<\/div>\n     \n                 \n                            \n                                  \n     <\/div>                      \n           <div class=\"uc_post_button\">\n        \n        <a class=\"uc_more_btn \" target=\"_self\" href='http:\/\/bosquedechapultepec.mx:9000\/bosquedechapultepec\/espacios\/puerta-leones\/'>\n          <div class=\"uc_btn_inner\">\n            <div class=\"uc_btn_txt\"><\/div>\n                      <\/div>\n      \t<\/a>\n        \n                \n      <\/div>                           \n \t<\/div>  <\/div>      \n  <a class=\"ue_post_full_link \" href='http:\/\/bosquedechapultepec.mx:9000\/bosquedechapultepec\/espacios\/puerta-leones\/' target=\"_self\"><\/a>      \n<\/div>\n\n\n\n\n<div id=\"uc_post_grid_elementor_4a42e3d_item49\" class=\"uc_post_grid_style_one_item ue_post_grid_item ue-item \">\n  \n      <a class=\"uc_post_grid_style_one_image \" href='http:\/\/bosquedechapultepec.mx:9000\/bosquedechapultepec\/espacios\/quijote-nubes\/' target=\"_self\">\n    <div class=\"uc_post_image\">\n      <img decoding=\"async\" src=\"http:\/\/bosquedechapultepec.mx:9000\/bosquedechapultepec\/wp-content\/uploads\/2024\/01\/21-Quijote-de-las-nubes-thumb.jpg\" >\n      <div class=\"uc_post_image_overlay\"><\/div>\n    <\/div>\n  <\/a>\n \n  <div class=\"uc_content\">\n    <div class=\"uc_content_inner\">\n      <div class=\"uc_content-info-wrapper\" >\n        \n                 \n        \t        \t\t  \n        \t        \n        \t<div class=\"ue-grid-item-category\">\n                            \t              \t\t<a href=\"javascript:void(0);\" class=\"espacios\">Monumentos<\/a>\n              \t                      \t<\/div>        \n      \n              \n\n            \t\t      \t\t\t<div class=\"uc_post_title\"><a class=\"\" href='http:\/\/bosquedechapultepec.mx:9000\/bosquedechapultepec\/espacios\/quijote-nubes\/' target=\"_self\"><div class=\"ue_p_title\">Quijote en las Nubes<\/div><\/a><\/div>\n      \t\t      \t\n                      \n       \n      \n  <div class=\"ue-meta-data\">\n            \n                \t    \n                \n        \n\t\n                \n                \n                \n                \n    \t\t\t\n      \n            \n  <\/div>\t\n      \t<div class=\"uc_post_text\">Quijote en las Nubes\n\n\n\n\n\nEsta conmovedora escultura rinde tributo al inolvidable personaje de Miguel...<\/div>\n     \n                 \n                            \n                                  \n     <\/div>                      \n           <div class=\"uc_post_button\">\n        \n        <a class=\"uc_more_btn \" target=\"_self\" href='http:\/\/bosquedechapultepec.mx:9000\/bosquedechapultepec\/espacios\/quijote-nubes\/'>\n          <div class=\"uc_btn_inner\">\n            <div class=\"uc_btn_txt\"><\/div>\n                      <\/div>\n      \t<\/a>\n        \n                \n      <\/div>                           \n \t<\/div>  <\/div>      \n  <a class=\"ue_post_full_link \" href='http:\/\/bosquedechapultepec.mx:9000\/bosquedechapultepec\/espacios\/quijote-nubes\/' target=\"_self\"><\/a>      \n<\/div>\n\n\n\n\n<div id=\"uc_post_grid_elementor_4a42e3d_item50\" class=\"uc_post_grid_style_one_item ue_post_grid_item ue-item \">\n  \n      <a class=\"uc_post_grid_style_one_image \" href='http:\/\/bosquedechapultepec.mx:9000\/bosquedechapultepec\/espacios\/obelisco\/' target=\"_self\">\n    <div class=\"uc_post_image\">\n      <img decoding=\"async\" src=\"http:\/\/bosquedechapultepec.mx:9000\/bosquedechapultepec\/wp-content\/uploads\/2024\/01\/IMG_2731-HDR-scaled-1.jpg\" >\n      <div class=\"uc_post_image_overlay\"><\/div>\n    <\/div>\n  <\/a>\n \n  <div class=\"uc_content\">\n    <div class=\"uc_content_inner\">\n      <div class=\"uc_content-info-wrapper\" >\n        \n                 \n        \t        \t\t  \n        \t        \n        \t<div class=\"ue-grid-item-category\">\n                            \t              \t\t<a href=\"javascript:void(0);\" class=\"espacios\">Monumentos<\/a>\n              \t                      \t<\/div>        \n      \n              \n\n            \t\t      \t\t\t<div class=\"uc_post_title\"><a class=\"\" href='http:\/\/bosquedechapultepec.mx:9000\/bosquedechapultepec\/espacios\/obelisco\/' target=\"_self\"><div class=\"ue_p_title\">Obelisco a los Ni\u00f1os H\u00e9roes<\/div><\/a><\/div>\n      \t\t      \t\n                      \n       \n      \n  <div class=\"ue-meta-data\">\n            \n                \t    \n                \n        \n\t\n                \n                \n                \n                \n    \t\t\t\n      \n            \n  <\/div>\t\n      \t<div class=\"uc_post_text\">Obelisco a los Ni\u00f1os H\u00e9roes\n\n\n\n\n\nConstruido en 1881, el Obelisco a los Ni\u00f1os H\u00e9roes es un monumento dedicado...<\/div>\n     \n                 \n                            \n                                  \n     <\/div>                      \n           <div class=\"uc_post_button\">\n        \n        <a class=\"uc_more_btn \" target=\"_self\" href='http:\/\/bosquedechapultepec.mx:9000\/bosquedechapultepec\/espacios\/obelisco\/'>\n          <div class=\"uc_btn_inner\">\n            <div class=\"uc_btn_txt\"><\/div>\n                      <\/div>\n      \t<\/a>\n        \n                \n      <\/div>                           \n \t<\/div>  <\/div>      \n  <a class=\"ue_post_full_link \" href='http:\/\/bosquedechapultepec.mx:9000\/bosquedechapultepec\/espacios\/obelisco\/' target=\"_self\"><\/a>      \n<\/div>\n\n\n\n\n<div id=\"uc_post_grid_elementor_4a42e3d_item51\" class=\"uc_post_grid_style_one_item ue_post_grid_item ue-item \">\n  \n      <a class=\"uc_post_grid_style_one_image \" href='http:\/\/bosquedechapultepec.mx:9000\/bosquedechapultepec\/espacios\/altar-patria\/' target=\"_self\">\n    <div class=\"uc_post_image\">\n      <img decoding=\"async\" src=\"http:\/\/bosquedechapultepec.mx:9000\/bosquedechapultepec\/wp-content\/uploads\/2024\/01\/19-Altar-a-la-patria-thumb.jpg\" >\n      <div class=\"uc_post_image_overlay\"><\/div>\n    <\/div>\n  <\/a>\n \n  <div class=\"uc_content\">\n    <div class=\"uc_content_inner\">\n      <div class=\"uc_content-info-wrapper\" >\n        \n                 \n        \t        \t\t  \n        \t        \n        \t<div class=\"ue-grid-item-category\">\n                            \t              \t\t<a href=\"javascript:void(0);\" class=\"espacios\">Monumentos<\/a>\n              \t                      \t<\/div>        \n      \n              \n\n            \t\t      \t\t\t<div class=\"uc_post_title\"><a class=\"\" href='http:\/\/bosquedechapultepec.mx:9000\/bosquedechapultepec\/espacios\/altar-patria\/' target=\"_self\"><div class=\"ue_p_title\">Altar a la Patria<\/div><\/a><\/div>\n      \t\t      \t\n                      \n       \n      \n  <div class=\"ue-meta-data\">\n            \n                \t    \n                \n        \n\t\n                \n                \n                \n                \n    \t\t\t\n      \n            \n  <\/div>\t\n      \t<div class=\"uc_post_text\">Altar a la Patria\n\n\n\n\n\nEn la entrada de la Calzada Juventud Heroica, se encuentra el Altar a la Patria,...<\/div>\n     \n                 \n                            \n                                  \n     <\/div>                      \n           <div class=\"uc_post_button\">\n        \n        <a class=\"uc_more_btn \" target=\"_self\" href='http:\/\/bosquedechapultepec.mx:9000\/bosquedechapultepec\/espacios\/altar-patria\/'>\n          <div class=\"uc_btn_inner\">\n            <div class=\"uc_btn_txt\"><\/div>\n                      <\/div>\n      \t<\/a>\n        \n                \n      <\/div>                           \n \t<\/div>  <\/div>      \n  <a class=\"ue_post_full_link \" href='http:\/\/bosquedechapultepec.mx:9000\/bosquedechapultepec\/espacios\/altar-patria\/' target=\"_self\"><\/a>      \n<\/div>\n\n\n\n\n<div id=\"uc_post_grid_elementor_4a42e3d_item52\" class=\"uc_post_grid_style_one_item ue_post_grid_item ue-item \">\n  \n      <a class=\"uc_post_grid_style_one_image \" href='http:\/\/bosquedechapultepec.mx:9000\/bosquedechapultepec\/espacios\/museo-antropologia\/' target=\"_self\">\n    <div class=\"uc_post_image\">\n      <img decoding=\"async\" src=\"http:\/\/bosquedechapultepec.mx:9000\/bosquedechapultepec\/wp-content\/uploads\/2024\/01\/IMG_2290-scaled-1.jpg\" >\n      <div class=\"uc_post_image_overlay\"><\/div>\n    <\/div>\n  <\/a>\n \n  <div class=\"uc_content\">\n    <div class=\"uc_content_inner\">\n      <div class=\"uc_content-info-wrapper\" >\n        \n                 \n        \t        \t\t  \n        \t        \n        \t<div class=\"ue-grid-item-category\">\n                            \t              \t\t<a href=\"javascript:void(0);\" class=\"espacios\">Museos<\/a>\n              \t                      \t<\/div>        \n      \n              \n\n            \t\t      \t\t\t<div class=\"uc_post_title\"><a class=\"\" href='http:\/\/bosquedechapultepec.mx:9000\/bosquedechapultepec\/espacios\/museo-antropologia\/' target=\"_self\"><div class=\"ue_p_title\">Museo Nacional de Antropolog\u00eda<\/div><\/a><\/div>\n      \t\t      \t\n                      \n       \n      \n  <div class=\"ue-meta-data\">\n            \n                \t    \n                \n        \n\t\n                \n                \n                \n                \n    \t\t\t\n      \n            \n  <\/div>\t\n      \t<div class=\"uc_post_text\">Museo Nacional de Antropolog\u00eda\n\n\n\n\n\nEl Museo Nacional de Antropolog\u00eda resguarda la colecci\u00f3n m\u00e1s importante...<\/div>\n     \n                 \n                            \n                                  \n     <\/div>                      \n           <div class=\"uc_post_button\">\n        \n        <a class=\"uc_more_btn \" target=\"_self\" href='http:\/\/bosquedechapultepec.mx:9000\/bosquedechapultepec\/espacios\/museo-antropologia\/'>\n          <div class=\"uc_btn_inner\">\n            <div class=\"uc_btn_txt\"><\/div>\n                      <\/div>\n      \t<\/a>\n        \n                \n      <\/div>                           \n \t<\/div>  <\/div>      \n  <a class=\"ue_post_full_link \" href='http:\/\/bosquedechapultepec.mx:9000\/bosquedechapultepec\/espacios\/museo-antropologia\/' target=\"_self\"><\/a>      \n<\/div>\n\n\n\n\n<div id=\"uc_post_grid_elementor_4a42e3d_item53\" class=\"uc_post_grid_style_one_item ue_post_grid_item ue-item \">\n  \n      <a class=\"uc_post_grid_style_one_image \" href='http:\/\/bosquedechapultepec.mx:9000\/bosquedechapultepec\/espacios\/castillo-de-chapultepec\/' target=\"_self\">\n    <div class=\"uc_post_image\">\n      <img decoding=\"async\" src=\"http:\/\/bosquedechapultepec.mx:9000\/bosquedechapultepec\/wp-content\/uploads\/2024\/01\/DJI_0695-scaled-1.jpg\" >\n      <div class=\"uc_post_image_overlay\"><\/div>\n    <\/div>\n  <\/a>\n \n  <div class=\"uc_content\">\n    <div class=\"uc_content_inner\">\n      <div class=\"uc_content-info-wrapper\" >\n        \n                 \n        \t        \t\t  \n        \t        \n        \t<div class=\"ue-grid-item-category\">\n                            \t              \t\t<a href=\"javascript:void(0);\" class=\"espacios\">Museos<\/a>\n              \t                      \t<\/div>        \n      \n              \n\n            \t\t      \t\t\t<div class=\"uc_post_title\"><a class=\"\" href='http:\/\/bosquedechapultepec.mx:9000\/bosquedechapultepec\/espacios\/castillo-de-chapultepec\/' target=\"_self\"><div class=\"ue_p_title\">Museo Nacional de Historia<\/div><\/a><\/div>\n      \t\t      \t\n                      \n       \n      \n  <div class=\"ue-meta-data\">\n            \n                \t    \n                \n        \n\t\n                \n                \n                \n                \n    \t\t\t\n      \n            \n  <\/div>\t\n      \t<div class=\"uc_post_text\">Museo Nacional de Historia (Castillo de Chapultepec)\n\n\n\n\n\nEn lo alto del cerro de Chapultepec, el Castillo...<\/div>\n     \n                 \n                            \n                                  \n     <\/div>                      \n           <div class=\"uc_post_button\">\n        \n        <a class=\"uc_more_btn \" target=\"_self\" href='http:\/\/bosquedechapultepec.mx:9000\/bosquedechapultepec\/espacios\/castillo-de-chapultepec\/'>\n          <div class=\"uc_btn_inner\">\n            <div class=\"uc_btn_txt\"><\/div>\n                      <\/div>\n      \t<\/a>\n        \n                \n      <\/div>                           \n \t<\/div>  <\/div>      \n  <a class=\"ue_post_full_link \" href='http:\/\/bosquedechapultepec.mx:9000\/bosquedechapultepec\/espacios\/castillo-de-chapultepec\/' target=\"_self\"><\/a>      \n<\/div>\n\n\n\n\n<div id=\"uc_post_grid_elementor_4a42e3d_item54\" class=\"uc_post_grid_style_one_item ue_post_grid_item ue-item \">\n  \n      <a class=\"uc_post_grid_style_one_image \" href='http:\/\/bosquedechapultepec.mx:9000\/bosquedechapultepec\/espacios\/museo-caracol\/' target=\"_self\">\n    <div class=\"uc_post_image\">\n      <img decoding=\"async\" src=\"http:\/\/bosquedechapultepec.mx:9000\/bosquedechapultepec\/wp-content\/uploads\/2024\/01\/15-museo-caracol-thumb.jpg\" >\n      <div class=\"uc_post_image_overlay\"><\/div>\n    <\/div>\n  <\/a>\n \n  <div class=\"uc_content\">\n    <div class=\"uc_content_inner\">\n      <div class=\"uc_content-info-wrapper\" >\n        \n                 \n        \t        \t\t  \n        \t        \n        \t<div class=\"ue-grid-item-category\">\n                            \t              \t\t<a href=\"javascript:void(0);\" class=\"espacios\">Museos<\/a>\n              \t                      \t<\/div>        \n      \n              \n\n            \t\t      \t\t\t<div class=\"uc_post_title\"><a class=\"\" href='http:\/\/bosquedechapultepec.mx:9000\/bosquedechapultepec\/espacios\/museo-caracol\/' target=\"_self\"><div class=\"ue_p_title\">Museo del Caracol (Galer\u00eda de Historia)<\/div><\/a><\/div>\n      \t\t      \t\n                      \n       \n      \n  <div class=\"ue-meta-data\">\n            \n                \t    \n                \n        \n\t\n                \n                \n                \n                \n    \t\t\t\n      \n            \n  <\/div>\t\n      \t<div class=\"uc_post_text\">Museo del Caracol (Galer\u00eda de Historia)\n\n\n\n\n\nUbicado a medio camino hacia el Castillo de Chapultepec,...<\/div>\n     \n                 \n                            \n                                  \n     <\/div>                      \n           <div class=\"uc_post_button\">\n        \n        <a class=\"uc_more_btn \" target=\"_self\" href='http:\/\/bosquedechapultepec.mx:9000\/bosquedechapultepec\/espacios\/museo-caracol\/'>\n          <div class=\"uc_btn_inner\">\n            <div class=\"uc_btn_txt\"><\/div>\n                      <\/div>\n      \t<\/a>\n        \n                \n      <\/div>                           \n \t<\/div>  <\/div>      \n  <a class=\"ue_post_full_link \" href='http:\/\/bosquedechapultepec.mx:9000\/bosquedechapultepec\/espacios\/museo-caracol\/' target=\"_self\"><\/a>      \n<\/div>\n\n\n\n\n<div id=\"uc_post_grid_elementor_4a42e3d_item55\" class=\"uc_post_grid_style_one_item ue_post_grid_item ue-item \">\n  \n      <a class=\"uc_post_grid_style_one_image \" href='http:\/\/bosquedechapultepec.mx:9000\/bosquedechapultepec\/espacios\/museo-arte-moderno\/' target=\"_self\">\n    <div class=\"uc_post_image\">\n      <img decoding=\"async\" src=\"http:\/\/bosquedechapultepec.mx:9000\/bosquedechapultepec\/wp-content\/uploads\/2024\/01\/MG_1755-scaled-1.jpg\" >\n      <div class=\"uc_post_image_overlay\"><\/div>\n    <\/div>\n  <\/a>\n \n  <div class=\"uc_content\">\n    <div class=\"uc_content_inner\">\n      <div class=\"uc_content-info-wrapper\" >\n        \n                 \n        \t        \t\t  \n        \t        \n        \t<div class=\"ue-grid-item-category\">\n                            \t              \t\t<a href=\"javascript:void(0);\" class=\"espacios\">Museos<\/a>\n              \t                      \t<\/div>        \n      \n              \n\n            \t\t      \t\t\t<div class=\"uc_post_title\"><a class=\"\" href='http:\/\/bosquedechapultepec.mx:9000\/bosquedechapultepec\/espacios\/museo-arte-moderno\/' target=\"_self\"><div class=\"ue_p_title\">Museo de Arte Moderno<\/div><\/a><\/div>\n      \t\t      \t\n                      \n       \n      \n  <div class=\"ue-meta-data\">\n            \n                \t    \n                \n        \n\t\n                \n                \n                \n                \n    \t\t\t\n      \n            \n  <\/div>\t\n      \t<div class=\"uc_post_text\">Museo de Arte Moderno\n\n\n\n\n\nEl Museo de Arte Moderno ofrece a los visitantes obras creadas por artistas...<\/div>\n     \n                 \n                            \n                                  \n     <\/div>                      \n           <div class=\"uc_post_button\">\n        \n        <a class=\"uc_more_btn \" target=\"_self\" href='http:\/\/bosquedechapultepec.mx:9000\/bosquedechapultepec\/espacios\/museo-arte-moderno\/'>\n          <div class=\"uc_btn_inner\">\n            <div class=\"uc_btn_txt\"><\/div>\n                      <\/div>\n      \t<\/a>\n        \n                \n      <\/div>                           \n \t<\/div>  <\/div>      \n  <a class=\"ue_post_full_link \" href='http:\/\/bosquedechapultepec.mx:9000\/bosquedechapultepec\/espacios\/museo-arte-moderno\/' target=\"_self\"><\/a>      \n<\/div>\n\n\n\n\n<div id=\"uc_post_grid_elementor_4a42e3d_item56\" class=\"uc_post_grid_style_one_item ue_post_grid_item ue-item \">\n  \n      <a class=\"uc_post_grid_style_one_image \" href='http:\/\/bosquedechapultepec.mx:9000\/bosquedechapultepec\/espacios\/museo-tamayo\/' target=\"_self\">\n    <div class=\"uc_post_image\">\n      <img decoding=\"async\" src=\"http:\/\/bosquedechapultepec.mx:9000\/bosquedechapultepec\/wp-content\/uploads\/2024\/01\/IMG_3160-2-scaled-1.jpg\" >\n      <div class=\"uc_post_image_overlay\"><\/div>\n    <\/div>\n  <\/a>\n \n  <div class=\"uc_content\">\n    <div class=\"uc_content_inner\">\n      <div class=\"uc_content-info-wrapper\" >\n        \n                 \n        \t        \t\t  \n        \t        \n        \t<div class=\"ue-grid-item-category\">\n                            \t              \t\t<a href=\"javascript:void(0);\" class=\"espacios\">Museos<\/a>\n              \t                      \t<\/div>        \n      \n              \n\n            \t\t      \t\t\t<div class=\"uc_post_title\"><a class=\"\" href='http:\/\/bosquedechapultepec.mx:9000\/bosquedechapultepec\/espacios\/museo-tamayo\/' target=\"_self\"><div class=\"ue_p_title\">Museo Tamayo Arte Contempor\u00e1neo<\/div><\/a><\/div>\n      \t\t      \t\n                      \n       \n      \n  <div class=\"ue-meta-data\">\n            \n                \t    \n                \n        \n\t\n                \n                \n                \n                \n    \t\t\t\n      \n            \n  <\/div>\t\n      \t<div class=\"uc_post_text\">Museo Tamayo Arte Contempor\u00e1neo\n\n\n\n\n\nEn el Museo de Arte Contempor\u00e1neo Internacional Rufino Tamayo, mejor...<\/div>\n     \n                 \n                            \n                                  \n     <\/div>                      \n           <div class=\"uc_post_button\">\n        \n        <a class=\"uc_more_btn \" target=\"_self\" href='http:\/\/bosquedechapultepec.mx:9000\/bosquedechapultepec\/espacios\/museo-tamayo\/'>\n          <div class=\"uc_btn_inner\">\n            <div class=\"uc_btn_txt\"><\/div>\n                      <\/div>\n      \t<\/a>\n        \n                \n      <\/div>                           \n \t<\/div>  <\/div>      \n  <a class=\"ue_post_full_link \" href='http:\/\/bosquedechapultepec.mx:9000\/bosquedechapultepec\/espacios\/museo-tamayo\/' target=\"_self\"><\/a>      \n<\/div>\n\n\n\n\n<div id=\"uc_post_grid_elementor_4a42e3d_item57\" class=\"uc_post_grid_style_one_item ue_post_grid_item ue-item \">\n  \n      <a class=\"uc_post_grid_style_one_image \" href='http:\/\/bosquedechapultepec.mx:9000\/bosquedechapultepec\/espacios\/auditorio-nacional\/' target=\"_self\">\n    <div class=\"uc_post_image\">\n      <img decoding=\"async\" src=\"http:\/\/bosquedechapultepec.mx:9000\/bosquedechapultepec\/wp-content\/uploads\/2024\/01\/auditorio-scaled-1.jpg\" >\n      <div class=\"uc_post_image_overlay\"><\/div>\n    <\/div>\n  <\/a>\n \n  <div class=\"uc_content\">\n    <div class=\"uc_content_inner\">\n      <div class=\"uc_content-info-wrapper\" >\n        \n                 \n        \t        \t\t  \n        \t        \n        \t<div class=\"ue-grid-item-category\">\n                            \t              \t\t<a href=\"javascript:void(0);\" class=\"espacios\">Recintos culturales<\/a>\n              \t                      \t<\/div>        \n      \n              \n\n            \t\t      \t\t\t<div class=\"uc_post_title\"><a class=\"\" href='http:\/\/bosquedechapultepec.mx:9000\/bosquedechapultepec\/espacios\/auditorio-nacional\/' target=\"_self\"><div class=\"ue_p_title\">Auditorio Nacional<\/div><\/a><\/div>\n      \t\t      \t\n                      \n       \n      \n  <div class=\"ue-meta-data\">\n            \n                \t    \n                \n        \n\t\n                \n                \n                \n                \n    \t\t\t\n      \n            \n  <\/div>\t\n      \t<div class=\"uc_post_text\">Auditorio Nacional\n\n\n\n\n\nEl Auditorio Nacional se erige como un recinto cultural excepcional donde los...<\/div>\n     \n                 \n                            \n                                  \n     <\/div>                      \n           <div class=\"uc_post_button\">\n        \n        <a class=\"uc_more_btn \" target=\"_self\" href='http:\/\/bosquedechapultepec.mx:9000\/bosquedechapultepec\/espacios\/auditorio-nacional\/'>\n          <div class=\"uc_btn_inner\">\n            <div class=\"uc_btn_txt\"><\/div>\n                      <\/div>\n      \t<\/a>\n        \n                \n      <\/div>                           \n \t<\/div>  <\/div>      \n  <a class=\"ue_post_full_link \" href='http:\/\/bosquedechapultepec.mx:9000\/bosquedechapultepec\/espacios\/auditorio-nacional\/' target=\"_self\"><\/a>      \n<\/div>\n\n\n\n\n<div id=\"uc_post_grid_elementor_4a42e3d_item58\" class=\"uc_post_grid_style_one_item ue_post_grid_item ue-item \">\n  \n      <a class=\"uc_post_grid_style_one_image \" href='http:\/\/bosquedechapultepec.mx:9000\/bosquedechapultepec\/espacios\/la-hormiga\/' target=\"_self\">\n    <div class=\"uc_post_image\">\n      <img decoding=\"async\" src=\"http:\/\/bosquedechapultepec.mx:9000\/bosquedechapultepec\/wp-content\/uploads\/2024\/01\/11-Parque-La-Hormiga-thumb.jpg\" >\n      <div class=\"uc_post_image_overlay\"><\/div>\n    <\/div>\n  <\/a>\n \n  <div class=\"uc_content\">\n    <div class=\"uc_content_inner\">\n      <div class=\"uc_content-info-wrapper\" >\n        \n                 \n        \t        \t\t  \n        \t        \n        \t<div class=\"ue-grid-item-category\">\n                            \t              \t\t<a href=\"javascript:void(0);\" class=\"espacios\">Parques y \u00e1reas recreativas<\/a>\n              \t                      \t<\/div>        \n      \n              \n\n            \t\t      \t\t\t<div class=\"uc_post_title\"><a class=\"\" href='http:\/\/bosquedechapultepec.mx:9000\/bosquedechapultepec\/espacios\/la-hormiga\/' target=\"_self\"><div class=\"ue_p_title\">Parque Infantil La Hormiga<\/div><\/a><\/div>\n      \t\t      \t\n                      \n       \n      \n  <div class=\"ue-meta-data\">\n            \n                \t    \n                \n        \n\t\n                \n                \n                \n                \n    \t\t\t\n      \n            \n  <\/div>\t\n      \t<div class=\"uc_post_text\">Parque Infantil \u201cLa Hormiga\u201d\n\n\n\n\n\nEl Parque Infantil La Hormiga es un espacio al aire libre donde los...<\/div>\n     \n                 \n                            \n                                  \n     <\/div>                      \n           <div class=\"uc_post_button\">\n        \n        <a class=\"uc_more_btn \" target=\"_self\" href='http:\/\/bosquedechapultepec.mx:9000\/bosquedechapultepec\/espacios\/la-hormiga\/'>\n          <div class=\"uc_btn_inner\">\n            <div class=\"uc_btn_txt\"><\/div>\n                      <\/div>\n      \t<\/a>\n        \n                \n      <\/div>                           \n \t<\/div>  <\/div>      \n  <a class=\"ue_post_full_link \" href='http:\/\/bosquedechapultepec.mx:9000\/bosquedechapultepec\/espacios\/la-hormiga\/' target=\"_self\"><\/a>      \n<\/div>\n\n\n\n\n<div id=\"uc_post_grid_elementor_4a42e3d_item59\" class=\"uc_post_grid_style_one_item ue_post_grid_item ue-item \">\n  \n      <a class=\"uc_post_grid_style_one_image \" href='http:\/\/bosquedechapultepec.mx:9000\/bosquedechapultepec\/espacios\/lanchas\/' target=\"_self\">\n    <div class=\"uc_post_image\">\n      <img decoding=\"async\" src=\"http:\/\/bosquedechapultepec.mx:9000\/bosquedechapultepec\/wp-content\/uploads\/2024\/01\/imagen_2024-07-12_152231195.png\" >\n      <div class=\"uc_post_image_overlay\"><\/div>\n    <\/div>\n  <\/a>\n \n  <div class=\"uc_content\">\n    <div class=\"uc_content_inner\">\n      <div class=\"uc_content-info-wrapper\" >\n        \n                 \n        \t        \t\t  \n        \t        \n        \t<div class=\"ue-grid-item-category\">\n                            \t              \t\t<a href=\"javascript:void(0);\" class=\"espacios\">Parques y \u00e1reas recreativas<\/a>\n              \t                      \t<\/div>        \n      \n              \n\n            \t\t      \t\t\t<div class=\"uc_post_title\"><a class=\"\" href='http:\/\/bosquedechapultepec.mx:9000\/bosquedechapultepec\/espacios\/lanchas\/' target=\"_self\"><div class=\"ue_p_title\">Lanchas de Chapultepec<\/div><\/a><\/div>\n      \t\t      \t\n                      \n       \n      \n  <div class=\"ue-meta-data\">\n            \n                \t    \n                \n        \n\t\n                \n                \n                \n                \n    \t\t\t\n      \n            \n  <\/div>\t\n      \t<div class=\"uc_post_text\">Lanchas de Chapultepec\n\n\n\n\n\nLos visitantes tienen la oportunidad de alquilar lanchas y explorar el Lago...<\/div>\n     \n                 \n                            \n                                  \n     <\/div>                      \n           <div class=\"uc_post_button\">\n        \n        <a class=\"uc_more_btn \" target=\"_self\" href='http:\/\/bosquedechapultepec.mx:9000\/bosquedechapultepec\/espacios\/lanchas\/'>\n          <div class=\"uc_btn_inner\">\n            <div class=\"uc_btn_txt\"><\/div>\n                      <\/div>\n      \t<\/a>\n        \n                \n      <\/div>                           \n \t<\/div>  <\/div>      \n  <a class=\"ue_post_full_link \" href='http:\/\/bosquedechapultepec.mx:9000\/bosquedechapultepec\/espacios\/lanchas\/' target=\"_self\"><\/a>      \n<\/div>\n\n\n\n\n<div id=\"uc_post_grid_elementor_4a42e3d_item60\" class=\"uc_post_grid_style_one_item ue_post_grid_item ue-item \">\n  \n      <a class=\"uc_post_grid_style_one_image \" href='http:\/\/bosquedechapultepec.mx:9000\/bosquedechapultepec\/espacios\/casa-del-lago\/' target=\"_self\">\n    <div class=\"uc_post_image\">\n      <img decoding=\"async\" src=\"http:\/\/bosquedechapultepec.mx:9000\/bosquedechapultepec\/wp-content\/uploads\/2024\/01\/9_Casa-del-Lago_FACHADA-CASA-DEL-LAGO-3-1.jpg\" >\n      <div class=\"uc_post_image_overlay\"><\/div>\n    <\/div>\n  <\/a>\n \n  <div class=\"uc_content\">\n    <div class=\"uc_content_inner\">\n      <div class=\"uc_content-info-wrapper\" >\n        \n                 \n        \t        \t\t  \n        \t        \n        \t<div class=\"ue-grid-item-category\">\n                            \t              \t\t<a href=\"javascript:void(0);\" class=\"espacios\">Recintos culturales<\/a>\n              \t                      \t<\/div>        \n      \n              \n\n            \t\t      \t\t\t<div class=\"uc_post_title\"><a class=\"\" href='http:\/\/bosquedechapultepec.mx:9000\/bosquedechapultepec\/espacios\/casa-del-lago\/' target=\"_self\"><div class=\"ue_p_title\">Casa del Lago Juan Jos\u00e9 Arreola<\/div><\/a><\/div>\n      \t\t      \t\n                      \n       \n      \n  <div class=\"ue-meta-data\">\n            \n                \t    \n                \n        \n\t\n                \n                \n                \n                \n    \t\t\t\n      \n            \n  <\/div>\t\n      \t<div class=\"uc_post_text\">Casa del Lago Juan Jos\u00e9 Arreola\n\n\n\n\n\nLa Casa del Lago tiene la misi\u00f3n de fomentar y difundir las manifestaciones...<\/div>\n     \n                 \n                            \n                                  \n     <\/div>                      \n           <div class=\"uc_post_button\">\n        \n        <a class=\"uc_more_btn \" target=\"_self\" href='http:\/\/bosquedechapultepec.mx:9000\/bosquedechapultepec\/espacios\/casa-del-lago\/'>\n          <div class=\"uc_btn_inner\">\n            <div class=\"uc_btn_txt\"><\/div>\n                      <\/div>\n      \t<\/a>\n        \n                \n      <\/div>                           \n \t<\/div>  <\/div>      \n  <a class=\"ue_post_full_link \" href='http:\/\/bosquedechapultepec.mx:9000\/bosquedechapultepec\/espacios\/casa-del-lago\/' target=\"_self\"><\/a>      \n<\/div>\n\n\n\n\n<div id=\"uc_post_grid_elementor_4a42e3d_item61\" class=\"uc_post_grid_style_one_item ue_post_grid_item ue-item \">\n  \n      <a class=\"uc_post_grid_style_one_image \" href='http:\/\/bosquedechapultepec.mx:9000\/bosquedechapultepec\/espacios\/terraza-del-lago\/' target=\"_self\">\n    <div class=\"uc_post_image\">\n      <img decoding=\"async\" src=\"http:\/\/bosquedechapultepec.mx:9000\/bosquedechapultepec\/wp-content\/uploads\/2024\/01\/WhatsApp-Image-2024-04-23-at-10.40.14-AM-1.jpeg\" >\n      <div class=\"uc_post_image_overlay\"><\/div>\n    <\/div>\n  <\/a>\n \n  <div class=\"uc_content\">\n    <div class=\"uc_content_inner\">\n      <div class=\"uc_content-info-wrapper\" >\n        \n                 \n        \t        \t\t  \n        \t        \n        \t<div class=\"ue-grid-item-category\">\n                            \t              \t\t<a href=\"javascript:void(0);\" class=\"espacios\">Parques y \u00e1reas recreativas<\/a>\n              \t                      \t<\/div>        \n      \n              \n\n            \t\t      \t\t\t<div class=\"uc_post_title\"><a class=\"\" href='http:\/\/bosquedechapultepec.mx:9000\/bosquedechapultepec\/espacios\/terraza-del-lago\/' target=\"_self\"><div class=\"ue_p_title\">Terraza del Lago\u00a0<\/div><\/a><\/div>\n      \t\t      \t\n                      \n       \n      \n  <div class=\"ue-meta-data\">\n            \n                \t    \n                \n        \n\t\n                \n                \n                \n                \n    \t\t\t\n      \n            \n  <\/div>\t\n      \t<div class=\"uc_post_text\">Terraza del Lago\n\n\n\n\n\nLa Terraza del Lago, ubicada entre los lagos Mayor y Menor de la Primera Secci\u00f3n...<\/div>\n     \n                 \n                            \n                                  \n     <\/div>                      \n           <div class=\"uc_post_button\">\n        \n        <a class=\"uc_more_btn \" target=\"_self\" href='http:\/\/bosquedechapultepec.mx:9000\/bosquedechapultepec\/espacios\/terraza-del-lago\/'>\n          <div class=\"uc_btn_inner\">\n            <div class=\"uc_btn_txt\"><\/div>\n                      <\/div>\n      \t<\/a>\n        \n                \n      <\/div>                           \n \t<\/div>  <\/div>      \n  <a class=\"ue_post_full_link \" href='http:\/\/bosquedechapultepec.mx:9000\/bosquedechapultepec\/espacios\/terraza-del-lago\/' target=\"_self\"><\/a>      \n<\/div>\n\n\n\n\n<div id=\"uc_post_grid_elementor_4a42e3d_item62\" class=\"uc_post_grid_style_one_item ue_post_grid_item ue-item \">\n  \n      <a class=\"uc_post_grid_style_one_image \" href='http:\/\/bosquedechapultepec.mx:9000\/bosquedechapultepec\/espacios\/zoologico-chapultepec\/' target=\"_self\">\n    <div class=\"uc_post_image\">\n      <img decoding=\"async\" src=\"http:\/\/bosquedechapultepec.mx:9000\/bosquedechapultepec\/wp-content\/uploads\/2024\/01\/MG_1452-scaled-1.jpg\" >\n      <div class=\"uc_post_image_overlay\"><\/div>\n    <\/div>\n  <\/a>\n \n  <div class=\"uc_content\">\n    <div class=\"uc_content_inner\">\n      <div class=\"uc_content-info-wrapper\" >\n        \n                 \n        \t        \t\t  \n        \t        \n        \t<div class=\"ue-grid-item-category\">\n                            \t              \t\t<a href=\"javascript:void(0);\" class=\"centros-de-conservacion-primera-seccion\">Centros de conservaci\u00f3n<\/a>\n              \t                      \t<\/div>        \n      \n              \n\n            \t\t      \t\t\t<div class=\"uc_post_title\"><a class=\"\" href='http:\/\/bosquedechapultepec.mx:9000\/bosquedechapultepec\/espacios\/zoologico-chapultepec\/' target=\"_self\"><div class=\"ue_p_title\">Zool\u00f3gico de Chapultepec Alfonso L. Herrera<\/div><\/a><\/div>\n      \t\t      \t\n                      \n       \n      \n  <div class=\"ue-meta-data\">\n            \n                \t    \n                \n        \n\t\n                \n                \n                \n                \n    \t\t\t\n      \n            \n  <\/div>\t\n      \t<div class=\"uc_post_text\">Zool\u00f3gico de Chapultepec Alfonso L. Herrera\n\n\n\n\n\nEl Zool\u00f3gico de Chapultepec, fundado por Alfonso L....<\/div>\n     \n                 \n                            \n                                  \n     <\/div>                      \n           <div class=\"uc_post_button\">\n        \n        <a class=\"uc_more_btn \" target=\"_self\" href='http:\/\/bosquedechapultepec.mx:9000\/bosquedechapultepec\/espacios\/zoologico-chapultepec\/'>\n          <div class=\"uc_btn_inner\">\n            <div class=\"uc_btn_txt\"><\/div>\n                      <\/div>\n      \t<\/a>\n        \n                \n      <\/div>                           \n \t<\/div>  <\/div>      \n  <a class=\"ue_post_full_link \" href='http:\/\/bosquedechapultepec.mx:9000\/bosquedechapultepec\/espacios\/zoologico-chapultepec\/' target=\"_self\"><\/a>      \n<\/div>\n\n\n\n\n<div id=\"uc_post_grid_elementor_4a42e3d_item63\" class=\"uc_post_grid_style_one_item ue_post_grid_item ue-item \">\n  \n      <a class=\"uc_post_grid_style_one_image \" href='http:\/\/bosquedechapultepec.mx:9000\/bosquedechapultepec\/espacios\/galerias-abiertas\/' target=\"_self\">\n    <div class=\"uc_post_image\">\n      <img decoding=\"async\" src=\"http:\/\/bosquedechapultepec.mx:9000\/bosquedechapultepec\/wp-content\/uploads\/2024\/01\/galeria-gandhi-thumb.jpg\" >\n      <div class=\"uc_post_image_overlay\"><\/div>\n    <\/div>\n  <\/a>\n \n  <div class=\"uc_content\">\n    <div class=\"uc_content_inner\">\n      <div class=\"uc_content-info-wrapper\" >\n        \n                 \n        \t        \t\t  \n        \t        \n        \t<div class=\"ue-grid-item-category\">\n                            \t              \t\t<a href=\"javascript:void(0);\" class=\"espacios\">Galer\u00edas<\/a>\n              \t                            \t              \t\t<a href=\"javascript:void(0);\" class=\"espacios\">Parques y \u00e1reas recreativas<\/a>\n              \t                      \t<\/div>        \n      \n              \n\n            \t\t      \t\t\t<div class=\"uc_post_title\"><a class=\"\" href='http:\/\/bosquedechapultepec.mx:9000\/bosquedechapultepec\/espacios\/galerias-abiertas\/' target=\"_self\"><div class=\"ue_p_title\">Galer\u00edas Abiertas de las Rejas de Chapultepec<\/div><\/a><\/div>\n      \t\t      \t\n                      \n       \n      \n  <div class=\"ue-meta-data\">\n            \n                \t    \n                \n        \n\t\n                \n                \n                \n                \n    \t\t\t\n      \n            \n  <\/div>\t\n      \t<div class=\"uc_post_text\">Galer\u00edas Abiertas de las Rejas de Chapultepec\n\n\n\n\n\nSobre las rejas de la Primera Secci\u00f3n, a lo largo...<\/div>\n     \n                 \n                            \n                                  \n     <\/div>                      \n           <div class=\"uc_post_button\">\n        \n        <a class=\"uc_more_btn \" target=\"_self\" href='http:\/\/bosquedechapultepec.mx:9000\/bosquedechapultepec\/espacios\/galerias-abiertas\/'>\n          <div class=\"uc_btn_inner\">\n            <div class=\"uc_btn_txt\"><\/div>\n                      <\/div>\n      \t<\/a>\n        \n                \n      <\/div>                           \n \t<\/div>  <\/div>      \n  <a class=\"ue_post_full_link \" href='http:\/\/bosquedechapultepec.mx:9000\/bosquedechapultepec\/espacios\/galerias-abiertas\/' target=\"_self\"><\/a>      \n<\/div>\n\n\n\n\n<div id=\"uc_post_grid_elementor_4a42e3d_item64\" class=\"uc_post_grid_style_one_item ue_post_grid_item ue-item \">\n  \n      <a class=\"uc_post_grid_style_one_image \" href='http:\/\/bosquedechapultepec.mx:9000\/bosquedechapultepec\/espacios\/calzada-juventud-heroica\/' target=\"_self\">\n    <div class=\"uc_post_image\">\n      <img decoding=\"async\" src=\"http:\/\/bosquedechapultepec.mx:9000\/bosquedechapultepec\/wp-content\/uploads\/2024\/01\/juventud-heroica-small.jpg\" >\n      <div class=\"uc_post_image_overlay\"><\/div>\n    <\/div>\n  <\/a>\n \n  <div class=\"uc_content\">\n    <div class=\"uc_content_inner\">\n      <div class=\"uc_content-info-wrapper\" >\n        \n                 \n        \t        \t\t  \n        \t        \n        \t<div class=\"ue-grid-item-category\">\n                            \t              \t\t<a href=\"javascript:void(0);\" class=\"espacios\">Galer\u00edas<\/a>\n              \t                      \t<\/div>        \n      \n              \n\n            \t\t      \t\t\t<div class=\"uc_post_title\"><a class=\"\" href='http:\/\/bosquedechapultepec.mx:9000\/bosquedechapultepec\/espacios\/calzada-juventud-heroica\/' target=\"_self\"><div class=\"ue_p_title\">Galer\u00eda Abierta Juventud Heroica<\/div><\/a><\/div>\n      \t\t      \t\n                      \n       \n      \n  <div class=\"ue-meta-data\">\n            \n                \t    \n                \n        \n\t\n                \n                \n                \n                \n    \t\t\t\n      \n            \n  <\/div>\t\n      \t<div class=\"uc_post_text\">Galer\u00eda Abierta Juventud Heroica\n\n\n\n\n\nLa Calzada Juventud Heroica ofrece una experiencia art\u00edstica \u00fanica...<\/div>\n     \n                 \n                            \n                                  \n     <\/div>                      \n           <div class=\"uc_post_button\">\n        \n        <a class=\"uc_more_btn \" target=\"_self\" href='http:\/\/bosquedechapultepec.mx:9000\/bosquedechapultepec\/espacios\/calzada-juventud-heroica\/'>\n          <div class=\"uc_btn_inner\">\n            <div class=\"uc_btn_txt\"><\/div>\n                      <\/div>\n      \t<\/a>\n        \n                \n      <\/div>                           \n \t<\/div>  <\/div>      \n  <a class=\"ue_post_full_link \" href='http:\/\/bosquedechapultepec.mx:9000\/bosquedechapultepec\/espacios\/calzada-juventud-heroica\/' target=\"_self\"><\/a>      \n<\/div>\n\n\n\n\n<div id=\"uc_post_grid_elementor_4a42e3d_item65\" class=\"uc_post_grid_style_one_item ue_post_grid_item ue-item \">\n  \n      <a class=\"uc_post_grid_style_one_image \" href='http:\/\/bosquedechapultepec.mx:9000\/bosquedechapultepec\/espacios\/quinta-colorada\/' target=\"_self\">\n    <div class=\"uc_post_image\">\n      <img decoding=\"async\" src=\"http:\/\/bosquedechapultepec.mx:9000\/bosquedechapultepec\/wp-content\/uploads\/2024\/01\/IMG_6985-scaled-1.jpg\" >\n      <div class=\"uc_post_image_overlay\"><\/div>\n    <\/div>\n  <\/a>\n \n  <div class=\"uc_content\">\n    <div class=\"uc_content_inner\">\n      <div class=\"uc_content-info-wrapper\" >\n        \n                 \n        \t        \t\t  \n        \t        \n        \t<div class=\"ue-grid-item-category\">\n                            \t              \t\t<a href=\"javascript:void(0);\" class=\"espacios\">Recintos culturales<\/a>\n              \t                      \t<\/div>        \n      \n              \n\n            \t\t      \t\t\t<div class=\"uc_post_title\"><a class=\"\" href='http:\/\/bosquedechapultepec.mx:9000\/bosquedechapultepec\/espacios\/quinta-colorada\/' target=\"_self\"><div class=\"ue_p_title\">Quinta Colorada<\/div><\/a><\/div>\n      \t\t      \t\n                      \n       \n      \n  <div class=\"ue-meta-data\">\n            \n                \t    \n                \n        \n\t\n                \n                \n                \n                \n    \t\t\t\n      \n            \n  <\/div>\t\n      \t<div class=\"uc_post_text\">Quinta Colorada\n\n\n\n\n\nSe trata un espacio cultural que alberga exposiciones, presentaciones de libros,...<\/div>\n     \n                 \n                            \n                                  \n     <\/div>                      \n           <div class=\"uc_post_button\">\n        \n        <a class=\"uc_more_btn \" target=\"_self\" href='http:\/\/bosquedechapultepec.mx:9000\/bosquedechapultepec\/espacios\/quinta-colorada\/'>\n          <div class=\"uc_btn_inner\">\n            <div class=\"uc_btn_txt\"><\/div>\n                      <\/div>\n      \t<\/a>\n        \n                \n      <\/div>                           \n \t<\/div>  <\/div>      \n  <a class=\"ue_post_full_link \" href='http:\/\/bosquedechapultepec.mx:9000\/bosquedechapultepec\/espacios\/quinta-colorada\/' target=\"_self\"><\/a>      \n<\/div>\n\n\n\n\n<div id=\"uc_post_grid_elementor_4a42e3d_item66\" class=\"uc_post_grid_style_one_item ue_post_grid_item ue-item \">\n  \n      <a class=\"uc_post_grid_style_one_image \" href='http:\/\/bosquedechapultepec.mx:9000\/bosquedechapultepec\/espacios\/jardin-de-adultos-mayores\/' target=\"_self\">\n    <div class=\"uc_post_image\">\n      <img decoding=\"async\" src=\"http:\/\/bosquedechapultepec.mx:9000\/bosquedechapultepec\/wp-content\/uploads\/2024\/01\/jardin-adultos-mayores-thumb.jpg\" >\n      <div class=\"uc_post_image_overlay\"><\/div>\n    <\/div>\n  <\/a>\n \n  <div class=\"uc_content\">\n    <div class=\"uc_content_inner\">\n      <div class=\"uc_content-info-wrapper\" >\n        \n                 \n        \t        \t\t  \n        \t        \n        \t<div class=\"ue-grid-item-category\">\n                            \t              \t\t<a href=\"javascript:void(0);\" class=\"espacios\">Recintos culturales<\/a>\n              \t                      \t<\/div>        \n      \n              \n\n            \t\t      \t\t\t<div class=\"uc_post_title\"><a class=\"\" href='http:\/\/bosquedechapultepec.mx:9000\/bosquedechapultepec\/espacios\/jardin-de-adultos-mayores\/' target=\"_self\"><div class=\"ue_p_title\">Jard\u00edn de Adultos Mayores \u201cEuquerio Guerrero\u201d<\/div><\/a><\/div>\n      \t\t      \t\n                      \n       \n      \n  <div class=\"ue-meta-data\">\n            \n                \t    \n                \n        \n\t\n                \n                \n                \n                \n    \t\t\t\n      \n            \n  <\/div>\t\n      \t<div class=\"uc_post_text\">Jard\u00edn de Adultos Mayores \u201cEuquerio Guerrero\u201d\n\n\n\n\n\nEl Jard\u00edn de Adultos Mayores ofrece una alternativa...<\/div>\n     \n                 \n                            \n                                  \n     <\/div>                      \n           <div class=\"uc_post_button\">\n        \n        <a class=\"uc_more_btn \" target=\"_self\" href='http:\/\/bosquedechapultepec.mx:9000\/bosquedechapultepec\/espacios\/jardin-de-adultos-mayores\/'>\n          <div class=\"uc_btn_inner\">\n            <div class=\"uc_btn_txt\"><\/div>\n                      <\/div>\n      \t<\/a>\n        \n                \n      <\/div>                           \n \t<\/div>  <\/div>      \n  <a class=\"ue_post_full_link \" href='http:\/\/bosquedechapultepec.mx:9000\/bosquedechapultepec\/espacios\/jardin-de-adultos-mayores\/' target=\"_self\"><\/a>      \n<\/div>\n\n\n\n\n<div id=\"uc_post_grid_elementor_4a42e3d_item67\" class=\"uc_post_grid_style_one_item ue_post_grid_item ue-item \">\n  \n      <a class=\"uc_post_grid_style_one_image \" href='http:\/\/bosquedechapultepec.mx:9000\/bosquedechapultepec\/espacios\/jardin-botanico\/' target=\"_self\">\n    <div class=\"uc_post_image\">\n      <img decoding=\"async\" src=\"http:\/\/bosquedechapultepec.mx:9000\/bosquedechapultepec\/wp-content\/uploads\/2024\/01\/MG_7306-scaled.jpg\" >\n      <div class=\"uc_post_image_overlay\"><\/div>\n    <\/div>\n  <\/a>\n \n  <div class=\"uc_content\">\n    <div class=\"uc_content_inner\">\n      <div class=\"uc_content-info-wrapper\" >\n        \n                 \n        \t        \t\t  \n        \t        \n        \t<div class=\"ue-grid-item-category\">\n                            \t              \t\t<a href=\"javascript:void(0);\" class=\"espacios\">Parques y \u00e1reas recreativas<\/a>\n              \t                      \t<\/div>        \n      \n              \n\n            \t\t      \t\t\t<div class=\"uc_post_title\"><a class=\"\" href='http:\/\/bosquedechapultepec.mx:9000\/bosquedechapultepec\/espacios\/jardin-botanico\/' target=\"_self\"><div class=\"ue_p_title\">Jard\u00edn Bot\u00e1nico<\/div><\/a><\/div>\n      \t\t      \t\n                      \n       \n      \n  <div class=\"ue-meta-data\">\n            \n                \t    \n                \n        \n\t\n                \n                \n                \n                \n    \t\t\t\n      \n            \n  <\/div>\t\n      \t<div class=\"uc_post_text\">Jard\u00edn Bot\u00e1nico\n\n\n\n\n\nInaugurado en 2006, este oasis verde se extiende a lo largo de 5.3 hect\u00e1reas, albergando...<\/div>\n     \n                 \n                            \n                                  \n     <\/div>                      \n           <div class=\"uc_post_button\">\n        \n        <a class=\"uc_more_btn \" target=\"_self\" href='http:\/\/bosquedechapultepec.mx:9000\/bosquedechapultepec\/espacios\/jardin-botanico\/'>\n          <div class=\"uc_btn_inner\">\n            <div class=\"uc_btn_txt\"><\/div>\n                      <\/div>\n      \t<\/a>\n        \n                \n      <\/div>                           \n \t<\/div>  <\/div>      \n  <a class=\"ue_post_full_link \" href='http:\/\/bosquedechapultepec.mx:9000\/bosquedechapultepec\/espacios\/jardin-botanico\/' target=\"_self\"><\/a>      \n<\/div>\n\n\n\n\n<div id=\"uc_post_grid_elementor_4a42e3d_item68\" class=\"uc_post_grid_style_one_item ue_post_grid_item ue-item \">\n  \n      <a class=\"uc_post_grid_style_one_image \" href='http:\/\/bosquedechapultepec.mx:9000\/bosquedechapultepec\/espacios\/audiorama-chapultepec\/' target=\"_self\">\n    <div class=\"uc_post_image\">\n      <img decoding=\"async\" src=\"http:\/\/bosquedechapultepec.mx:9000\/bosquedechapultepec\/wp-content\/uploads\/2024\/01\/audiorama-thumb-2-1.jpg\" >\n      <div class=\"uc_post_image_overlay\"><\/div>\n    <\/div>\n  <\/a>\n \n  <div class=\"uc_content\">\n    <div class=\"uc_content_inner\">\n      <div class=\"uc_content-info-wrapper\" >\n        \n                 \n        \t        \t\t  \n        \t        \n        \t<div class=\"ue-grid-item-category\">\n                            \t              \t\t<a href=\"javascript:void(0);\" class=\"espacios\">Parques y \u00e1reas recreativas<\/a>\n              \t                      \t<\/div>        \n      \n              \n\n            \t\t      \t\t\t<div class=\"uc_post_title\"><a class=\"\" href='http:\/\/bosquedechapultepec.mx:9000\/bosquedechapultepec\/espacios\/audiorama-chapultepec\/' target=\"_self\"><div class=\"ue_p_title\">Audiorama<\/div><\/a><\/div>\n      \t\t      \t\n                      \n       \n      \n  <div class=\"ue-meta-data\">\n            \n                \t    \n                \n        \n\t\n                \n                \n                \n                \n    \t\t\t\n      \n            \n  <\/div>\t\n      \t<div class=\"uc_post_text\">Audiorama\n\n\n\n\n\nInaugurado en 1972, el Audiorama es un rinc\u00f3n del Bosque dise\u00f1ado para escuchar m\u00fasica...<\/div>\n     \n                 \n                            \n                                  \n     <\/div>                      \n           <div class=\"uc_post_button\">\n        \n        <a class=\"uc_more_btn \" target=\"_self\" href='http:\/\/bosquedechapultepec.mx:9000\/bosquedechapultepec\/espacios\/audiorama-chapultepec\/'>\n          <div class=\"uc_btn_inner\">\n            <div class=\"uc_btn_txt\"><\/div>\n                      <\/div>\n      \t<\/a>\n        \n                \n      <\/div>                           \n \t<\/div>  <\/div>      \n  <a class=\"ue_post_full_link \" href='http:\/\/bosquedechapultepec.mx:9000\/bosquedechapultepec\/espacios\/audiorama-chapultepec\/' target=\"_self\"><\/a>      \n<\/div>\n\n\t\t<\/div>\n\t<\/div>\n\n\n\n  <div id=\"uc_post_grid_elementor_4a42e3d_empty_message\" class=\"ue-no-posts-found\"  style=\"display:none\" >No posts found<\/div>\n\n\n<!-- end Post Grid -->\t\t\t\t<\/div>\n\t\t\t\t<\/div>\n\t\t\t\t\t<\/div>\n\t\t\t\t<\/div>\n\t\t\t\t<\/div>\n\t\t\t\t<\/div>\n\t\t","protected":false},"excerpt":{"rendered":"<p>Primera Secci\u00f3n El &#8220;Bosque Viejo&#8221;, tiene una extensi\u00f3n de 273.83 hect\u00e1reas y una vocaci\u00f3n cultural e hist\u00f3rica Espacios Primera secci\u00f3n Noticias Segunda secci\u00f3n Parques y \u00e1reas recreativas Cartelera Tercera secci\u00f3n Fuentes Monumentos Parques y \u00e1reas recreativas Parques y \u00e1reas recreativas Recorridos Fuentes Recintos culturales Cuarta secci\u00f3n Recintos culturales Museos Recintos culturales Talleres Recintos culturales Restaurantes [&hellip;]<\/p>\n","protected":false},"author":1,"featured_media":0,"parent":0,"menu_order":0,"comment_status":"closed","ping_status":"closed","template":"elementor_header_footer","meta":{"_acf_changed":false,"inline_featured_image":false,"footnotes":""},"class_list":["post-3797","page","type-page","status-publish","hentry"],"acf":[],"_links":{"self":[{"href":"http:\/\/bosquedechapultepec.mx:9000\/bosquedechapultepec\/wp-json\/wp\/v2\/pages\/3797","targetHints":{"allow":["GET"]}}],"collection":[{"href":"http:\/\/bosquedechapultepec.mx:9000\/bosquedechapultepec\/wp-json\/wp\/v2\/pages"}],"about":[{"href":"http:\/\/bosquedechapultepec.mx:9000\/bosquedechapultepec\/wp-json\/wp\/v2\/types\/page"}],"author":[{"embeddable":true,"href":"http:\/\/bosquedechapultepec.mx:9000\/bosquedechapultepec\/wp-json\/wp\/v2\/users\/1"}],"replies":[{"embeddable":true,"href":"http:\/\/bosquedechapultepec.mx:9000\/bosquedechapultepec\/wp-json\/wp\/v2\/comments?post=3797"}],"version-history":[{"count":0,"href":"http:\/\/bosquedechapultepec.mx:9000\/bosquedechapultepec\/wp-json\/wp\/v2\/pages\/3797\/revisions"}],"wp:attachment":[{"href":"http:\/\/bosquedechapultepec.mx:9000\/bosquedechapultepec\/wp-json\/wp\/v2\/media?parent=3797"}],"curies":[{"name":"wp","href":"https:\/\/api.w.org\/{rel}","templated":true}]}}