{"id":896,"date":"2024-01-25T22:17:56","date_gmt":"2024-01-26T04:17:56","guid":{"rendered":"http:\/\/data.sedema.cdmx.gob.mx:9000\/bosquedechapultepec\/?post_type=espacios&#038;p=896"},"modified":"2025-07-23T19:40:36","modified_gmt":"2025-07-24T00:40:36","slug":"tribuna-monumental","status":"publish","type":"espacios","link":"http:\/\/bosquedechapultepec.mx:9000\/bosquedechapultepec\/espacios\/tribuna-monumental\/","title":{"rendered":"Tribuna Monumental a las \u00c1guilas Ca\u00eddas"},"content":{"rendered":"\n<div class=\"wp-block-columns is-layout-flex wp-container-core-columns-is-layout-9d6595d7 wp-block-columns-is-layout-flex\">\n<div class=\"wp-block-column is-layout-flow wp-block-column-is-layout-flow\">\n<h2 class=\"wp-block-heading sm:text-3xl md:text-3xl lg:text-4xl xl:text-4xl\"><strong>Tribuna Monumental a las \u00c1guilas Ca\u00eddas<\/strong><\/h2>\n\n\n\n<div style=\"height:20px\" aria-hidden=\"true\" class=\"wp-block-spacer\"><\/div>\n\n\n\n<p>La Tribuna Monumental rinde homenaje a los h\u00e9roes del ej\u00e9rcito mexicano que valientemente lucharon en el frente del Pac\u00edfico durante la Segunda Guerra Mundial, formando parte del Escuadr\u00f3n 201.<br><br>Este espacio, con su forma de hemiciclo y escalones que evocan una tribuna romana, data de principios del Siglo XX y es obra del arquitecto Nicol\u00e1s Mariscal. <\/p>\n\n\n\n<p>En el muro principal de la estructura, unas placas de bronce inmortalizan los nombres de los integrantes de dicho escuadr\u00f3n, mientras que en los dos pilares descansan los restos del Teniente Jos\u00e9 Espinosa Fuentes y el Sub Teniente Mario L\u00f3pez Portillo.<br><br><strong>Horario:<\/strong><br>Sujeto al horario de la Primera Secci\u00f3n<br><br><strong>Ubicaci\u00f3n:<\/strong><br><a href=\"https:\/\/maps.app.goo.gl\/WEencNbNvfhE7R3c7\"><mark style=\"background-color:rgba(0, 0, 0, 0)\" class=\"has-inline-color has-black-color\">Calzada del Rey, Primera Secci\u00f3n del Bosque de Chapultepec.<\/mark><\/a><\/p>\n<\/div>\n<\/div>\n","protected":false},"menu_order":0,"template":"","format":"standard","meta":{"_acf_changed":true,"inline_featured_image":false},"categories":[5,17,3],"tags":[],"class_list":["post-896","espacios","type-espacios","status-publish","format-standard","hentry","category-espacios","category-monumentos-primera-seccion","category-primera-seccion"],"acf":[],"_links":{"self":[{"href":"http:\/\/bosquedechapultepec.mx:9000\/bosquedechapultepec\/wp-json\/wp\/v2\/espacios\/896","targetHints":{"allow":["GET"]}}],"collection":[{"href":"http:\/\/bosquedechapultepec.mx:9000\/bosquedechapultepec\/wp-json\/wp\/v2\/espacios"}],"about":[{"href":"http:\/\/bosquedechapultepec.mx:9000\/bosquedechapultepec\/wp-json\/wp\/v2\/types\/espacios"}],"wp:attachment":[{"href":"http:\/\/bosquedechapultepec.mx:9000\/bosquedechapultepec\/wp-json\/wp\/v2\/media?parent=896"}],"wp:term":[{"taxonomy":"category","embeddable":true,"href":"http:\/\/bosquedechapultepec.mx:9000\/bosquedechapultepec\/wp-json\/wp\/v2\/categories?post=896"},{"taxonomy":"post_tag","embeddable":true,"href":"http:\/\/bosquedechapultepec.mx:9000\/bosquedechapultepec\/wp-json\/wp\/v2\/tags?post=896"}],"curies":[{"name":"wp","href":"https:\/\/api.w.org\/{rel}","templated":true}]}}