{"id":894,"date":"2024-01-25T22:13:08","date_gmt":"2024-01-26T04:13:08","guid":{"rendered":"http:\/\/data.sedema.cdmx.gob.mx:9000\/bosquedechapultepec\/?post_type=espacios&#038;p=894"},"modified":"2025-07-23T19:39:42","modified_gmt":"2025-07-24T00:39:42","slug":"totem-canadiense","status":"publish","type":"espacios","link":"http:\/\/bosquedechapultepec.mx:9000\/bosquedechapultepec\/espacios\/totem-canadiense\/","title":{"rendered":"T\u00f3tem Canadiense"},"content":{"rendered":"\n<div class=\"wp-block-columns is-layout-flex wp-container-core-columns-is-layout-9d6595d7 wp-block-columns-is-layout-flex\">\n<div class=\"wp-block-column is-layout-flow wp-block-column-is-layout-flow\">\n<h2 class=\"wp-block-heading sm:text-3xl md:text-3xl lg:text-4xl xl:text-4xl\"><strong><strong>T\u00f3tem Canadiense<\/strong><\/strong><\/h2>\n\n\n\n<div style=\"height:20px\" aria-hidden=\"true\" class=\"wp-block-spacer\"><\/div>\n\n\n\n<p>Los t\u00f3tems son tallados por los pueblos originarios del noroeste de las costas canadienses, siendo un testimonio visual de su historia, linaje y la conexi\u00f3n con las fuerzas misteriosas de la naturaleza.<br><br>Esta escultura de madera fue un regalo de Canad\u00e1 para el pueblo mexicano en 1960, como conmemoraci\u00f3n de los 150 a\u00f1os del inicio de la lucha de la independencia de nuestro pa\u00eds.<br><br>En 2014, con motivo del 70 aniversario de las relaciones M\u00e9xico-Canad\u00e1, se llev\u00f3 a cabo su restauraci\u00f3n, lo que le devolvi\u00f3 su valor hist\u00f3rico y est\u00e9tico.<br><br><strong>Horario:<\/strong><br>Sujeto al horario de la Primera Secci\u00f3n<br><br><strong>Ubicaci\u00f3n:<\/strong><br><a href=\"https:\/\/maps.app.goo.gl\/QoiPxtJq9MJ656e18\"><mark style=\"background-color:rgba(0, 0, 0, 0)\" class=\"has-inline-color has-black-color\">Calzada del Rey, Primera Secci\u00f3n del Bosque de Chapultepec.<\/mark><\/a><\/p>\n\n\n\n<div style=\"height:20px\" aria-hidden=\"true\" class=\"wp-block-spacer\"><\/div>\n<\/div>\n<\/div>\n","protected":false},"menu_order":0,"template":"","format":"standard","meta":{"_acf_changed":false,"inline_featured_image":false},"categories":[5,17,3],"tags":[],"class_list":["post-894","espacios","type-espacios","status-publish","format-standard","hentry","category-espacios","category-monumentos-primera-seccion","category-primera-seccion"],"acf":[],"_links":{"self":[{"href":"http:\/\/bosquedechapultepec.mx:9000\/bosquedechapultepec\/wp-json\/wp\/v2\/espacios\/894","targetHints":{"allow":["GET"]}}],"collection":[{"href":"http:\/\/bosquedechapultepec.mx:9000\/bosquedechapultepec\/wp-json\/wp\/v2\/espacios"}],"about":[{"href":"http:\/\/bosquedechapultepec.mx:9000\/bosquedechapultepec\/wp-json\/wp\/v2\/types\/espacios"}],"wp:attachment":[{"href":"http:\/\/bosquedechapultepec.mx:9000\/bosquedechapultepec\/wp-json\/wp\/v2\/media?parent=894"}],"wp:term":[{"taxonomy":"category","embeddable":true,"href":"http:\/\/bosquedechapultepec.mx:9000\/bosquedechapultepec\/wp-json\/wp\/v2\/categories?post=894"},{"taxonomy":"post_tag","embeddable":true,"href":"http:\/\/bosquedechapultepec.mx:9000\/bosquedechapultepec\/wp-json\/wp\/v2\/tags?post=894"}],"curies":[{"name":"wp","href":"https:\/\/api.w.org\/{rel}","templated":true}]}}